{"id":93,"date":"2019-06-19T17:12:52","date_gmt":"2019-06-19T15:12:52","guid":{"rendered":"http:\/\/maisonateliervirginiebecourt.com\/?page_id=93"},"modified":"2025-03-13T15:06:48","modified_gmt":"2025-03-13T14:06:48","slug":"parures-sculptures","status":"publish","type":"page","link":"https:\/\/virginiebecourt.com\/index.php\/creations-2\/parures-sculptures\/","title":{"rendered":"Sculptures"},"content":{"rendered":"\n<p class=\"has-text-align-center\">H\u00eatre &#8211; Arbre de vie<\/p>\n\n\n\n<!-- default-view.php -->\n<div\n\tclass=\"ngg-galleryoverview default-view \"\n\tid=\"ngg-gallery-d68d71e28ab0561257d48f5f3635cef3-1\">\n\n\t\t<!-- Thumbnails -->\n\t\t\t\t<div id=\"ngg-image-0\" class=\"ngg-gallery-thumbnail-box \" >\n\t\t\t\t        <div class=\"ngg-gallery-thumbnail\">\n            <a href=\"https:\/\/virginiebecourt.com\/wp-content\/gallery\/hetre-arbre-de-vie\/He%CC%82tre-1.jpg\"\n               title=\"Femme For\u00eat, livre de Ana\u00efs Barbeau-Lavalette.  M\u00e9taphore du vocabulaire entre \t\tcelui de l\u2019arbre et celui des \u00e9motions et des sentiments humains.\n\t\t\u00ab J\u2019avance dans la for\u00eat, j\u2019essaie de d\u00e9m\u00ealer les n\u0153uds qu\u2019il me reste. Les arbres \t\tgu\u00e9rissent les humains. C\u2019est prouv\u00e9\u2026 \u00bb\n\n\t\tLa for\u00eat est un \u00e9cosyst\u00e8me tout comme l\u2019\u00eatre humain. Prendre soin.\n\t\t\n\t\t\u00c9criture de plis et de n\u0153uds, cousu pli par pli, serg\u00e9 de coton.\n\t\tSculpture de m\u00e9tal martel\u00e9 et soud\u00e9.\nL. 75 cm \/ P. 33 cm \/ H. 31 cm\"\n               data-src=\"https:\/\/virginiebecourt.com\/wp-content\/gallery\/hetre-arbre-de-vie\/He%CC%82tre-1.jpg\"\n               data-thumbnail=\"https:\/\/virginiebecourt.com\/wp-content\/gallery\/hetre-arbre-de-vie\/thumbs\/thumbs_He%CC%82tre-1.jpg\"\n               data-image-id=\"378\"\n               data-title=\"He\u0302tre - Arbre de vie\"\n               data-description=\"Femme For\u00eat, livre de Ana\u00efs Barbeau-Lavalette.  M\u00e9taphore du vocabulaire entre \t\tcelui de l\u2019arbre et celui des \u00e9motions et des sentiments humains.\n\t\t\u00ab J\u2019avance dans la for\u00eat, j\u2019essaie de d\u00e9m\u00ealer les n\u0153uds qu\u2019il me reste. Les arbres \t\tgu\u00e9rissent les humains. C\u2019est prouv\u00e9\u2026 \u00bb\n\n\t\tLa for\u00eat est un \u00e9cosyst\u00e8me tout comme l\u2019\u00eatre humain. Prendre soin.\n\t\t\n\t\t\u00c9criture de plis et de n\u0153uds, cousu pli par pli, serg\u00e9 de coton.\n\t\tSculpture de m\u00e9tal martel\u00e9 et soud\u00e9.\nL. 75 cm \/ P. 33 cm \/ H. 31 cm\"\n               data-image-slug=\"he%cc%82tre-1\"\n               class=\"ngg-fancybox\" rel=\"d68d71e28ab0561257d48f5f3635cef3\">\n                <img\n                    title=\"He\u0302tre - Arbre de vie\"\n                    alt=\"He\u0302tre - Arbre de vie\"\n                    src=\"https:\/\/virginiebecourt.com\/wp-content\/gallery\/hetre-arbre-de-vie\/thumbs\/thumbs_He%CC%82tre-1.jpg\"\n                    width=\"240\"\n                    height=\"160\"\n                    style=\"max-width:100%;\"\n                \/>\n            <\/a>\n        <\/div>\n\t\t\t\t\t\t\t<\/div> \n\t\t\t\n\t\t\t\t<div id=\"ngg-image-1\" class=\"ngg-gallery-thumbnail-box \" >\n\t\t\t\t        <div class=\"ngg-gallery-thumbnail\">\n            <a href=\"https:\/\/virginiebecourt.com\/wp-content\/gallery\/hetre-arbre-de-vie\/He%CC%82tre-4.jpg\"\n               title=\"Femme For\u00eat, livre de Ana\u00efs Barbeau-Lavalette.  M\u00e9taphore du vocabulaire entre \t\tcelui de l\u2019arbre et celui des \u00e9motions et des sentiments humains.\n\t\t\u00ab J\u2019avance dans la for\u00eat, j\u2019essaie de d\u00e9m\u00ealer les n\u0153uds qu\u2019il me reste. Les arbres \t\tgu\u00e9rissent les humains. C\u2019est prouv\u00e9\u2026 \u00bb\n\n\t\tLa for\u00eat est un \u00e9cosyst\u00e8me tout comme l\u2019\u00eatre humain. Prendre soin.\n\t\t\n\t\t\u00c9criture de plis et de n\u0153uds, cousu pli par pli, serg\u00e9 de coton.\n\t\tSculpture de m\u00e9tal martel\u00e9 et soud\u00e9.\nL. 75 cm \/ P. 33 cm \/ H. 31 cm\"\n               data-src=\"https:\/\/virginiebecourt.com\/wp-content\/gallery\/hetre-arbre-de-vie\/He%CC%82tre-4.jpg\"\n               data-thumbnail=\"https:\/\/virginiebecourt.com\/wp-content\/gallery\/hetre-arbre-de-vie\/thumbs\/thumbs_He%CC%82tre-4.jpg\"\n               data-image-id=\"377\"\n               data-title=\"He\u0302tre - Arbre de vie\"\n               data-description=\"Femme For\u00eat, livre de Ana\u00efs Barbeau-Lavalette.  M\u00e9taphore du vocabulaire entre \t\tcelui de l\u2019arbre et celui des \u00e9motions et des sentiments humains.\n\t\t\u00ab J\u2019avance dans la for\u00eat, j\u2019essaie de d\u00e9m\u00ealer les n\u0153uds qu\u2019il me reste. Les arbres \t\tgu\u00e9rissent les humains. C\u2019est prouv\u00e9\u2026 \u00bb\n\n\t\tLa for\u00eat est un \u00e9cosyst\u00e8me tout comme l\u2019\u00eatre humain. Prendre soin.\n\t\t\n\t\t\u00c9criture de plis et de n\u0153uds, cousu pli par pli, serg\u00e9 de coton.\n\t\tSculpture de m\u00e9tal martel\u00e9 et soud\u00e9.\nL. 75 cm \/ P. 33 cm \/ H. 31 cm\"\n               data-image-slug=\"he%cc%82tre-4\"\n               class=\"ngg-fancybox\" rel=\"d68d71e28ab0561257d48f5f3635cef3\">\n                <img\n                    title=\"He\u0302tre - Arbre de vie\"\n                    alt=\"He\u0302tre - Arbre de vie\"\n                    src=\"https:\/\/virginiebecourt.com\/wp-content\/gallery\/hetre-arbre-de-vie\/thumbs\/thumbs_He%CC%82tre-4.jpg\"\n                    width=\"240\"\n                    height=\"160\"\n                    style=\"max-width:100%;\"\n                \/>\n            <\/a>\n        <\/div>\n\t\t\t\t\t\t\t<\/div> \n\t\t\t\n\t\t\t\t<div id=\"ngg-image-2\" class=\"ngg-gallery-thumbnail-box \" >\n\t\t\t\t        <div class=\"ngg-gallery-thumbnail\">\n            <a href=\"https:\/\/virginiebecourt.com\/wp-content\/gallery\/hetre-arbre-de-vie\/He%CC%82tre-5.jpg\"\n               title=\"Femme For\u00eat, livre de Ana\u00efs Barbeau-Lavalette.  M\u00e9taphore du vocabulaire entre \t\tcelui de l\u2019arbre et celui des \u00e9motions et des sentiments humains.\n\t\t\u00ab J\u2019avance dans la for\u00eat, j\u2019essaie de d\u00e9m\u00ealer les n\u0153uds qu\u2019il me reste. Les arbres \t\tgu\u00e9rissent les humains. C\u2019est prouv\u00e9\u2026 \u00bb\n\n\t\tLa for\u00eat est un \u00e9cosyst\u00e8me tout comme l\u2019\u00eatre humain. Prendre soin.\n\t\t\n\t\t\u00c9criture de plis et de n\u0153uds, cousu pli par pli, serg\u00e9 de coton.\n\t\tSculpture de m\u00e9tal martel\u00e9 et soud\u00e9.\nL. 75 cm \/ P. 33 cm \/ H. 31 cm\"\n               data-src=\"https:\/\/virginiebecourt.com\/wp-content\/gallery\/hetre-arbre-de-vie\/He%CC%82tre-5.jpg\"\n               data-thumbnail=\"https:\/\/virginiebecourt.com\/wp-content\/gallery\/hetre-arbre-de-vie\/thumbs\/thumbs_He%CC%82tre-5.jpg\"\n               data-image-id=\"376\"\n               data-title=\"He\u0302tre - Arbre de vie\"\n               data-description=\"Femme For\u00eat, livre de Ana\u00efs Barbeau-Lavalette.  M\u00e9taphore du vocabulaire entre \t\tcelui de l\u2019arbre et celui des \u00e9motions et des sentiments humains.\n\t\t\u00ab J\u2019avance dans la for\u00eat, j\u2019essaie de d\u00e9m\u00ealer les n\u0153uds qu\u2019il me reste. Les arbres \t\tgu\u00e9rissent les humains. C\u2019est prouv\u00e9\u2026 \u00bb\n\n\t\tLa for\u00eat est un \u00e9cosyst\u00e8me tout comme l\u2019\u00eatre humain. Prendre soin.\n\t\t\n\t\t\u00c9criture de plis et de n\u0153uds, cousu pli par pli, serg\u00e9 de coton.\n\t\tSculpture de m\u00e9tal martel\u00e9 et soud\u00e9.\nL. 75 cm \/ P. 33 cm \/ H. 31 cm\"\n               data-image-slug=\"he%cc%82tre-5\"\n               class=\"ngg-fancybox\" rel=\"d68d71e28ab0561257d48f5f3635cef3\">\n                <img\n                    title=\"He\u0302tre - Arbre de vie\"\n                    alt=\"He\u0302tre - Arbre de vie\"\n                    src=\"https:\/\/virginiebecourt.com\/wp-content\/gallery\/hetre-arbre-de-vie\/thumbs\/thumbs_He%CC%82tre-5.jpg\"\n                    width=\"240\"\n                    height=\"160\"\n                    style=\"max-width:100%;\"\n                \/>\n            <\/a>\n        <\/div>\n\t\t\t\t\t\t\t<\/div> \n\t\t\t\n\t\t\t\t<div id=\"ngg-image-3\" class=\"ngg-gallery-thumbnail-box \" >\n\t\t\t\t        <div class=\"ngg-gallery-thumbnail\">\n            <a href=\"https:\/\/virginiebecourt.com\/wp-content\/gallery\/hetre-arbre-de-vie\/He%CC%82tre-6.jpg\"\n               title=\"Femme For\u00eat, livre de Ana\u00efs Barbeau-Lavalette.  M\u00e9taphore du vocabulaire entre \t\tcelui de l\u2019arbre et celui des \u00e9motions et des sentiments humains.\n\t\t\u00ab J\u2019avance dans la for\u00eat, j\u2019essaie de d\u00e9m\u00ealer les n\u0153uds qu\u2019il me reste. Les arbres \t\tgu\u00e9rissent les humains. C\u2019est prouv\u00e9\u2026 \u00bb\n\n\t\tLa for\u00eat est un \u00e9cosyst\u00e8me tout comme l\u2019\u00eatre humain. Prendre soin.\n\t\t\n\t\t\u00c9criture de plis et de n\u0153uds, cousu pli par pli, serg\u00e9 de coton.\n\t\tSculpture de m\u00e9tal martel\u00e9 et soud\u00e9.\nL. 75 cm \/ P. 33 cm \/ H. 31 cm\"\n               data-src=\"https:\/\/virginiebecourt.com\/wp-content\/gallery\/hetre-arbre-de-vie\/He%CC%82tre-6.jpg\"\n               data-thumbnail=\"https:\/\/virginiebecourt.com\/wp-content\/gallery\/hetre-arbre-de-vie\/thumbs\/thumbs_He%CC%82tre-6.jpg\"\n               data-image-id=\"380\"\n               data-title=\"He\u0302tre - Arbre de vie\"\n               data-description=\"Femme For\u00eat, livre de Ana\u00efs Barbeau-Lavalette.  M\u00e9taphore du vocabulaire entre \t\tcelui de l\u2019arbre et celui des \u00e9motions et des sentiments humains.\n\t\t\u00ab J\u2019avance dans la for\u00eat, j\u2019essaie de d\u00e9m\u00ealer les n\u0153uds qu\u2019il me reste. Les arbres \t\tgu\u00e9rissent les humains. C\u2019est prouv\u00e9\u2026 \u00bb\n\n\t\tLa for\u00eat est un \u00e9cosyst\u00e8me tout comme l\u2019\u00eatre humain. Prendre soin.\n\t\t\n\t\t\u00c9criture de plis et de n\u0153uds, cousu pli par pli, serg\u00e9 de coton.\n\t\tSculpture de m\u00e9tal martel\u00e9 et soud\u00e9.\nL. 75 cm \/ P. 33 cm \/ H. 31 cm\"\n               data-image-slug=\"he%cc%82tre-6\"\n               class=\"ngg-fancybox\" rel=\"d68d71e28ab0561257d48f5f3635cef3\">\n                <img\n                    title=\"He\u0302tre - Arbre de vie\"\n                    alt=\"He\u0302tre - Arbre de vie\"\n                    src=\"https:\/\/virginiebecourt.com\/wp-content\/gallery\/hetre-arbre-de-vie\/thumbs\/thumbs_He%CC%82tre-6.jpg\"\n                    width=\"240\"\n                    height=\"160\"\n                    style=\"max-width:100%;\"\n                \/>\n            <\/a>\n        <\/div>\n\t\t\t\t\t\t\t<\/div> \n\t\t\t\n\t\t\t\t<div id=\"ngg-image-4\" class=\"ngg-gallery-thumbnail-box \" >\n\t\t\t\t        <div class=\"ngg-gallery-thumbnail\">\n            <a href=\"https:\/\/virginiebecourt.com\/wp-content\/gallery\/hetre-arbre-de-vie\/He%CC%82tre-9.jpg\"\n               title=\"Femme For\u00eat, livre de Ana\u00efs Barbeau-Lavalette.  M\u00e9taphore du vocabulaire entre \t\tcelui de l\u2019arbre et celui des \u00e9motions et des sentiments humains.\n\t\t\u00ab J\u2019avance dans la for\u00eat, j\u2019essaie de d\u00e9m\u00ealer les n\u0153uds qu\u2019il me reste. Les arbres \t\tgu\u00e9rissent les humains. C\u2019est prouv\u00e9\u2026 \u00bb\n\n\t\tLa for\u00eat est un \u00e9cosyst\u00e8me tout comme l\u2019\u00eatre humain. Prendre soin.\n\t\t\n\t\t\u00c9criture de plis et de n\u0153uds, cousu pli par pli, serg\u00e9 de coton.\n\t\tSculpture de m\u00e9tal martel\u00e9 et soud\u00e9.\nL. 75 cm \/ P. 33 cm \/ H. 31 cm\"\n               data-src=\"https:\/\/virginiebecourt.com\/wp-content\/gallery\/hetre-arbre-de-vie\/He%CC%82tre-9.jpg\"\n               data-thumbnail=\"https:\/\/virginiebecourt.com\/wp-content\/gallery\/hetre-arbre-de-vie\/thumbs\/thumbs_He%CC%82tre-9.jpg\"\n               data-image-id=\"379\"\n               data-title=\"He\u0302tre - Arbre de vie\"\n               data-description=\"Femme For\u00eat, livre de Ana\u00efs Barbeau-Lavalette.  M\u00e9taphore du vocabulaire entre \t\tcelui de l\u2019arbre et celui des \u00e9motions et des sentiments humains.\n\t\t\u00ab J\u2019avance dans la for\u00eat, j\u2019essaie de d\u00e9m\u00ealer les n\u0153uds qu\u2019il me reste. Les arbres \t\tgu\u00e9rissent les humains. C\u2019est prouv\u00e9\u2026 \u00bb\n\n\t\tLa for\u00eat est un \u00e9cosyst\u00e8me tout comme l\u2019\u00eatre humain. Prendre soin.\n\t\t\n\t\t\u00c9criture de plis et de n\u0153uds, cousu pli par pli, serg\u00e9 de coton.\n\t\tSculpture de m\u00e9tal martel\u00e9 et soud\u00e9.\nL. 75 cm \/ P. 33 cm \/ H. 31 cm\"\n               data-image-slug=\"he%cc%82tre-9\"\n               class=\"ngg-fancybox\" rel=\"d68d71e28ab0561257d48f5f3635cef3\">\n                <img\n                    title=\"He\u0302tre - Arbre de vie\"\n                    alt=\"He\u0302tre - Arbre de vie\"\n                    src=\"https:\/\/virginiebecourt.com\/wp-content\/gallery\/hetre-arbre-de-vie\/thumbs\/thumbs_He%CC%82tre-9.jpg\"\n                    width=\"240\"\n                    height=\"160\"\n                    style=\"max-width:100%;\"\n                \/>\n            <\/a>\n        <\/div>\n\t\t\t\t\t\t\t<\/div> \n\t\t\t\n\t\n\t<br style=\"clear: both\" \/>\n\n\t\n\t\t<!-- Pagination -->\n\t<div class='ngg-clear'><\/div>\t<\/div>\n\n\n\n\n<p class=\"has-text-align-center\">\u00c9corce<\/p>\n\n\n\n<!-- default-view.php -->\n<div\n\tclass=\"ngg-galleryoverview default-view \"\n\tid=\"ngg-gallery-5666b870d64652b5c8adf9a5fb72c267-1\">\n\n\t\t<!-- Thumbnails -->\n\t\t\t\t<div id=\"ngg-image-0\" class=\"ngg-gallery-thumbnail-box \" >\n\t\t\t\t        <div class=\"ngg-gallery-thumbnail\">\n            <a href=\"https:\/\/virginiebecourt.com\/wp-content\/gallery\/ecorce\/20230411_121901.jpg\"\n               title=\"Peau de protection vitale qui prot\u00e8ge la s\u00e8ve qui circule \u00e0 l\u2019int\u00e9rieur de l\u2019arbre.\nProt\u00e8ge les ressources pr\u00e9cieuses \u00e0 la vie.\nL\u2019\u00e9corce est aussi une mati\u00e8re de m\u00e9moire capable de pr\u00e9sence au-del\u00e0 de la dur\u00e9e de vie de l\u2019arbre lui-m\u00eame.\t\n\nTravail de plis de sangle de jute, cousu.\nFil, laiton, tissu moir\u00e9.\nL. 1m05 \/ l. 30 cm \/ H. 22 cm\"\n               data-src=\"https:\/\/virginiebecourt.com\/wp-content\/gallery\/ecorce\/20230411_121901.jpg\"\n               data-thumbnail=\"https:\/\/virginiebecourt.com\/wp-content\/gallery\/ecorce\/thumbs\/thumbs_20230411_121901.jpg\"\n               data-image-id=\"354\"\n               data-title=\"Ecorce\"\n               data-description=\"Peau de protection vitale qui prot\u00e8ge la s\u00e8ve qui circule \u00e0 l\u2019int\u00e9rieur de l\u2019arbre.\nProt\u00e8ge les ressources pr\u00e9cieuses \u00e0 la vie.\nL\u2019\u00e9corce est aussi une mati\u00e8re de m\u00e9moire capable de pr\u00e9sence au-del\u00e0 de la dur\u00e9e de vie de l\u2019arbre lui-m\u00eame.\t\n\nTravail de plis de sangle de jute, cousu.\nFil, laiton, tissu moir\u00e9.\nL. 1m05 \/ l. 30 cm \/ H. 22 cm\"\n               data-image-slug=\"20230411_121901\"\n               class=\"ngg-fancybox\" rel=\"5666b870d64652b5c8adf9a5fb72c267\">\n                <img\n                    title=\"Ecorce\"\n                    alt=\"Ecorce\"\n                    src=\"https:\/\/virginiebecourt.com\/wp-content\/gallery\/ecorce\/thumbs\/thumbs_20230411_121901.jpg\"\n                    width=\"240\"\n                    height=\"160\"\n                    style=\"max-width:100%;\"\n                \/>\n            <\/a>\n        <\/div>\n\t\t\t\t\t\t\t<\/div> \n\t\t\t\n\t\t\t\t<div id=\"ngg-image-1\" class=\"ngg-gallery-thumbnail-box \" >\n\t\t\t\t        <div class=\"ngg-gallery-thumbnail\">\n            <a href=\"https:\/\/virginiebecourt.com\/wp-content\/gallery\/ecorce\/20230411_120600.jpg\"\n               title=\"Peau de protection vitale qui prot\u00e8ge la s\u00e8ve qui circule \u00e0 l\u2019int\u00e9rieur de l\u2019arbre.\nProt\u00e8ge les ressources pr\u00e9cieuses \u00e0 la vie.\nL\u2019\u00e9corce est aussi une mati\u00e8re de m\u00e9moire capable de pr\u00e9sence au-del\u00e0 de la dur\u00e9e de vie de l\u2019arbre lui-m\u00eame.\t\n\nTravail de plis de sangle de jute, cousu.\nFil, laiton, tissu moir\u00e9.\nL. 1m05 \/ l. 30 cm \/ H. 22 cm\"\n               data-src=\"https:\/\/virginiebecourt.com\/wp-content\/gallery\/ecorce\/20230411_120600.jpg\"\n               data-thumbnail=\"https:\/\/virginiebecourt.com\/wp-content\/gallery\/ecorce\/thumbs\/thumbs_20230411_120600.jpg\"\n               data-image-id=\"353\"\n               data-title=\"Ecorce\"\n               data-description=\"Peau de protection vitale qui prot\u00e8ge la s\u00e8ve qui circule \u00e0 l\u2019int\u00e9rieur de l\u2019arbre.\nProt\u00e8ge les ressources pr\u00e9cieuses \u00e0 la vie.\nL\u2019\u00e9corce est aussi une mati\u00e8re de m\u00e9moire capable de pr\u00e9sence au-del\u00e0 de la dur\u00e9e de vie de l\u2019arbre lui-m\u00eame.\t\n\nTravail de plis de sangle de jute, cousu.\nFil, laiton, tissu moir\u00e9.\nL. 1m05 \/ l. 30 cm \/ H. 22 cm\"\n               data-image-slug=\"20230411_120600\"\n               class=\"ngg-fancybox\" rel=\"5666b870d64652b5c8adf9a5fb72c267\">\n                <img\n                    title=\"Ecorce\"\n                    alt=\"Ecorce\"\n                    src=\"https:\/\/virginiebecourt.com\/wp-content\/gallery\/ecorce\/thumbs\/thumbs_20230411_120600.jpg\"\n                    width=\"240\"\n                    height=\"160\"\n                    style=\"max-width:100%;\"\n                \/>\n            <\/a>\n        <\/div>\n\t\t\t\t\t\t\t<\/div> \n\t\t\t\n\t\t\t\t<div id=\"ngg-image-2\" class=\"ngg-gallery-thumbnail-box \" >\n\t\t\t\t        <div class=\"ngg-gallery-thumbnail\">\n            <a href=\"https:\/\/virginiebecourt.com\/wp-content\/gallery\/ecorce\/20230411_120713.jpg\"\n               title=\"Peau de protection vitale qui prot\u00e8ge la s\u00e8ve qui circule \u00e0 l\u2019int\u00e9rieur de l\u2019arbre.\nProt\u00e8ge les ressources pr\u00e9cieuses \u00e0 la vie.\nL\u2019\u00e9corce est aussi une mati\u00e8re de m\u00e9moire capable de pr\u00e9sence au-del\u00e0 de la dur\u00e9e de vie de l\u2019arbre lui-m\u00eame.\t\n\nTravail de plis de sangle de jute, cousu.\nFil, laiton, tissu moir\u00e9.\nL. 1m05 \/ l. 30 cm \/ H. 22 cm\"\n               data-src=\"https:\/\/virginiebecourt.com\/wp-content\/gallery\/ecorce\/20230411_120713.jpg\"\n               data-thumbnail=\"https:\/\/virginiebecourt.com\/wp-content\/gallery\/ecorce\/thumbs\/thumbs_20230411_120713.jpg\"\n               data-image-id=\"355\"\n               data-title=\"Ecorce\"\n               data-description=\"Peau de protection vitale qui prot\u00e8ge la s\u00e8ve qui circule \u00e0 l\u2019int\u00e9rieur de l\u2019arbre.\nProt\u00e8ge les ressources pr\u00e9cieuses \u00e0 la vie.\nL\u2019\u00e9corce est aussi une mati\u00e8re de m\u00e9moire capable de pr\u00e9sence au-del\u00e0 de la dur\u00e9e de vie de l\u2019arbre lui-m\u00eame.\t\n\nTravail de plis de sangle de jute, cousu.\nFil, laiton, tissu moir\u00e9.\nL. 1m05 \/ l. 30 cm \/ H. 22 cm\"\n               data-image-slug=\"20230411_120713\"\n               class=\"ngg-fancybox\" rel=\"5666b870d64652b5c8adf9a5fb72c267\">\n                <img\n                    title=\"Ecorce\"\n                    alt=\"Ecorce\"\n                    src=\"https:\/\/virginiebecourt.com\/wp-content\/gallery\/ecorce\/thumbs\/thumbs_20230411_120713.jpg\"\n                    width=\"240\"\n                    height=\"160\"\n                    style=\"max-width:100%;\"\n                \/>\n            <\/a>\n        <\/div>\n\t\t\t\t\t\t\t<\/div> \n\t\t\t\n\t\n\t<br style=\"clear: both\" \/>\n\n\t\n\t\t<!-- Pagination -->\n\t<div class='ngg-clear'><\/div>\t<\/div>\n\n\n\n\n<p class=\"has-text-align-center\">\u00c9ponge <\/p>\n\n\n\n<!-- default-view.php -->\n<div\n\tclass=\"ngg-galleryoverview default-view \"\n\tid=\"ngg-gallery-ca47c32ef69ffc0570169e98bba4d25f-1\">\n\n\t\t<!-- Thumbnails -->\n\t\t\t\t<div id=\"ngg-image-0\" class=\"ngg-gallery-thumbnail-box \" >\n\t\t\t\t        <div class=\"ngg-gallery-thumbnail\">\n            <a href=\"https:\/\/virginiebecourt.com\/wp-content\/gallery\/eponge-4\/20230106_102320.jpg\"\n               title=\"Absorber, d\u00e9poser ses \u00e9motions agr\u00e9ables ou d\u00e9sagr\u00e9ables. Ces \u00e9motions prennent racines, On se les approprie et on se construit avec.\n\u00catre fait de nos \u00e9motions.\n\nTravail de plis de sisal, cousu pli par pli. \n\u00c9crin de m\u00e9tal martel\u00e9. Finition int\u00e9rieure en soie sauvage.\nH. 34cm \/ L. 46 cm \/ l.45 cm\"\n               data-src=\"https:\/\/virginiebecourt.com\/wp-content\/gallery\/eponge-4\/20230106_102320.jpg\"\n               data-thumbnail=\"https:\/\/virginiebecourt.com\/wp-content\/gallery\/eponge-4\/thumbs\/thumbs_20230106_102320.jpg\"\n               data-image-id=\"348\"\n               data-title=\"Eponge\"\n               data-description=\"Absorber, d\u00e9poser ses \u00e9motions agr\u00e9ables ou d\u00e9sagr\u00e9ables. Ces \u00e9motions prennent racines, On se les approprie et on se construit avec.\n\u00catre fait de nos \u00e9motions.\n\nTravail de plis de sisal, cousu pli par pli. \n\u00c9crin de m\u00e9tal martel\u00e9. Finition int\u00e9rieure en soie sauvage.\nH. 34cm \/ L. 46 cm \/ l.45 cm\"\n               data-image-slug=\"20230106_102320\"\n               class=\"ngg-fancybox\" rel=\"ca47c32ef69ffc0570169e98bba4d25f\">\n                <img\n                    title=\"Eponge\"\n                    alt=\"Eponge\"\n                    src=\"https:\/\/virginiebecourt.com\/wp-content\/gallery\/eponge-4\/thumbs\/thumbs_20230106_102320.jpg\"\n                    width=\"240\"\n                    height=\"160\"\n                    style=\"max-width:100%;\"\n                \/>\n            <\/a>\n        <\/div>\n\t\t\t\t\t\t\t<\/div> \n\t\t\t\n\t\t\t\t<div id=\"ngg-image-1\" class=\"ngg-gallery-thumbnail-box \" >\n\t\t\t\t        <div class=\"ngg-gallery-thumbnail\">\n            <a href=\"https:\/\/virginiebecourt.com\/wp-content\/gallery\/eponge-4\/20230206_161109.jpg\"\n               title=\"Absorber, d\u00e9poser ses \u00e9motions agr\u00e9ables ou d\u00e9sagr\u00e9ables. Ces \u00e9motions prennent racines, On se les approprie et on se construit avec.\n\u00catre fait de nos \u00e9motions.\n\nTravail de plis de sisal, cousu pli par pli. \n\u00c9crin de m\u00e9tal martel\u00e9. Finition int\u00e9rieure en soie sauvage.\nH. 34cm \/ L. 46 cm \/ l.45 cm\"\n               data-src=\"https:\/\/virginiebecourt.com\/wp-content\/gallery\/eponge-4\/20230206_161109.jpg\"\n               data-thumbnail=\"https:\/\/virginiebecourt.com\/wp-content\/gallery\/eponge-4\/thumbs\/thumbs_20230206_161109.jpg\"\n               data-image-id=\"349\"\n               data-title=\"Eponge\"\n               data-description=\"Absorber, d\u00e9poser ses \u00e9motions agr\u00e9ables ou d\u00e9sagr\u00e9ables. Ces \u00e9motions prennent racines, On se les approprie et on se construit avec.\n\u00catre fait de nos \u00e9motions.\n\nTravail de plis de sisal, cousu pli par pli. \n\u00c9crin de m\u00e9tal martel\u00e9. Finition int\u00e9rieure en soie sauvage.\nH. 34cm \/ L. 46 cm \/ l.45 cm\"\n               data-image-slug=\"20230206_161109\"\n               class=\"ngg-fancybox\" rel=\"ca47c32ef69ffc0570169e98bba4d25f\">\n                <img\n                    title=\"Eponge\"\n                    alt=\"Eponge\"\n                    src=\"https:\/\/virginiebecourt.com\/wp-content\/gallery\/eponge-4\/thumbs\/thumbs_20230206_161109.jpg\"\n                    width=\"240\"\n                    height=\"160\"\n                    style=\"max-width:100%;\"\n                \/>\n            <\/a>\n        <\/div>\n\t\t\t\t\t\t\t<\/div> \n\t\t\t\n\t\t\t\t<div id=\"ngg-image-2\" class=\"ngg-gallery-thumbnail-box \" >\n\t\t\t\t        <div class=\"ngg-gallery-thumbnail\">\n            <a href=\"https:\/\/virginiebecourt.com\/wp-content\/gallery\/eponge-4\/20230106_111259.jpg\"\n               title=\"Absorber, d\u00e9poser ses \u00e9motions agr\u00e9ables ou d\u00e9sagr\u00e9ables. Ces \u00e9motions prennent racines, On se les approprie et on se construit avec.\n\u00catre fait de nos \u00e9motions.\n\nTravail de plis de sisal, cousu pli par pli. \n\u00c9crin de m\u00e9tal martel\u00e9. Finition int\u00e9rieure en soie sauvage.\nH. 34cm \/ L. 46 cm \/ l.45 cm\"\n               data-src=\"https:\/\/virginiebecourt.com\/wp-content\/gallery\/eponge-4\/20230106_111259.jpg\"\n               data-thumbnail=\"https:\/\/virginiebecourt.com\/wp-content\/gallery\/eponge-4\/thumbs\/thumbs_20230106_111259.jpg\"\n               data-image-id=\"350\"\n               data-title=\"Eponge\"\n               data-description=\"Absorber, d\u00e9poser ses \u00e9motions agr\u00e9ables ou d\u00e9sagr\u00e9ables. Ces \u00e9motions prennent racines, On se les approprie et on se construit avec.\n\u00catre fait de nos \u00e9motions.\n\nTravail de plis de sisal, cousu pli par pli. \n\u00c9crin de m\u00e9tal martel\u00e9. Finition int\u00e9rieure en soie sauvage.\nH. 34cm \/ L. 46 cm \/ l.45 cm\"\n               data-image-slug=\"20230106_111259\"\n               class=\"ngg-fancybox\" rel=\"ca47c32ef69ffc0570169e98bba4d25f\">\n                <img\n                    title=\"Eponge\"\n                    alt=\"Eponge\"\n                    src=\"https:\/\/virginiebecourt.com\/wp-content\/gallery\/eponge-4\/thumbs\/thumbs_20230106_111259.jpg\"\n                    width=\"240\"\n                    height=\"160\"\n                    style=\"max-width:100%;\"\n                \/>\n            <\/a>\n        <\/div>\n\t\t\t\t\t\t\t<\/div> \n\t\t\t\n\t\n\t<br style=\"clear: both\" \/>\n\n\t\n\t\t<!-- Pagination -->\n\t<div class='ngg-clear'><\/div>\t<\/div>\n\n\n\n\n<h3 class=\"has-text-align-center wp-block-heading\">Porcelaine<\/h3>\n\n\n\n<!-- default-view.php -->\n<div\n\tclass=\"ngg-galleryoverview default-view \"\n\tid=\"ngg-gallery-8ba0340c9c8727cd1b3270aa6148dc53-1\">\n\n\t\t<!-- Thumbnails -->\n\t\t\t\t<div id=\"ngg-image-0\" class=\"ngg-gallery-thumbnail-box \" >\n\t\t\t\t        <div class=\"ngg-gallery-thumbnail\">\n            <a href=\"https:\/\/virginiebecourt.com\/wp-content\/gallery\/porcelaine\/20211027_151907-1.jpg\"\n               title=\"Comme un cocon, se prot\u00e9ger et en m\u00eame temps s&#039;exposer \u2026\n\nTravail de plis textile cousu point par plis, poser sur un miroir. \nTravaill\u00e9 en patronage pour  donner le volume. Laitonn\u00e9 pour garder la forme.\nDoublure int\u00e9rieure textile de soie.  \nDimension : H. 13 cm\/ L. 32 cm\n\u00a9virginieb\u00e9court\"\n               data-src=\"https:\/\/virginiebecourt.com\/wp-content\/gallery\/porcelaine\/20211027_151907-1.jpg\"\n               data-thumbnail=\"https:\/\/virginiebecourt.com\/wp-content\/gallery\/porcelaine\/thumbs\/thumbs_20211027_151907-1.jpg\"\n               data-image-id=\"195\"\n               data-title=\"Porcelaine\"\n               data-description=\"Comme un cocon, se prot\u00e9ger et en m\u00eame temps s&#039;exposer \u2026\n\nTravail de plis textile cousu point par plis, poser sur un miroir. \nTravaill\u00e9 en patronage pour  donner le volume. Laitonn\u00e9 pour garder la forme.\nDoublure int\u00e9rieure textile de soie.  \nDimension : H. 13 cm\/ L. 32 cm\n\u00a9virginieb\u00e9court\"\n               data-image-slug=\"20211027_151907-1\"\n               class=\"ngg-fancybox\" rel=\"8ba0340c9c8727cd1b3270aa6148dc53\">\n                <img\n                    title=\"Porcelaine\"\n                    alt=\"Porcelaine\"\n                    src=\"https:\/\/virginiebecourt.com\/wp-content\/gallery\/porcelaine\/thumbs\/thumbs_20211027_151907-1.jpg\"\n                    width=\"240\"\n                    height=\"160\"\n                    style=\"max-width:100%;\"\n                \/>\n            <\/a>\n        <\/div>\n\t\t\t\t\t\t\t<\/div> \n\t\t\t\n\t\t\t\t<div id=\"ngg-image-1\" class=\"ngg-gallery-thumbnail-box \" >\n\t\t\t\t        <div class=\"ngg-gallery-thumbnail\">\n            <a href=\"https:\/\/virginiebecourt.com\/wp-content\/gallery\/porcelaine\/20211027_152447-1.jpg\"\n               title=\"Comme un cocon, se prot\u00e9ger et en m\u00eame temps s&#039;exposer \u2026\n\nTravail de plis textile cousu point par plis, poser sur un miroir. \nTravaill\u00e9 en patronage pour  donner le volume. Laitonn\u00e9 pour garder la forme.\nDoublure int\u00e9rieure textile de soie.  \nDimension : H. 13 cm\/ L. 32 cm\n\u00a9virginieb\u00e9court\"\n               data-src=\"https:\/\/virginiebecourt.com\/wp-content\/gallery\/porcelaine\/20211027_152447-1.jpg\"\n               data-thumbnail=\"https:\/\/virginiebecourt.com\/wp-content\/gallery\/porcelaine\/thumbs\/thumbs_20211027_152447-1.jpg\"\n               data-image-id=\"194\"\n               data-title=\"Porcelaine\"\n               data-description=\"Comme un cocon, se prot\u00e9ger et en m\u00eame temps s&#039;exposer \u2026\n\nTravail de plis textile cousu point par plis, poser sur un miroir. \nTravaill\u00e9 en patronage pour  donner le volume. Laitonn\u00e9 pour garder la forme.\nDoublure int\u00e9rieure textile de soie.  \nDimension : H. 13 cm\/ L. 32 cm\n\u00a9virginieb\u00e9court\"\n               data-image-slug=\"20211027_152447-1\"\n               class=\"ngg-fancybox\" rel=\"8ba0340c9c8727cd1b3270aa6148dc53\">\n                <img\n                    title=\"Porcelaine\"\n                    alt=\"Porcelaine\"\n                    src=\"https:\/\/virginiebecourt.com\/wp-content\/gallery\/porcelaine\/thumbs\/thumbs_20211027_152447-1.jpg\"\n                    width=\"240\"\n                    height=\"160\"\n                    style=\"max-width:100%;\"\n                \/>\n            <\/a>\n        <\/div>\n\t\t\t\t\t\t\t<\/div> \n\t\t\t\n\t\n\t<br style=\"clear: both\" \/>\n\n\t\n\t\t<!-- Pagination -->\n\t<div class='ngg-clear'><\/div>\t<\/div>\n\n\n\n\n<p class=\"has-text-align-center\">Pierre ou la douceur forte<\/p>\n\n\n\n<!-- default-view.php -->\n<div\n\tclass=\"ngg-galleryoverview default-view \"\n\tid=\"ngg-gallery-ffa9e70e6cbd80dc2a0e56b3e0bc56be-1\">\n\n\t\t<!-- Thumbnails -->\n\t\t\t\t<div id=\"ngg-image-0\" class=\"ngg-gallery-thumbnail-box \" >\n\t\t\t\t        <div class=\"ngg-gallery-thumbnail\">\n            <a href=\"https:\/\/virginiebecourt.com\/wp-content\/gallery\/pierre-ou-la-douceur-forte\/pierre-5.jpg\"\n               title=\"Douceur forte...\nTravail de plis cousus de bandes de lin\/coton brute. La pi\u00e8ce est ensuite laitonn\u00e9e  pour la mise en forme.\nPropret\u00e9 en lin\/coton.\t\t\nNum\u00e9rot\u00e9e et sign\u00e9e au dos. H.  17 cm \/ L. 42 cm  \/ P. 30 cm\n\u00a9virginieb\u00e9court\"\n               data-src=\"https:\/\/virginiebecourt.com\/wp-content\/gallery\/pierre-ou-la-douceur-forte\/pierre-5.jpg\"\n               data-thumbnail=\"https:\/\/virginiebecourt.com\/wp-content\/gallery\/pierre-ou-la-douceur-forte\/thumbs\/thumbs_pierre-5.jpg\"\n               data-image-id=\"294\"\n               data-title=\"Pierre ou la douceur forte\"\n               data-description=\"Douceur forte...\nTravail de plis cousus de bandes de lin\/coton brute. La pi\u00e8ce est ensuite laitonn\u00e9e  pour la mise en forme.\nPropret\u00e9 en lin\/coton.\t\t\nNum\u00e9rot\u00e9e et sign\u00e9e au dos. H.  17 cm \/ L. 42 cm  \/ P. 30 cm\n\u00a9virginieb\u00e9court\"\n               data-image-slug=\"pierre-5\"\n               class=\"ngg-fancybox\" rel=\"ffa9e70e6cbd80dc2a0e56b3e0bc56be\">\n                <img\n                    title=\"Pierre ou la douceur forte\"\n                    alt=\"Pierre ou la douceur forte\"\n                    src=\"https:\/\/virginiebecourt.com\/wp-content\/gallery\/pierre-ou-la-douceur-forte\/thumbs\/thumbs_pierre-5.jpg\"\n                    width=\"240\"\n                    height=\"160\"\n                    style=\"max-width:100%;\"\n                \/>\n            <\/a>\n        <\/div>\n\t\t\t\t\t\t\t<\/div> \n\t\t\t\n\t\t\t\t<div id=\"ngg-image-1\" class=\"ngg-gallery-thumbnail-box \" >\n\t\t\t\t        <div class=\"ngg-gallery-thumbnail\">\n            <a href=\"https:\/\/virginiebecourt.com\/wp-content\/gallery\/pierre-ou-la-douceur-forte\/pierre-6.jpg\"\n               title=\"Douceur forte...\nTravail de plis cousus de bandes de lin\/coton brute. La pi\u00e8ce est ensuite laitonn\u00e9e  pour la mise en forme.\nPropret\u00e9 en lin\/coton.\t\t\nNum\u00e9rot\u00e9e et sign\u00e9e au dos. H.  17 cm \/ L. 42 cm  \/ P. 30 cm\n\u00a9virginieb\u00e9court\"\n               data-src=\"https:\/\/virginiebecourt.com\/wp-content\/gallery\/pierre-ou-la-douceur-forte\/pierre-6.jpg\"\n               data-thumbnail=\"https:\/\/virginiebecourt.com\/wp-content\/gallery\/pierre-ou-la-douceur-forte\/thumbs\/thumbs_pierre-6.jpg\"\n               data-image-id=\"292\"\n               data-title=\"Pierre ou la douceur forte\"\n               data-description=\"Douceur forte...\nTravail de plis cousus de bandes de lin\/coton brute. La pi\u00e8ce est ensuite laitonn\u00e9e  pour la mise en forme.\nPropret\u00e9 en lin\/coton.\t\t\nNum\u00e9rot\u00e9e et sign\u00e9e au dos. H.  17 cm \/ L. 42 cm  \/ P. 30 cm\n\u00a9virginieb\u00e9court\"\n               data-image-slug=\"pierre-6\"\n               class=\"ngg-fancybox\" rel=\"ffa9e70e6cbd80dc2a0e56b3e0bc56be\">\n                <img\n                    title=\"Pierre ou la douceur forte\"\n                    alt=\"Pierre ou la douceur forte\"\n                    src=\"https:\/\/virginiebecourt.com\/wp-content\/gallery\/pierre-ou-la-douceur-forte\/thumbs\/thumbs_pierre-6.jpg\"\n                    width=\"240\"\n                    height=\"160\"\n                    style=\"max-width:100%;\"\n                \/>\n            <\/a>\n        <\/div>\n\t\t\t\t\t\t\t<\/div> \n\t\t\t\n\t\t\t\t<div id=\"ngg-image-2\" class=\"ngg-gallery-thumbnail-box \" >\n\t\t\t\t        <div class=\"ngg-gallery-thumbnail\">\n            <a href=\"https:\/\/virginiebecourt.com\/wp-content\/gallery\/pierre-ou-la-douceur-forte\/pierre-2.jpg\"\n               title=\"Douceur forte...\nTravail de plis cousus de bandes de lin\/coton brute. La pi\u00e8ce est ensuite laitonn\u00e9e  pour la mise en forme.\nPropret\u00e9 en lin\/coton.\t\t\nNum\u00e9rot\u00e9e et sign\u00e9e au dos. H.  17 cm \/ L. 42 cm\n\u00a9virginieb\u00e9court\"\n               data-src=\"https:\/\/virginiebecourt.com\/wp-content\/gallery\/pierre-ou-la-douceur-forte\/pierre-2.jpg\"\n               data-thumbnail=\"https:\/\/virginiebecourt.com\/wp-content\/gallery\/pierre-ou-la-douceur-forte\/thumbs\/thumbs_pierre-2.jpg\"\n               data-image-id=\"293\"\n               data-title=\"Pierre ou la douceur forte\"\n               data-description=\"Douceur forte...\nTravail de plis cousus de bandes de lin\/coton brute. La pi\u00e8ce est ensuite laitonn\u00e9e  pour la mise en forme.\nPropret\u00e9 en lin\/coton.\t\t\nNum\u00e9rot\u00e9e et sign\u00e9e au dos. H.  17 cm \/ L. 42 cm\n\u00a9virginieb\u00e9court\"\n               data-image-slug=\"pierre-2\"\n               class=\"ngg-fancybox\" rel=\"ffa9e70e6cbd80dc2a0e56b3e0bc56be\">\n                <img\n                    title=\"Pierre ou la douceur forte\"\n                    alt=\"Pierre ou la douceur forte\"\n                    src=\"https:\/\/virginiebecourt.com\/wp-content\/gallery\/pierre-ou-la-douceur-forte\/thumbs\/thumbs_pierre-2.jpg\"\n                    width=\"240\"\n                    height=\"160\"\n                    style=\"max-width:100%;\"\n                \/>\n            <\/a>\n        <\/div>\n\t\t\t\t\t\t\t<\/div> \n\t\t\t\n\t\t\t\t<div id=\"ngg-image-3\" class=\"ngg-gallery-thumbnail-box \" >\n\t\t\t\t        <div class=\"ngg-gallery-thumbnail\">\n            <a href=\"https:\/\/virginiebecourt.com\/wp-content\/gallery\/pierre-ou-la-douceur-forte\/pierre-1.jpg\"\n               title=\"Douceur forte...\nTravail de plis cousus de bandes de lin\/coton brute. La pi\u00e8ce est ensuite laitonn\u00e9e  pour la mise en forme.\nPropret\u00e9 en lin\/coton.\t\t\nNum\u00e9rot\u00e9e et sign\u00e9e au dos. H.  17 cm \/ L. 42 cm   \/ P. 30 cm\n\u00a9virginieb\u00e9court\"\n               data-src=\"https:\/\/virginiebecourt.com\/wp-content\/gallery\/pierre-ou-la-douceur-forte\/pierre-1.jpg\"\n               data-thumbnail=\"https:\/\/virginiebecourt.com\/wp-content\/gallery\/pierre-ou-la-douceur-forte\/thumbs\/thumbs_pierre-1.jpg\"\n               data-image-id=\"295\"\n               data-title=\"Pierre ou la douceur forte\"\n               data-description=\"Douceur forte...\nTravail de plis cousus de bandes de lin\/coton brute. La pi\u00e8ce est ensuite laitonn\u00e9e  pour la mise en forme.\nPropret\u00e9 en lin\/coton.\t\t\nNum\u00e9rot\u00e9e et sign\u00e9e au dos. H.  17 cm \/ L. 42 cm   \/ P. 30 cm\n\u00a9virginieb\u00e9court\"\n               data-image-slug=\"pierre-1\"\n               class=\"ngg-fancybox\" rel=\"ffa9e70e6cbd80dc2a0e56b3e0bc56be\">\n                <img\n                    title=\"Pierre ou la douceur forte\"\n                    alt=\"Pierre ou la douceur forte\"\n                    src=\"https:\/\/virginiebecourt.com\/wp-content\/gallery\/pierre-ou-la-douceur-forte\/thumbs\/thumbs_pierre-1.jpg\"\n                    width=\"240\"\n                    height=\"160\"\n                    style=\"max-width:100%;\"\n                \/>\n            <\/a>\n        <\/div>\n\t\t\t\t\t\t\t<\/div> \n\t\t\t\n\t\t\t\t<div id=\"ngg-image-4\" class=\"ngg-gallery-thumbnail-box \" >\n\t\t\t\t        <div class=\"ngg-gallery-thumbnail\">\n            <a href=\"https:\/\/virginiebecourt.com\/wp-content\/gallery\/pierre-ou-la-douceur-forte\/pierre-4.jpg\"\n               title=\"Douceur forte...\nTravail de plis cousus de bandes de lin\/coton brute. La pi\u00e8ce est ensuite laitonn\u00e9e  pour la mise en forme.\nPropret\u00e9 en lin\/coton.\t\t\nNum\u00e9rot\u00e9e et sign\u00e9e au dos. H.  17 cm \/ L. 42 cm   \/ P. 30 cm\n\u00a9virginieb\u00e9court\"\n               data-src=\"https:\/\/virginiebecourt.com\/wp-content\/gallery\/pierre-ou-la-douceur-forte\/pierre-4.jpg\"\n               data-thumbnail=\"https:\/\/virginiebecourt.com\/wp-content\/gallery\/pierre-ou-la-douceur-forte\/thumbs\/thumbs_pierre-4.jpg\"\n               data-image-id=\"296\"\n               data-title=\"Pierre ou la douceur forte\"\n               data-description=\"Douceur forte...\nTravail de plis cousus de bandes de lin\/coton brute. La pi\u00e8ce est ensuite laitonn\u00e9e  pour la mise en forme.\nPropret\u00e9 en lin\/coton.\t\t\nNum\u00e9rot\u00e9e et sign\u00e9e au dos. H.  17 cm \/ L. 42 cm   \/ P. 30 cm\n\u00a9virginieb\u00e9court\"\n               data-image-slug=\"pierre-4\"\n               class=\"ngg-fancybox\" rel=\"ffa9e70e6cbd80dc2a0e56b3e0bc56be\">\n                <img\n                    title=\"Pierre ou la douceur forte\"\n                    alt=\"Pierre ou la douceur forte\"\n                    src=\"https:\/\/virginiebecourt.com\/wp-content\/gallery\/pierre-ou-la-douceur-forte\/thumbs\/thumbs_pierre-4.jpg\"\n                    width=\"240\"\n                    height=\"160\"\n                    style=\"max-width:100%;\"\n                \/>\n            <\/a>\n        <\/div>\n\t\t\t\t\t\t\t<\/div> \n\t\t\t\n\t\n\t<br style=\"clear: both\" \/>\n\n\t\n\t\t<!-- Pagination -->\n\t<div class='ngg-clear'><\/div>\t<\/div>\n\n\n\n\n<h3 class=\"has-text-align-center wp-block-heading\">Tourbillon<\/h3>\n\n\n\n<!-- default-view.php -->\n<div\n\tclass=\"ngg-galleryoverview default-view \"\n\tid=\"ngg-gallery-afdaaadb99044b6bb8f23cdaa872b1f5-1\">\n\n\t\t<!-- Thumbnails -->\n\t\t\t\t<div id=\"ngg-image-0\" class=\"ngg-gallery-thumbnail-box \" >\n\t\t\t\t        <div class=\"ngg-gallery-thumbnail\">\n            <a href=\"https:\/\/virginiebecourt.com\/wp-content\/gallery\/tourbillon\/0825.jpg\"\n               title=\"Tourbillons d\u2019\u00e9motions...\nJ\u2019ai toujours l\u2019impression que ce sont mes mains qui expriment le mieux mon ressenti. Mes mains me font prendre conscience de cette sensibilit\u00e9 \u00e9motionnelle. Les mots et la prise de conscience viennent en cr\u00e9ant...\nTravail de plis textile cousu puis laitonn\u00e9 pour lui donner sa forme. \nPi\u00e8ce cousue et mont\u00e9e sur une tige martel\u00e9.\nSocle en ch\u00eane. Num\u00e9rot\u00e9e. \nH. 54 cm \/ L. 26 cm\n\u00a9stephanedurieu\"\n               data-src=\"https:\/\/virginiebecourt.com\/wp-content\/gallery\/tourbillon\/0825.jpg\"\n               data-thumbnail=\"https:\/\/virginiebecourt.com\/wp-content\/gallery\/tourbillon\/thumbs\/thumbs_0825.jpg\"\n               data-image-id=\"153\"\n               data-title=\"Tourbillon\"\n               data-description=\"Tourbillons d\u2019\u00e9motions...\nJ\u2019ai toujours l\u2019impression que ce sont mes mains qui expriment le mieux mon ressenti. Mes mains me font prendre conscience de cette sensibilit\u00e9 \u00e9motionnelle. Les mots et la prise de conscience viennent en cr\u00e9ant...\nTravail de plis textile cousu puis laitonn\u00e9 pour lui donner sa forme. \nPi\u00e8ce cousue et mont\u00e9e sur une tige martel\u00e9.\nSocle en ch\u00eane. Num\u00e9rot\u00e9e. \nH. 54 cm \/ L. 26 cm\n\u00a9stephanedurieu\"\n               data-image-slug=\"0825\"\n               class=\"ngg-fancybox\" rel=\"afdaaadb99044b6bb8f23cdaa872b1f5\">\n                <img\n                    title=\"Tourbillon\"\n                    alt=\"Tourbillon\"\n                    src=\"https:\/\/virginiebecourt.com\/wp-content\/gallery\/tourbillon\/thumbs\/thumbs_0825.jpg\"\n                    width=\"240\"\n                    height=\"160\"\n                    style=\"max-width:100%;\"\n                \/>\n            <\/a>\n        <\/div>\n\t\t\t\t\t\t\t<\/div> \n\t\t\t\n\t\t\t\t<div id=\"ngg-image-1\" class=\"ngg-gallery-thumbnail-box \" >\n\t\t\t\t        <div class=\"ngg-gallery-thumbnail\">\n            <a href=\"https:\/\/virginiebecourt.com\/wp-content\/gallery\/tourbillon\/0827.jpg\"\n               title=\"Tourbillons d\u2019\u00e9motions...\nJ\u2019ai toujours l\u2019impression que ce sont mes mains qui expriment le mieux mon ressenti. Mes mains me font prendre conscience de cette sensibilit\u00e9 \u00e9motionnelle. Les mots et la prise de conscience viennent en cr\u00e9ant...\nTravail de plis textile cousu puis laitonn\u00e9 pour lui donner sa forme. \nPi\u00e8ce cousue et mont\u00e9e sur une tige martel\u00e9.\nSocle en ch\u00eane. Num\u00e9rot\u00e9e. \nH. 54 cm \/ L. 26 cm\n\u00a9stephanedurieu\"\n               data-src=\"https:\/\/virginiebecourt.com\/wp-content\/gallery\/tourbillon\/0827.jpg\"\n               data-thumbnail=\"https:\/\/virginiebecourt.com\/wp-content\/gallery\/tourbillon\/thumbs\/thumbs_0827.jpg\"\n               data-image-id=\"154\"\n               data-title=\"Tourbillon\"\n               data-description=\"Tourbillons d\u2019\u00e9motions...\nJ\u2019ai toujours l\u2019impression que ce sont mes mains qui expriment le mieux mon ressenti. Mes mains me font prendre conscience de cette sensibilit\u00e9 \u00e9motionnelle. Les mots et la prise de conscience viennent en cr\u00e9ant...\nTravail de plis textile cousu puis laitonn\u00e9 pour lui donner sa forme. \nPi\u00e8ce cousue et mont\u00e9e sur une tige martel\u00e9.\nSocle en ch\u00eane. Num\u00e9rot\u00e9e. \nH. 54 cm \/ L. 26 cm\n\u00a9stephanedurieu\"\n               data-image-slug=\"0827\"\n               class=\"ngg-fancybox\" rel=\"afdaaadb99044b6bb8f23cdaa872b1f5\">\n                <img\n                    title=\"Tourbillon\"\n                    alt=\"Tourbillon\"\n                    src=\"https:\/\/virginiebecourt.com\/wp-content\/gallery\/tourbillon\/thumbs\/thumbs_0827.jpg\"\n                    width=\"240\"\n                    height=\"160\"\n                    style=\"max-width:100%;\"\n                \/>\n            <\/a>\n        <\/div>\n\t\t\t\t\t\t\t<\/div> \n\t\t\t\n\t\t\t\t<div id=\"ngg-image-2\" class=\"ngg-gallery-thumbnail-box \" >\n\t\t\t\t        <div class=\"ngg-gallery-thumbnail\">\n            <a href=\"https:\/\/virginiebecourt.com\/wp-content\/gallery\/tourbillon\/0830.jpg\"\n               title=\"Tourbillons d\u2019\u00e9motions...\nJ\u2019ai toujours l\u2019impression que ce sont mes mains qui expriment le mieux mon ressenti. Mes mains me font prendre conscience de cette sensibilit\u00e9 \u00e9motionnelle. Les mots et la prise de conscience viennent en cr\u00e9ant...\nTravail de plis textile cousu puis laitonn\u00e9 pour lui donner sa forme. \nPi\u00e8ce cousue et mont\u00e9e sur une tige martel\u00e9.\nSocle en ch\u00eane. Num\u00e9rot\u00e9e. \nH. 54 cm \/ L. 26 cm\n\u00a9stephanedurieu\"\n               data-src=\"https:\/\/virginiebecourt.com\/wp-content\/gallery\/tourbillon\/0830.jpg\"\n               data-thumbnail=\"https:\/\/virginiebecourt.com\/wp-content\/gallery\/tourbillon\/thumbs\/thumbs_0830.jpg\"\n               data-image-id=\"155\"\n               data-title=\"Tourbillon\"\n               data-description=\"Tourbillons d\u2019\u00e9motions...\nJ\u2019ai toujours l\u2019impression que ce sont mes mains qui expriment le mieux mon ressenti. Mes mains me font prendre conscience de cette sensibilit\u00e9 \u00e9motionnelle. Les mots et la prise de conscience viennent en cr\u00e9ant...\nTravail de plis textile cousu puis laitonn\u00e9 pour lui donner sa forme. \nPi\u00e8ce cousue et mont\u00e9e sur une tige martel\u00e9.\nSocle en ch\u00eane. Num\u00e9rot\u00e9e. \nH. 54 cm \/ L. 26 cm\n\u00a9stephanedurieu\"\n               data-image-slug=\"0830\"\n               class=\"ngg-fancybox\" rel=\"afdaaadb99044b6bb8f23cdaa872b1f5\">\n                <img\n                    title=\"Tourbillon\"\n                    alt=\"Tourbillon\"\n                    src=\"https:\/\/virginiebecourt.com\/wp-content\/gallery\/tourbillon\/thumbs\/thumbs_0830.jpg\"\n                    width=\"240\"\n                    height=\"160\"\n                    style=\"max-width:100%;\"\n                \/>\n            <\/a>\n        <\/div>\n\t\t\t\t\t\t\t<\/div> \n\t\t\t\n\t\n\t<br style=\"clear: both\" \/>\n\n\t\n\t\t<!-- Pagination -->\n\t<div class='ngg-clear'><\/div>\t<\/div>\n\n\n\n\n<p class=\"has-text-align-center\">Archa\u00efque Temp\u00eate<\/p>\n\n\n\n<!-- default-view.php -->\n<div\n\tclass=\"ngg-galleryoverview default-view \"\n\tid=\"ngg-gallery-efe1dc30cf29a6233ffabc9c101985c2-1\">\n\n\t\t<!-- Thumbnails -->\n\t\t\t\t<div id=\"ngg-image-0\" class=\"ngg-gallery-thumbnail-box \" >\n\t\t\t\t        <div class=\"ngg-gallery-thumbnail\">\n            <a href=\"https:\/\/virginiebecourt.com\/wp-content\/gallery\/archaique-tempete\/Archaique-tempete-1.jpg\"\n               title=\"Elle est n\u00e9e d\u2019une contrainte que je me suis donn\u00e9e, celle d\u2019utiliser des mati\u00e8res premi\u00e8res anciennes ou de seconde main, issues de la r\u00e9cup\u00e9ration et de cr\u00e9er avec la quantit\u00e9 donn\u00e9e. \t\t\t\tSculpture issue d\u2019un tumulte d\u2019\u00e9motions, submerg\u00e9e par une r\u00e9alit\u00e9 brutale qui ressort dans les plis accident\u00e9s avec la mati\u00e8re brute et effiloch\u00e9e. \nC\u2019est un travail de plis de bandes de toile \u00e0 canevas d\u00e9coup\u00e9es, effiloch\u00e9es, cousu pli par pli. La sculpture est en trois parties qui sont ensuite laitonn\u00e9es \u00e0 l\u2019int\u00e9rieur pour leurs donner le volume. \t\tPos\u00e9e et cousues sur une colonne de m\u00e9tal v\u00e9g\u00e9tal.\nNum\u00e9rot\u00e9e et sign\u00e9e au dos. H. 1m44  \/ L.  30 cm\n\u00a9virginieb\u00e9court\"\n               data-src=\"https:\/\/virginiebecourt.com\/wp-content\/gallery\/archaique-tempete\/Archaique-tempete-1.jpg\"\n               data-thumbnail=\"https:\/\/virginiebecourt.com\/wp-content\/gallery\/archaique-tempete\/thumbs\/thumbs_Archaique-tempete-1.jpg\"\n               data-image-id=\"286\"\n               data-title=\"Archaique Temp\u00eate\"\n               data-description=\"Elle est n\u00e9e d\u2019une contrainte que je me suis donn\u00e9e, celle d\u2019utiliser des mati\u00e8res premi\u00e8res anciennes ou de seconde main, issues de la r\u00e9cup\u00e9ration et de cr\u00e9er avec la quantit\u00e9 donn\u00e9e. \t\t\t\tSculpture issue d\u2019un tumulte d\u2019\u00e9motions, submerg\u00e9e par une r\u00e9alit\u00e9 brutale qui ressort dans les plis accident\u00e9s avec la mati\u00e8re brute et effiloch\u00e9e. \nC\u2019est un travail de plis de bandes de toile \u00e0 canevas d\u00e9coup\u00e9es, effiloch\u00e9es, cousu pli par pli. La sculpture est en trois parties qui sont ensuite laitonn\u00e9es \u00e0 l\u2019int\u00e9rieur pour leurs donner le volume. \t\tPos\u00e9e et cousues sur une colonne de m\u00e9tal v\u00e9g\u00e9tal.\nNum\u00e9rot\u00e9e et sign\u00e9e au dos. H. 1m44  \/ L.  30 cm\n\u00a9virginieb\u00e9court\"\n               data-image-slug=\"archaique-tempete-1\"\n               class=\"ngg-fancybox\" rel=\"efe1dc30cf29a6233ffabc9c101985c2\">\n                <img\n                    title=\"Archaique Temp\u00eate\"\n                    alt=\"Archaique Temp\u00eate\"\n                    src=\"https:\/\/virginiebecourt.com\/wp-content\/gallery\/archaique-tempete\/thumbs\/thumbs_Archaique-tempete-1.jpg\"\n                    width=\"240\"\n                    height=\"160\"\n                    style=\"max-width:100%;\"\n                \/>\n            <\/a>\n        <\/div>\n\t\t\t\t\t\t\t<\/div> \n\t\t\t\n\t\t\t\t<div id=\"ngg-image-1\" class=\"ngg-gallery-thumbnail-box \" >\n\t\t\t\t        <div class=\"ngg-gallery-thumbnail\">\n            <a href=\"https:\/\/virginiebecourt.com\/wp-content\/gallery\/archaique-tempete\/Archaique-tempete-2.jpg\"\n               title=\"Elle est n\u00e9e d\u2019une contrainte que je me suis donn\u00e9e, celle d\u2019utiliser des mati\u00e8res premi\u00e8res anciennes ou de seconde main, issues de la r\u00e9cup\u00e9ration et de cr\u00e9er avec la quantit\u00e9 donn\u00e9e. \t\t\t\tSculpture issue d\u2019un tumulte d\u2019\u00e9motions, submerg\u00e9e par une r\u00e9alit\u00e9 brutale qui ressort dans les plis accident\u00e9s avec la mati\u00e8re brute et effiloch\u00e9e. \nC\u2019est un travail de plis de bandes de toile \u00e0 canevas d\u00e9coup\u00e9es, effiloch\u00e9es, cousu pli par pli. La sculpture est en trois parties qui sont ensuite laitonn\u00e9es \u00e0 l\u2019int\u00e9rieur pour leurs donner le volume. \t\tPos\u00e9e et cousues sur une colonne de m\u00e9tal v\u00e9g\u00e9tal.\nNum\u00e9rot\u00e9e et sign\u00e9e au dos. H. 1m44  \/ L.  30 cm\n\u00a9virginieb\u00e9court\"\n               data-src=\"https:\/\/virginiebecourt.com\/wp-content\/gallery\/archaique-tempete\/Archaique-tempete-2.jpg\"\n               data-thumbnail=\"https:\/\/virginiebecourt.com\/wp-content\/gallery\/archaique-tempete\/thumbs\/thumbs_Archaique-tempete-2.jpg\"\n               data-image-id=\"287\"\n               data-title=\"Archaique Temp\u00eate\"\n               data-description=\"Elle est n\u00e9e d\u2019une contrainte que je me suis donn\u00e9e, celle d\u2019utiliser des mati\u00e8res premi\u00e8res anciennes ou de seconde main, issues de la r\u00e9cup\u00e9ration et de cr\u00e9er avec la quantit\u00e9 donn\u00e9e. \t\t\t\tSculpture issue d\u2019un tumulte d\u2019\u00e9motions, submerg\u00e9e par une r\u00e9alit\u00e9 brutale qui ressort dans les plis accident\u00e9s avec la mati\u00e8re brute et effiloch\u00e9e. \nC\u2019est un travail de plis de bandes de toile \u00e0 canevas d\u00e9coup\u00e9es, effiloch\u00e9es, cousu pli par pli. La sculpture est en trois parties qui sont ensuite laitonn\u00e9es \u00e0 l\u2019int\u00e9rieur pour leurs donner le volume. \t\tPos\u00e9e et cousues sur une colonne de m\u00e9tal v\u00e9g\u00e9tal.\nNum\u00e9rot\u00e9e et sign\u00e9e au dos. H. 1m44  \/ L.  30 cm\n\u00a9virginieb\u00e9court\"\n               data-image-slug=\"archaique-tempete-2\"\n               class=\"ngg-fancybox\" rel=\"efe1dc30cf29a6233ffabc9c101985c2\">\n                <img\n                    title=\"Archaique Temp\u00eate\"\n                    alt=\"Archaique Temp\u00eate\"\n                    src=\"https:\/\/virginiebecourt.com\/wp-content\/gallery\/archaique-tempete\/thumbs\/thumbs_Archaique-tempete-2.jpg\"\n                    width=\"240\"\n                    height=\"160\"\n                    style=\"max-width:100%;\"\n                \/>\n            <\/a>\n        <\/div>\n\t\t\t\t\t\t\t<\/div> \n\t\t\t\n\t\t\t\t<div id=\"ngg-image-2\" class=\"ngg-gallery-thumbnail-box \" >\n\t\t\t\t        <div class=\"ngg-gallery-thumbnail\">\n            <a href=\"https:\/\/virginiebecourt.com\/wp-content\/gallery\/archaique-tempete\/Archaique-tempete-6.jpg\"\n               title=\"Elle est n\u00e9e d\u2019une contrainte que je me suis donn\u00e9e, celle d\u2019utiliser des mati\u00e8res premi\u00e8res anciennes ou de seconde main, issues de la r\u00e9cup\u00e9ration et de cr\u00e9er avec la quantit\u00e9 donn\u00e9e. \t\t\t\tSculpture issue d\u2019un tumulte d\u2019\u00e9motions, submerg\u00e9e par une r\u00e9alit\u00e9 brutale qui ressort dans les plis accident\u00e9s avec la mati\u00e8re brute et effiloch\u00e9e. \nC\u2019est un travail de plis de bandes de toile \u00e0 canevas d\u00e9coup\u00e9es, effiloch\u00e9es, cousu pli par pli. La sculpture est en trois parties qui sont ensuite laitonn\u00e9es \u00e0 l\u2019int\u00e9rieur pour leurs donner le volume. \t\tPos\u00e9e et cousues sur une colonne de m\u00e9tal v\u00e9g\u00e9tal.\nNum\u00e9rot\u00e9e et sign\u00e9e au dos. H. 1m44  \/ L.  30 cm\n\u00a9virginieb\u00e9court\"\n               data-src=\"https:\/\/virginiebecourt.com\/wp-content\/gallery\/archaique-tempete\/Archaique-tempete-6.jpg\"\n               data-thumbnail=\"https:\/\/virginiebecourt.com\/wp-content\/gallery\/archaique-tempete\/thumbs\/thumbs_Archaique-tempete-6.jpg\"\n               data-image-id=\"288\"\n               data-title=\"Archaique Temp\u00eate\"\n               data-description=\"Elle est n\u00e9e d\u2019une contrainte que je me suis donn\u00e9e, celle d\u2019utiliser des mati\u00e8res premi\u00e8res anciennes ou de seconde main, issues de la r\u00e9cup\u00e9ration et de cr\u00e9er avec la quantit\u00e9 donn\u00e9e. \t\t\t\tSculpture issue d\u2019un tumulte d\u2019\u00e9motions, submerg\u00e9e par une r\u00e9alit\u00e9 brutale qui ressort dans les plis accident\u00e9s avec la mati\u00e8re brute et effiloch\u00e9e. \nC\u2019est un travail de plis de bandes de toile \u00e0 canevas d\u00e9coup\u00e9es, effiloch\u00e9es, cousu pli par pli. La sculpture est en trois parties qui sont ensuite laitonn\u00e9es \u00e0 l\u2019int\u00e9rieur pour leurs donner le volume. \t\tPos\u00e9e et cousues sur une colonne de m\u00e9tal v\u00e9g\u00e9tal.\nNum\u00e9rot\u00e9e et sign\u00e9e au dos. H. 1m44  \/ L.  30 cm\n\u00a9virginieb\u00e9court\"\n               data-image-slug=\"archaique-tempete-6\"\n               class=\"ngg-fancybox\" rel=\"efe1dc30cf29a6233ffabc9c101985c2\">\n                <img\n                    title=\"Archaique Temp\u00eate\"\n                    alt=\"Archaique Temp\u00eate\"\n                    src=\"https:\/\/virginiebecourt.com\/wp-content\/gallery\/archaique-tempete\/thumbs\/thumbs_Archaique-tempete-6.jpg\"\n                    width=\"240\"\n                    height=\"160\"\n                    style=\"max-width:100%;\"\n                \/>\n            <\/a>\n        <\/div>\n\t\t\t\t\t\t\t<\/div> \n\t\t\t\n\t\t\t\t<div id=\"ngg-image-3\" class=\"ngg-gallery-thumbnail-box \" >\n\t\t\t\t        <div class=\"ngg-gallery-thumbnail\">\n            <a href=\"https:\/\/virginiebecourt.com\/wp-content\/gallery\/archaique-tempete\/Archaique-tempete-3.JPG\"\n               title=\"Elle est n\u00e9e d\u2019une contrainte que je me suis donn\u00e9e, celle d\u2019utiliser des mati\u00e8res premi\u00e8res anciennes ou de seconde main, issues de la r\u00e9cup\u00e9ration et de cr\u00e9er avec la quantit\u00e9 donn\u00e9e. \t\t\t\tSculpture issue d\u2019un tumulte d\u2019\u00e9motions, submerg\u00e9e par une r\u00e9alit\u00e9 brutale qui ressort dans les plis accident\u00e9s avec la mati\u00e8re brute et effiloch\u00e9e. \nC\u2019est un travail de plis de bandes de toile \u00e0 canevas d\u00e9coup\u00e9es, effiloch\u00e9es, cousu pli par pli. La sculpture est en trois parties qui sont ensuite laitonn\u00e9es \u00e0 l\u2019int\u00e9rieur pour leurs donner le volume. \t\tPos\u00e9e et cousues sur une colonne de m\u00e9tal v\u00e9g\u00e9tal.\nNum\u00e9rot\u00e9e et sign\u00e9e au dos. H. 1m44  \/ L.  30 cm\n\u00a9virginieb\u00e9court\"\n               data-src=\"https:\/\/virginiebecourt.com\/wp-content\/gallery\/archaique-tempete\/Archaique-tempete-3.JPG\"\n               data-thumbnail=\"https:\/\/virginiebecourt.com\/wp-content\/gallery\/archaique-tempete\/thumbs\/thumbs_Archaique-tempete-3.JPG\"\n               data-image-id=\"290\"\n               data-title=\"Archaique Temp\u00eate\"\n               data-description=\"Elle est n\u00e9e d\u2019une contrainte que je me suis donn\u00e9e, celle d\u2019utiliser des mati\u00e8res premi\u00e8res anciennes ou de seconde main, issues de la r\u00e9cup\u00e9ration et de cr\u00e9er avec la quantit\u00e9 donn\u00e9e. \t\t\t\tSculpture issue d\u2019un tumulte d\u2019\u00e9motions, submerg\u00e9e par une r\u00e9alit\u00e9 brutale qui ressort dans les plis accident\u00e9s avec la mati\u00e8re brute et effiloch\u00e9e. \nC\u2019est un travail de plis de bandes de toile \u00e0 canevas d\u00e9coup\u00e9es, effiloch\u00e9es, cousu pli par pli. La sculpture est en trois parties qui sont ensuite laitonn\u00e9es \u00e0 l\u2019int\u00e9rieur pour leurs donner le volume. \t\tPos\u00e9e et cousues sur une colonne de m\u00e9tal v\u00e9g\u00e9tal.\nNum\u00e9rot\u00e9e et sign\u00e9e au dos. H. 1m44  \/ L.  30 cm\n\u00a9virginieb\u00e9court\"\n               data-image-slug=\"archaique-tempete-3\"\n               class=\"ngg-fancybox\" rel=\"efe1dc30cf29a6233ffabc9c101985c2\">\n                <img\n                    title=\"Archaique Temp\u00eate\"\n                    alt=\"Archaique Temp\u00eate\"\n                    src=\"https:\/\/virginiebecourt.com\/wp-content\/gallery\/archaique-tempete\/thumbs\/thumbs_Archaique-tempete-3.JPG\"\n                    width=\"240\"\n                    height=\"160\"\n                    style=\"max-width:100%;\"\n                \/>\n            <\/a>\n        <\/div>\n\t\t\t\t\t\t\t<\/div> \n\t\t\t\n\t\t\t\t<div id=\"ngg-image-4\" class=\"ngg-gallery-thumbnail-box \" >\n\t\t\t\t        <div class=\"ngg-gallery-thumbnail\">\n            <a href=\"https:\/\/virginiebecourt.com\/wp-content\/gallery\/archaique-tempete\/Archaique-tempete-4.jpg\"\n               title=\"Elle est n\u00e9e d\u2019une contrainte que je me suis donn\u00e9e, celle d\u2019utiliser des mati\u00e8res premi\u00e8res anciennes ou de seconde main, issues de la r\u00e9cup\u00e9ration et de cr\u00e9er avec la quantit\u00e9 donn\u00e9e. \t\t\t\tSculpture issue d\u2019un tumulte d\u2019\u00e9motions, submerg\u00e9e par une r\u00e9alit\u00e9 brutale qui ressort dans les plis accident\u00e9s avec la mati\u00e8re brute et effiloch\u00e9e. \nC\u2019est un travail de plis de bandes de toile \u00e0 canevas d\u00e9coup\u00e9es, effiloch\u00e9es, cousu pli par pli. La sculpture est en trois parties qui sont ensuite laitonn\u00e9es \u00e0 l\u2019int\u00e9rieur pour leurs donner le volume. \t\tPos\u00e9e et cousues sur une colonne de m\u00e9tal v\u00e9g\u00e9tal.\nNum\u00e9rot\u00e9e et sign\u00e9e au dos. H. 1m44  \/ L.  30 cm\n\u00a9virginieb\u00e9court\"\n               data-src=\"https:\/\/virginiebecourt.com\/wp-content\/gallery\/archaique-tempete\/Archaique-tempete-4.jpg\"\n               data-thumbnail=\"https:\/\/virginiebecourt.com\/wp-content\/gallery\/archaique-tempete\/thumbs\/thumbs_Archaique-tempete-4.jpg\"\n               data-image-id=\"289\"\n               data-title=\"Archaique Temp\u00eate\"\n               data-description=\"Elle est n\u00e9e d\u2019une contrainte que je me suis donn\u00e9e, celle d\u2019utiliser des mati\u00e8res premi\u00e8res anciennes ou de seconde main, issues de la r\u00e9cup\u00e9ration et de cr\u00e9er avec la quantit\u00e9 donn\u00e9e. \t\t\t\tSculpture issue d\u2019un tumulte d\u2019\u00e9motions, submerg\u00e9e par une r\u00e9alit\u00e9 brutale qui ressort dans les plis accident\u00e9s avec la mati\u00e8re brute et effiloch\u00e9e. \nC\u2019est un travail de plis de bandes de toile \u00e0 canevas d\u00e9coup\u00e9es, effiloch\u00e9es, cousu pli par pli. La sculpture est en trois parties qui sont ensuite laitonn\u00e9es \u00e0 l\u2019int\u00e9rieur pour leurs donner le volume. \t\tPos\u00e9e et cousues sur une colonne de m\u00e9tal v\u00e9g\u00e9tal.\nNum\u00e9rot\u00e9e et sign\u00e9e au dos. H. 1m44  \/ L.  30 cm\n\u00a9virginieb\u00e9court\"\n               data-image-slug=\"archaique-tempete-4\"\n               class=\"ngg-fancybox\" rel=\"efe1dc30cf29a6233ffabc9c101985c2\">\n                <img\n                    title=\"Archaique Temp\u00eate\"\n                    alt=\"Archaique Temp\u00eate\"\n                    src=\"https:\/\/virginiebecourt.com\/wp-content\/gallery\/archaique-tempete\/thumbs\/thumbs_Archaique-tempete-4.jpg\"\n                    width=\"240\"\n                    height=\"160\"\n                    style=\"max-width:100%;\"\n                \/>\n            <\/a>\n        <\/div>\n\t\t\t\t\t\t\t<\/div> \n\t\t\t\n\t\t\t\t<div id=\"ngg-image-5\" class=\"ngg-gallery-thumbnail-box \" >\n\t\t\t\t        <div class=\"ngg-gallery-thumbnail\">\n            <a href=\"https:\/\/virginiebecourt.com\/wp-content\/gallery\/archaique-tempete\/Archaique-tempete-5.JPG\"\n               title=\"Elle est n\u00e9e d\u2019une contrainte que je me suis donn\u00e9e, celle d\u2019utiliser des mati\u00e8res premi\u00e8res anciennes ou de seconde main, issues de la r\u00e9cup\u00e9ration et de cr\u00e9er avec la quantit\u00e9 donn\u00e9e. \t\t\t\tSculpture issue d\u2019un tumulte d\u2019\u00e9motions, submerg\u00e9e par une r\u00e9alit\u00e9 brutale qui ressort dans les plis accident\u00e9s avec la mati\u00e8re brute et effiloch\u00e9e. \nC\u2019est un travail de plis de bandes de toile \u00e0 canevas d\u00e9coup\u00e9es, effiloch\u00e9es, cousu pli par pli. La sculpture est en trois parties qui sont ensuite laitonn\u00e9es \u00e0 l\u2019int\u00e9rieur pour leurs donner le volume. \t\tPos\u00e9e et cousues sur une colonne de m\u00e9tal v\u00e9g\u00e9tal.\nNum\u00e9rot\u00e9e et sign\u00e9e au dos. H. 1m44  \/ L.  30 cm\n\u00a9virginieb\u00e9court\"\n               data-src=\"https:\/\/virginiebecourt.com\/wp-content\/gallery\/archaique-tempete\/Archaique-tempete-5.JPG\"\n               data-thumbnail=\"https:\/\/virginiebecourt.com\/wp-content\/gallery\/archaique-tempete\/thumbs\/thumbs_Archaique-tempete-5.JPG\"\n               data-image-id=\"291\"\n               data-title=\"Archaique-tempete\"\n               data-description=\"Elle est n\u00e9e d\u2019une contrainte que je me suis donn\u00e9e, celle d\u2019utiliser des mati\u00e8res premi\u00e8res anciennes ou de seconde main, issues de la r\u00e9cup\u00e9ration et de cr\u00e9er avec la quantit\u00e9 donn\u00e9e. \t\t\t\tSculpture issue d\u2019un tumulte d\u2019\u00e9motions, submerg\u00e9e par une r\u00e9alit\u00e9 brutale qui ressort dans les plis accident\u00e9s avec la mati\u00e8re brute et effiloch\u00e9e. \nC\u2019est un travail de plis de bandes de toile \u00e0 canevas d\u00e9coup\u00e9es, effiloch\u00e9es, cousu pli par pli. La sculpture est en trois parties qui sont ensuite laitonn\u00e9es \u00e0 l\u2019int\u00e9rieur pour leurs donner le volume. \t\tPos\u00e9e et cousues sur une colonne de m\u00e9tal v\u00e9g\u00e9tal.\nNum\u00e9rot\u00e9e et sign\u00e9e au dos. H. 1m44  \/ L.  30 cm\n\u00a9virginieb\u00e9court\"\n               data-image-slug=\"archaique-tempete-5\"\n               class=\"ngg-fancybox\" rel=\"efe1dc30cf29a6233ffabc9c101985c2\">\n                <img\n                    title=\"Archaique-tempete\"\n                    alt=\"Archaique-tempete\"\n                    src=\"https:\/\/virginiebecourt.com\/wp-content\/gallery\/archaique-tempete\/thumbs\/thumbs_Archaique-tempete-5.JPG\"\n                    width=\"240\"\n                    height=\"160\"\n                    style=\"max-width:100%;\"\n                \/>\n            <\/a>\n        <\/div>\n\t\t\t\t\t\t\t<\/div> \n\t\t\t\n\t\n\t<br style=\"clear: both\" \/>\n\n\t\n\t\t<!-- Pagination -->\n\t<div class='ngg-clear'><\/div>\t<\/div>\n\n\n\n\n<p class=\"has-text-align-center\">Ab\u00eeme<\/p>\n\n\n\n<!-- default-view.php -->\n<div\n\tclass=\"ngg-galleryoverview default-view \"\n\tid=\"ngg-gallery-a27cfb92ead34df7d00c2d3c65c8eb79-1\">\n\n\t\t<!-- Thumbnails -->\n\t\t\t\t<div id=\"ngg-image-0\" class=\"ngg-gallery-thumbnail-box \" >\n\t\t\t\t        <div class=\"ngg-gallery-thumbnail\">\n            <a href=\"https:\/\/virginiebecourt.com\/wp-content\/gallery\/abime\/20230106_140217-ret.jpg\"\n               title=\"Aller chercher des \u00e9motions au plus profond de soi.\nOser le rouge.\n\nMultitudes de modules (c\u0153urs) simples et doubles, cousus un par un, puis rassembl\u00e9s et cousus pour faire une seule pi\u00e8ce.\nLaitonn\u00e9e pour donner la forme.\nPropret\u00e9 en feutre.\"\n               data-src=\"https:\/\/virginiebecourt.com\/wp-content\/gallery\/abime\/20230106_140217-ret.jpg\"\n               data-thumbnail=\"https:\/\/virginiebecourt.com\/wp-content\/gallery\/abime\/thumbs\/thumbs_20230106_140217-ret.jpg\"\n               data-image-id=\"351\"\n               data-title=\"Ab\u00eeme\"\n               data-description=\"Aller chercher des \u00e9motions au plus profond de soi.\nOser le rouge.\n\nMultitudes de modules (c\u0153urs) simples et doubles, cousus un par un, puis rassembl\u00e9s et cousus pour faire une seule pi\u00e8ce.\nLaitonn\u00e9e pour donner la forme.\nPropret\u00e9 en feutre.\"\n               data-image-slug=\"20230106_140217-ret\"\n               class=\"ngg-fancybox\" rel=\"a27cfb92ead34df7d00c2d3c65c8eb79\">\n                <img\n                    title=\"Ab\u00eeme\"\n                    alt=\"Ab\u00eeme\"\n                    src=\"https:\/\/virginiebecourt.com\/wp-content\/gallery\/abime\/thumbs\/thumbs_20230106_140217-ret.jpg\"\n                    width=\"240\"\n                    height=\"160\"\n                    style=\"max-width:100%;\"\n                \/>\n            <\/a>\n        <\/div>\n\t\t\t\t\t\t\t<\/div> \n\t\t\t\n\t\t\t\t<div id=\"ngg-image-1\" class=\"ngg-gallery-thumbnail-box \" >\n\t\t\t\t        <div class=\"ngg-gallery-thumbnail\">\n            <a href=\"https:\/\/virginiebecourt.com\/wp-content\/gallery\/abime\/20230106_140134-ret.jpg\"\n               title=\"Aller chercher des \u00e9motions au plus profond de soi.\nOser le rouge.\n\nMultitudes de modules (c\u0153urs) simples et doubles, cousus un par un, puis rassembl\u00e9s et cousus pour faire une seule pi\u00e8ce.\nLaitonn\u00e9e pour donner la forme.\nPropret\u00e9 en feutre.\"\n               data-src=\"https:\/\/virginiebecourt.com\/wp-content\/gallery\/abime\/20230106_140134-ret.jpg\"\n               data-thumbnail=\"https:\/\/virginiebecourt.com\/wp-content\/gallery\/abime\/thumbs\/thumbs_20230106_140134-ret.jpg\"\n               data-image-id=\"352\"\n               data-title=\"Ab\u00eeme\"\n               data-description=\"Aller chercher des \u00e9motions au plus profond de soi.\nOser le rouge.\n\nMultitudes de modules (c\u0153urs) simples et doubles, cousus un par un, puis rassembl\u00e9s et cousus pour faire une seule pi\u00e8ce.\nLaitonn\u00e9e pour donner la forme.\nPropret\u00e9 en feutre.\"\n               data-image-slug=\"20230106_140134-ret\"\n               class=\"ngg-fancybox\" rel=\"a27cfb92ead34df7d00c2d3c65c8eb79\">\n                <img\n                    title=\"Ab\u00eeme\"\n                    alt=\"Ab\u00eeme\"\n                    src=\"https:\/\/virginiebecourt.com\/wp-content\/gallery\/abime\/thumbs\/thumbs_20230106_140134-ret.jpg\"\n                    width=\"240\"\n                    height=\"160\"\n                    style=\"max-width:100%;\"\n                \/>\n            <\/a>\n        <\/div>\n\t\t\t\t\t\t\t<\/div> \n\t\t\t\n\t\n\t<br style=\"clear: both\" \/>\n\n\t\n\t\t<!-- Pagination -->\n\t<div class='ngg-clear'><\/div>\t<\/div>\n\n\n\n\n<h3 class=\"has-text-align-center wp-block-heading\">Pachys\u00e9ris<\/h3>\n\n\n\n<!-- default-view.php -->\n<div\n\tclass=\"ngg-galleryoverview default-view \"\n\tid=\"ngg-gallery-4e667414d539048a5d34965e861705a2-1\">\n\n\t\t<!-- Thumbnails -->\n\t\t\t\t<div id=\"ngg-image-0\" class=\"ngg-gallery-thumbnail-box \" >\n\t\t\t\t        <div class=\"ngg-gallery-thumbnail\">\n            <a href=\"https:\/\/virginiebecourt.com\/wp-content\/gallery\/pachyseris\/0790.jpg\"\n               title=\"Travail sensitif, avec une inspiration de  la nature. J\u2019aime cr\u00e9er un microsome pour \u00e9veiller l\u2019imagination et d\u00e9tourner des mat\u00e9riaux qui sont habituellement cach\u00e9s pour les  r\u00e9v\u00e9ler dans la sculpture.\n\n\tTravail de plis textile cousu point par point. Pi\u00e8ce mont\u00e9e et cousue ensuite sur une colonne vert\u00e9brale et des tiges martel\u00e9es en m\u00e9tal.  Num\u00e9rot\u00e9e et sign\u00e9e au dos. H. au plus bas 8cm\/ au plus haut 22 cm \/ Largeur 62 cm sur 50 cm \n\tA poser.  \u00a9stephanedurieu\"\n               data-src=\"https:\/\/virginiebecourt.com\/wp-content\/gallery\/pachyseris\/0790.jpg\"\n               data-thumbnail=\"https:\/\/virginiebecourt.com\/wp-content\/gallery\/pachyseris\/thumbs\/thumbs_0790.jpg\"\n               data-image-id=\"150\"\n               data-title=\"Pachys\u00e9ris\"\n               data-description=\"Travail sensitif, avec une inspiration de  la nature. J\u2019aime cr\u00e9er un microsome pour \u00e9veiller l\u2019imagination et d\u00e9tourner des mat\u00e9riaux qui sont habituellement cach\u00e9s pour les  r\u00e9v\u00e9ler dans la sculpture.\n\n\tTravail de plis textile cousu point par point. Pi\u00e8ce mont\u00e9e et cousue ensuite sur une colonne vert\u00e9brale et des tiges martel\u00e9es en m\u00e9tal.  Num\u00e9rot\u00e9e et sign\u00e9e au dos. H. au plus bas 8cm\/ au plus haut 22 cm \/ Largeur 62 cm sur 50 cm \n\tA poser.  \u00a9stephanedurieu\"\n               data-image-slug=\"0790\"\n               class=\"ngg-fancybox\" rel=\"4e667414d539048a5d34965e861705a2\">\n                <img\n                    title=\"Pachys\u00e9ris\"\n                    alt=\"Pachys\u00e9ris\"\n                    src=\"https:\/\/virginiebecourt.com\/wp-content\/gallery\/pachyseris\/thumbs\/thumbs_0790.jpg\"\n                    width=\"240\"\n                    height=\"160\"\n                    style=\"max-width:100%;\"\n                \/>\n            <\/a>\n        <\/div>\n\t\t\t\t\t\t\t<\/div> \n\t\t\t\n\t\t\t\t<div id=\"ngg-image-1\" class=\"ngg-gallery-thumbnail-box \" >\n\t\t\t\t        <div class=\"ngg-gallery-thumbnail\">\n            <a href=\"https:\/\/virginiebecourt.com\/wp-content\/gallery\/pachyseris\/0774recadre.jpg\"\n               title=\"Travail sensitif, avec une inspiration de  la nature. J\u2019aime cr\u00e9er un microsome pour \u00e9veiller l\u2019imagination et d\u00e9tourner des mat\u00e9riaux qui sont habituellement cach\u00e9s pour les  r\u00e9v\u00e9ler dans la sculpture.\n\n\tTravail de plis textile cousu point par point. Pi\u00e8ce mont\u00e9e et cousue ensuite sur une colonne vert\u00e9brale et des tiges martel\u00e9es en m\u00e9tal.  Num\u00e9rot\u00e9e et sign\u00e9e au dos. H. au plus bas 8cm\/ au plus haut 22 cm \/ Largeur 62 cm sur 50 cm \n\tA poser.  \u00a9stephanedurieu\"\n               data-src=\"https:\/\/virginiebecourt.com\/wp-content\/gallery\/pachyseris\/0774recadre.jpg\"\n               data-thumbnail=\"https:\/\/virginiebecourt.com\/wp-content\/gallery\/pachyseris\/thumbs\/thumbs_0774recadre.jpg\"\n               data-image-id=\"148\"\n               data-title=\"Pachys\u00e9ris\"\n               data-description=\"Travail sensitif, avec une inspiration de  la nature. J\u2019aime cr\u00e9er un microsome pour \u00e9veiller l\u2019imagination et d\u00e9tourner des mat\u00e9riaux qui sont habituellement cach\u00e9s pour les  r\u00e9v\u00e9ler dans la sculpture.\n\n\tTravail de plis textile cousu point par point. Pi\u00e8ce mont\u00e9e et cousue ensuite sur une colonne vert\u00e9brale et des tiges martel\u00e9es en m\u00e9tal.  Num\u00e9rot\u00e9e et sign\u00e9e au dos. H. au plus bas 8cm\/ au plus haut 22 cm \/ Largeur 62 cm sur 50 cm \n\tA poser.  \u00a9stephanedurieu\"\n               data-image-slug=\"0774recadre\"\n               class=\"ngg-fancybox\" rel=\"4e667414d539048a5d34965e861705a2\">\n                <img\n                    title=\"Pachys\u00e9ris\"\n                    alt=\"Pachys\u00e9ris\"\n                    src=\"https:\/\/virginiebecourt.com\/wp-content\/gallery\/pachyseris\/thumbs\/thumbs_0774recadre.jpg\"\n                    width=\"240\"\n                    height=\"160\"\n                    style=\"max-width:100%;\"\n                \/>\n            <\/a>\n        <\/div>\n\t\t\t\t\t\t\t<\/div> \n\t\t\t\n\t\t\t\t<div id=\"ngg-image-2\" class=\"ngg-gallery-thumbnail-box \" >\n\t\t\t\t        <div class=\"ngg-gallery-thumbnail\">\n            <a href=\"https:\/\/virginiebecourt.com\/wp-content\/gallery\/pachyseris\/0776recadre.jpg\"\n               title=\"Travail sensitif, avec une inspiration de  la nature. J\u2019aime cr\u00e9er un microsome pour \u00e9veiller l\u2019imagination et d\u00e9tourner des mat\u00e9riaux qui sont habituellement cach\u00e9s pour les  r\u00e9v\u00e9ler dans la sculpture.\n\n\tTravail de plis textile cousu point par point. Pi\u00e8ce mont\u00e9e et cousue ensuite sur une colonne vert\u00e9brale et des tiges martel\u00e9es en m\u00e9tal.  Num\u00e9rot\u00e9e et sign\u00e9e au dos. H. au plus bas 8cm\/ au plus haut 22 cm \/ Largeur 62 cm sur 50 cm \n\tA poser.  \u00a9stephanedurieu\"\n               data-src=\"https:\/\/virginiebecourt.com\/wp-content\/gallery\/pachyseris\/0776recadre.jpg\"\n               data-thumbnail=\"https:\/\/virginiebecourt.com\/wp-content\/gallery\/pachyseris\/thumbs\/thumbs_0776recadre.jpg\"\n               data-image-id=\"149\"\n               data-title=\"Pachys\u00e9ris\"\n               data-description=\"Travail sensitif, avec une inspiration de  la nature. J\u2019aime cr\u00e9er un microsome pour \u00e9veiller l\u2019imagination et d\u00e9tourner des mat\u00e9riaux qui sont habituellement cach\u00e9s pour les  r\u00e9v\u00e9ler dans la sculpture.\n\n\tTravail de plis textile cousu point par point. Pi\u00e8ce mont\u00e9e et cousue ensuite sur une colonne vert\u00e9brale et des tiges martel\u00e9es en m\u00e9tal.  Num\u00e9rot\u00e9e et sign\u00e9e au dos. H. au plus bas 8cm\/ au plus haut 22 cm \/ Largeur 62 cm sur 50 cm \n\tA poser.  \u00a9stephanedurieu\"\n               data-image-slug=\"0776recadre\"\n               class=\"ngg-fancybox\" rel=\"4e667414d539048a5d34965e861705a2\">\n                <img\n                    title=\"Pachys\u00e9ris\"\n                    alt=\"Pachys\u00e9ris\"\n                    src=\"https:\/\/virginiebecourt.com\/wp-content\/gallery\/pachyseris\/thumbs\/thumbs_0776recadre.jpg\"\n                    width=\"240\"\n                    height=\"160\"\n                    style=\"max-width:100%;\"\n                \/>\n            <\/a>\n        <\/div>\n\t\t\t\t\t\t\t<\/div> \n\t\t\t\n\t\t\t\t<div id=\"ngg-image-3\" class=\"ngg-gallery-thumbnail-box \" >\n\t\t\t\t        <div class=\"ngg-gallery-thumbnail\">\n            <a href=\"https:\/\/virginiebecourt.com\/wp-content\/gallery\/pachyseris\/0771.jpg\"\n               title=\"Travail sensitif, avec une inspiration de  la nature. J\u2019aime cr\u00e9er un microsome pour \u00e9veiller l\u2019imagination et d\u00e9tourner des mat\u00e9riaux qui sont habituellement cach\u00e9s pour les  r\u00e9v\u00e9ler dans la sculpture.\n\n\tTravail de plis textile cousu point par point. Pi\u00e8ce mont\u00e9e et cousue ensuite sur une colonne vert\u00e9brale et des tiges martel\u00e9es en m\u00e9tal.  Num\u00e9rot\u00e9e et sign\u00e9e au dos. H. au plus bas 8cm\/ au plus haut 22 cm \/ Largeur 62 cm sur 50 cm \n\tA poser.  \u00a9stephanedurieu\"\n               data-src=\"https:\/\/virginiebecourt.com\/wp-content\/gallery\/pachyseris\/0771.jpg\"\n               data-thumbnail=\"https:\/\/virginiebecourt.com\/wp-content\/gallery\/pachyseris\/thumbs\/thumbs_0771.jpg\"\n               data-image-id=\"147\"\n               data-title=\"Pachys\u00e9ris\"\n               data-description=\"Travail sensitif, avec une inspiration de  la nature. J\u2019aime cr\u00e9er un microsome pour \u00e9veiller l\u2019imagination et d\u00e9tourner des mat\u00e9riaux qui sont habituellement cach\u00e9s pour les  r\u00e9v\u00e9ler dans la sculpture.\n\n\tTravail de plis textile cousu point par point. Pi\u00e8ce mont\u00e9e et cousue ensuite sur une colonne vert\u00e9brale et des tiges martel\u00e9es en m\u00e9tal.  Num\u00e9rot\u00e9e et sign\u00e9e au dos. H. au plus bas 8cm\/ au plus haut 22 cm \/ Largeur 62 cm sur 50 cm \n\tA poser.  \u00a9stephanedurieu\"\n               data-image-slug=\"0771\"\n               class=\"ngg-fancybox\" rel=\"4e667414d539048a5d34965e861705a2\">\n                <img\n                    title=\"Pachys\u00e9ris\"\n                    alt=\"Pachys\u00e9ris\"\n                    src=\"https:\/\/virginiebecourt.com\/wp-content\/gallery\/pachyseris\/thumbs\/thumbs_0771.jpg\"\n                    width=\"240\"\n                    height=\"160\"\n                    style=\"max-width:100%;\"\n                \/>\n            <\/a>\n        <\/div>\n\t\t\t\t\t\t\t<\/div> \n\t\t\t\n\t\t\t\t<div id=\"ngg-image-4\" class=\"ngg-gallery-thumbnail-box \" >\n\t\t\t\t        <div class=\"ngg-gallery-thumbnail\">\n            <a href=\"https:\/\/virginiebecourt.com\/wp-content\/gallery\/pachyseris\/0799.jpg\"\n               title=\"Travail sensitif, avec une inspiration de  la nature. J\u2019aime cr\u00e9er un microsome pour \u00e9veiller l\u2019imagination et d\u00e9tourner des mat\u00e9riaux qui sont habituellement cach\u00e9s pour les  r\u00e9v\u00e9ler dans la sculpture.\n\n\tTravail de plis textile cousu point par point. Pi\u00e8ce mont\u00e9e et cousue ensuite sur une colonne vert\u00e9brale et des tiges martel\u00e9es en m\u00e9tal.  Num\u00e9rot\u00e9e et sign\u00e9e au dos. H. au plus bas 8cm\/ au plus haut 22 cm \/ Largeur 62 cm sur 50 cm \n\tA poser.  \u00a9stephanedurieu\"\n               data-src=\"https:\/\/virginiebecourt.com\/wp-content\/gallery\/pachyseris\/0799.jpg\"\n               data-thumbnail=\"https:\/\/virginiebecourt.com\/wp-content\/gallery\/pachyseris\/thumbs\/thumbs_0799.jpg\"\n               data-image-id=\"151\"\n               data-title=\"Pachys\u00e9ris\"\n               data-description=\"Travail sensitif, avec une inspiration de  la nature. J\u2019aime cr\u00e9er un microsome pour \u00e9veiller l\u2019imagination et d\u00e9tourner des mat\u00e9riaux qui sont habituellement cach\u00e9s pour les  r\u00e9v\u00e9ler dans la sculpture.\n\n\tTravail de plis textile cousu point par point. Pi\u00e8ce mont\u00e9e et cousue ensuite sur une colonne vert\u00e9brale et des tiges martel\u00e9es en m\u00e9tal.  Num\u00e9rot\u00e9e et sign\u00e9e au dos. H. au plus bas 8cm\/ au plus haut 22 cm \/ Largeur 62 cm sur 50 cm \n\tA poser.  \u00a9stephanedurieu\"\n               data-image-slug=\"0799\"\n               class=\"ngg-fancybox\" rel=\"4e667414d539048a5d34965e861705a2\">\n                <img\n                    title=\"Pachys\u00e9ris\"\n                    alt=\"Pachys\u00e9ris\"\n                    src=\"https:\/\/virginiebecourt.com\/wp-content\/gallery\/pachyseris\/thumbs\/thumbs_0799.jpg\"\n                    width=\"240\"\n                    height=\"160\"\n                    style=\"max-width:100%;\"\n                \/>\n            <\/a>\n        <\/div>\n\t\t\t\t\t\t\t<\/div> \n\t\t\t\n\t\t\t\t<div id=\"ngg-image-5\" class=\"ngg-gallery-thumbnail-box \" >\n\t\t\t\t        <div class=\"ngg-gallery-thumbnail\">\n            <a href=\"https:\/\/virginiebecourt.com\/wp-content\/gallery\/pachyseris\/0814.jpg\"\n               title=\"Travail sensitif, avec une inspiration de  la nature. J\u2019aime cr\u00e9er un microsome pour \u00e9veiller l\u2019imagination et d\u00e9tourner des mat\u00e9riaux qui sont habituellement cach\u00e9s pour les  r\u00e9v\u00e9ler dans la sculpture.\n\n\tTravail de plis textile cousu point par point. Pi\u00e8ce mont\u00e9e et cousue ensuite sur une colonne vert\u00e9brale et des tiges martel\u00e9es en m\u00e9tal.  Num\u00e9rot\u00e9e et sign\u00e9e au dos. H. au plus bas 8cm\/ au plus haut 22 cm \/ Largeur 62 cm sur 50 cm \n\tA poser.  \u00a9stephanedurieu\"\n               data-src=\"https:\/\/virginiebecourt.com\/wp-content\/gallery\/pachyseris\/0814.jpg\"\n               data-thumbnail=\"https:\/\/virginiebecourt.com\/wp-content\/gallery\/pachyseris\/thumbs\/thumbs_0814.jpg\"\n               data-image-id=\"152\"\n               data-title=\"Pachys\u00e9ris\"\n               data-description=\"Travail sensitif, avec une inspiration de  la nature. J\u2019aime cr\u00e9er un microsome pour \u00e9veiller l\u2019imagination et d\u00e9tourner des mat\u00e9riaux qui sont habituellement cach\u00e9s pour les  r\u00e9v\u00e9ler dans la sculpture.\n\n\tTravail de plis textile cousu point par point. Pi\u00e8ce mont\u00e9e et cousue ensuite sur une colonne vert\u00e9brale et des tiges martel\u00e9es en m\u00e9tal.  Num\u00e9rot\u00e9e et sign\u00e9e au dos. H. au plus bas 8cm\/ au plus haut 22 cm \/ Largeur 62 cm sur 50 cm \n\tA poser.  \u00a9stephanedurieu\"\n               data-image-slug=\"0814\"\n               class=\"ngg-fancybox\" rel=\"4e667414d539048a5d34965e861705a2\">\n                <img\n                    title=\"Pachys\u00e9ris\"\n                    alt=\"Pachys\u00e9ris\"\n                    src=\"https:\/\/virginiebecourt.com\/wp-content\/gallery\/pachyseris\/thumbs\/thumbs_0814.jpg\"\n                    width=\"240\"\n                    height=\"160\"\n                    style=\"max-width:100%;\"\n                \/>\n            <\/a>\n        <\/div>\n\t\t\t\t\t\t\t<\/div> \n\t\t\t\n\t\n\t<br style=\"clear: both\" \/>\n\n\t\n\t\t<!-- Pagination -->\n\t<div class='ngg-clear'><\/div>\t<\/div>\n\n\n\n\n<h3 class=\"has-text-align-center wp-block-heading\">Tr\u00e9sor, prendre soin \u2026<\/h3>\n\n\n\n<!-- default-view.php -->\n<div\n\tclass=\"ngg-galleryoverview default-view \"\n\tid=\"ngg-gallery-abec78d0af976341a77ccbbf1beb435a-1\">\n\n\t\t<!-- Thumbnails -->\n\t\t\t\t<div id=\"ngg-image-0\" class=\"ngg-gallery-thumbnail-box \" >\n\t\t\t\t        <div class=\"ngg-gallery-thumbnail\">\n            <a href=\"https:\/\/virginiebecourt.com\/wp-content\/gallery\/tresor-prendre-soin\/0721-recadre.jpg\"\n               title=\"M\u00e9taphore entre la nature et l homme : Sculpture travaill\u00e9e en plis avec un textile &quot;vieil or&quot;, comme un objet pr\u00e9cieux : le c\u0153ur de l&#039;homme.\nSa structure en m\u00e9tal assoit le c\u00f4t\u00e9 v\u00e9g\u00e9tal, organique, la nature.\nPrendre conscience que c&#039;est un ch\u0153ur vertueux.\nPrendre soin de la nature c est prendre soin de l&#039;homme.\nUn tr\u00e9sor \u00e0 pr\u00e9server.\nTextile et m\u00e9tal.  H 65 cm\/L 64 cm\n\u00a9stephanedurieu\"\n               data-src=\"https:\/\/virginiebecourt.com\/wp-content\/gallery\/tresor-prendre-soin\/0721-recadre.jpg\"\n               data-thumbnail=\"https:\/\/virginiebecourt.com\/wp-content\/gallery\/tresor-prendre-soin\/thumbs\/thumbs_0721-recadre.jpg\"\n               data-image-id=\"143\"\n               data-title=\"Tr\u00e9sor, prendre soin ...\"\n               data-description=\"M\u00e9taphore entre la nature et l homme : Sculpture travaill\u00e9e en plis avec un textile &quot;vieil or&quot;, comme un objet pr\u00e9cieux : le c\u0153ur de l&#039;homme.\nSa structure en m\u00e9tal assoit le c\u00f4t\u00e9 v\u00e9g\u00e9tal, organique, la nature.\nPrendre conscience que c&#039;est un ch\u0153ur vertueux.\nPrendre soin de la nature c est prendre soin de l&#039;homme.\nUn tr\u00e9sor \u00e0 pr\u00e9server.\nTextile et m\u00e9tal.  H 65 cm\/L 64 cm\n\u00a9stephanedurieu\"\n               data-image-slug=\"0721-recadre\"\n               class=\"ngg-fancybox\" rel=\"abec78d0af976341a77ccbbf1beb435a\">\n                <img\n                    title=\"Tr\u00e9sor, prendre soin ...\"\n                    alt=\"Tr\u00e9sor, prendre soin ...\"\n                    src=\"https:\/\/virginiebecourt.com\/wp-content\/gallery\/tresor-prendre-soin\/thumbs\/thumbs_0721-recadre.jpg\"\n                    width=\"240\"\n                    height=\"160\"\n                    style=\"max-width:100%;\"\n                \/>\n            <\/a>\n        <\/div>\n\t\t\t\t\t\t\t<\/div> \n\t\t\t\n\t\t\t\t<div id=\"ngg-image-1\" class=\"ngg-gallery-thumbnail-box \" >\n\t\t\t\t        <div class=\"ngg-gallery-thumbnail\">\n            <a href=\"https:\/\/virginiebecourt.com\/wp-content\/gallery\/tresor-prendre-soin\/0730.jpg\"\n               title=\"M\u00e9taphore entre la nature et l homme : Sculpture travaill\u00e9e en plis avec un textile &quot;vieil or&quot;, comme un objet pr\u00e9cieux : le c\u0153ur de l&#039;homme.\nSa structure en m\u00e9tal assoit le c\u00f4t\u00e9 v\u00e9g\u00e9tal, organique, la nature.\nPrendre conscience que c&#039;est un ch\u0153ur vertueux.\nPrendre soin de la nature c est prendre soin de l&#039;homme.\nUn tr\u00e9sor \u00e0 pr\u00e9server.\nTextile et m\u00e9tal.  H 65 cm\/L 64 cm\n\u00a9stephanedurieu\"\n               data-src=\"https:\/\/virginiebecourt.com\/wp-content\/gallery\/tresor-prendre-soin\/0730.jpg\"\n               data-thumbnail=\"https:\/\/virginiebecourt.com\/wp-content\/gallery\/tresor-prendre-soin\/thumbs\/thumbs_0730.jpg\"\n               data-image-id=\"144\"\n               data-title=\"Tr\u00e9sor, prendre soin ...\"\n               data-description=\"M\u00e9taphore entre la nature et l homme : Sculpture travaill\u00e9e en plis avec un textile &quot;vieil or&quot;, comme un objet pr\u00e9cieux : le c\u0153ur de l&#039;homme.\nSa structure en m\u00e9tal assoit le c\u00f4t\u00e9 v\u00e9g\u00e9tal, organique, la nature.\nPrendre conscience que c&#039;est un ch\u0153ur vertueux.\nPrendre soin de la nature c est prendre soin de l&#039;homme.\nUn tr\u00e9sor \u00e0 pr\u00e9server.\nTextile et m\u00e9tal.  H 65 cm\/L 64 cm\n\u00a9stephanedurieu\"\n               data-image-slug=\"0730\"\n               class=\"ngg-fancybox\" rel=\"abec78d0af976341a77ccbbf1beb435a\">\n                <img\n                    title=\"Tr\u00e9sor, prendre soin ...\"\n                    alt=\"Tr\u00e9sor, prendre soin ...\"\n                    src=\"https:\/\/virginiebecourt.com\/wp-content\/gallery\/tresor-prendre-soin\/thumbs\/thumbs_0730.jpg\"\n                    width=\"240\"\n                    height=\"160\"\n                    style=\"max-width:100%;\"\n                \/>\n            <\/a>\n        <\/div>\n\t\t\t\t\t\t\t<\/div> \n\t\t\t\n\t\t\t\t<div id=\"ngg-image-2\" class=\"ngg-gallery-thumbnail-box \" >\n\t\t\t\t        <div class=\"ngg-gallery-thumbnail\">\n            <a href=\"https:\/\/virginiebecourt.com\/wp-content\/gallery\/tresor-prendre-soin\/0728recadre.jpg\"\n               title=\"M\u00e9taphore entre la nature et l homme : Sculpture travaill\u00e9e en plis avec un textile &quot;vieil or&quot;, comme un objet pr\u00e9cieux : le c\u0153ur de l&#039;homme.\nSa structure en m\u00e9tal assoit le c\u00f4t\u00e9 v\u00e9g\u00e9tal, organique, la nature.\nPrendre conscience que c&#039;est un ch\u0153ur vertueux.\nPrendre soin de la nature c est prendre soin de l&#039;homme.\nUn tr\u00e9sor \u00e0 pr\u00e9server.\nTextile et m\u00e9tal.  H 65 cm\/L 64 cm\n\u00a9stephanedurieu\"\n               data-src=\"https:\/\/virginiebecourt.com\/wp-content\/gallery\/tresor-prendre-soin\/0728recadre.jpg\"\n               data-thumbnail=\"https:\/\/virginiebecourt.com\/wp-content\/gallery\/tresor-prendre-soin\/thumbs\/thumbs_0728recadre.jpg\"\n               data-image-id=\"146\"\n               data-title=\"Tr\u00e9sor, prendre soin \u2026\"\n               data-description=\"M\u00e9taphore entre la nature et l homme : Sculpture travaill\u00e9e en plis avec un textile &quot;vieil or&quot;, comme un objet pr\u00e9cieux : le c\u0153ur de l&#039;homme.\nSa structure en m\u00e9tal assoit le c\u00f4t\u00e9 v\u00e9g\u00e9tal, organique, la nature.\nPrendre conscience que c&#039;est un ch\u0153ur vertueux.\nPrendre soin de la nature c est prendre soin de l&#039;homme.\nUn tr\u00e9sor \u00e0 pr\u00e9server.\nTextile et m\u00e9tal.  H 65 cm\/L 64 cm\n\u00a9stephanedurieu\"\n               data-image-slug=\"0728recadre\"\n               class=\"ngg-fancybox\" rel=\"abec78d0af976341a77ccbbf1beb435a\">\n                <img\n                    title=\"Tr\u00e9sor, prendre soin \u2026\"\n                    alt=\"Tr\u00e9sor, prendre soin \u2026\"\n                    src=\"https:\/\/virginiebecourt.com\/wp-content\/gallery\/tresor-prendre-soin\/thumbs\/thumbs_0728recadre.jpg\"\n                    width=\"240\"\n                    height=\"160\"\n                    style=\"max-width:100%;\"\n                \/>\n            <\/a>\n        <\/div>\n\t\t\t\t\t\t\t<\/div> \n\t\t\t\n\t\t\t\t<div id=\"ngg-image-3\" class=\"ngg-gallery-thumbnail-box \" >\n\t\t\t\t        <div class=\"ngg-gallery-thumbnail\">\n            <a href=\"https:\/\/virginiebecourt.com\/wp-content\/gallery\/tresor-prendre-soin\/0751.jpg\"\n               title=\"M\u00e9taphore entre la nature et l homme : Sculpture travaill\u00e9e en plis avec un textile &quot;vieil or&quot;, comme un objet pr\u00e9cieux : le c\u0153ur de l&#039;homme.\nSa structure en m\u00e9tal assoit le c\u00f4t\u00e9 v\u00e9g\u00e9tal, organique, la nature.\nPrendre conscience que c&#039;est un ch\u0153ur vertueux.\nPrendre soin de la nature c est prendre soin de l&#039;homme.\nUn tr\u00e9sor \u00e0 pr\u00e9server.\nTextile et m\u00e9tal.  H 65 cm\/L 64 cm\n\u00a9stephanedurieu\"\n               data-src=\"https:\/\/virginiebecourt.com\/wp-content\/gallery\/tresor-prendre-soin\/0751.jpg\"\n               data-thumbnail=\"https:\/\/virginiebecourt.com\/wp-content\/gallery\/tresor-prendre-soin\/thumbs\/thumbs_0751.jpg\"\n               data-image-id=\"145\"\n               data-title=\"Tr\u00e9sor, prendre soin ...\"\n               data-description=\"M\u00e9taphore entre la nature et l homme : Sculpture travaill\u00e9e en plis avec un textile &quot;vieil or&quot;, comme un objet pr\u00e9cieux : le c\u0153ur de l&#039;homme.\nSa structure en m\u00e9tal assoit le c\u00f4t\u00e9 v\u00e9g\u00e9tal, organique, la nature.\nPrendre conscience que c&#039;est un ch\u0153ur vertueux.\nPrendre soin de la nature c est prendre soin de l&#039;homme.\nUn tr\u00e9sor \u00e0 pr\u00e9server.\nTextile et m\u00e9tal.  H 65 cm\/L 64 cm\n\u00a9stephanedurieu\"\n               data-image-slug=\"0751\"\n               class=\"ngg-fancybox\" rel=\"abec78d0af976341a77ccbbf1beb435a\">\n                <img\n                    title=\"Tr\u00e9sor, prendre soin ...\"\n                    alt=\"Tr\u00e9sor, prendre soin ...\"\n                    src=\"https:\/\/virginiebecourt.com\/wp-content\/gallery\/tresor-prendre-soin\/thumbs\/thumbs_0751.jpg\"\n                    width=\"240\"\n                    height=\"160\"\n                    style=\"max-width:100%;\"\n                \/>\n            <\/a>\n        <\/div>\n\t\t\t\t\t\t\t<\/div> \n\t\t\t\n\t\t\t\t<div id=\"ngg-image-4\" class=\"ngg-gallery-thumbnail-box \" >\n\t\t\t\t        <div class=\"ngg-gallery-thumbnail\">\n            <a href=\"https:\/\/virginiebecourt.com\/wp-content\/gallery\/tresor-prendre-soin\/0767.jpg\"\n               title=\"M\u00e9taphore entre la nature et l homme : Sculpture travaill\u00e9e en plis avec un textile &quot;vieil or&quot;, comme un objet pr\u00e9cieux : le c\u0153ur de l&#039;homme.\nSa structure en m\u00e9tal assoit le c\u00f4t\u00e9 v\u00e9g\u00e9tal, organique, la nature.\nPrendre conscience que c&#039;est un ch\u0153ur vertueux.\nPrendre soin de la nature c est prendre soin de l&#039;homme.\nUn tr\u00e9sor \u00e0 pr\u00e9server.\nTextile et m\u00e9tal.  H 65 cm\/L 64 cm\n\u00a9stephanedurieu\"\n               data-src=\"https:\/\/virginiebecourt.com\/wp-content\/gallery\/tresor-prendre-soin\/0767.jpg\"\n               data-thumbnail=\"https:\/\/virginiebecourt.com\/wp-content\/gallery\/tresor-prendre-soin\/thumbs\/thumbs_0767.jpg\"\n               data-image-id=\"156\"\n               data-title=\"Tr\u00e9sor, prendre soin ...\"\n               data-description=\"M\u00e9taphore entre la nature et l homme : Sculpture travaill\u00e9e en plis avec un textile &quot;vieil or&quot;, comme un objet pr\u00e9cieux : le c\u0153ur de l&#039;homme.\nSa structure en m\u00e9tal assoit le c\u00f4t\u00e9 v\u00e9g\u00e9tal, organique, la nature.\nPrendre conscience que c&#039;est un ch\u0153ur vertueux.\nPrendre soin de la nature c est prendre soin de l&#039;homme.\nUn tr\u00e9sor \u00e0 pr\u00e9server.\nTextile et m\u00e9tal.  H 65 cm\/L 64 cm\n\u00a9stephanedurieu\"\n               data-image-slug=\"0767\"\n               class=\"ngg-fancybox\" rel=\"abec78d0af976341a77ccbbf1beb435a\">\n                <img\n                    title=\"Tr\u00e9sor, prendre soin ...\"\n                    alt=\"Tr\u00e9sor, prendre soin ...\"\n                    src=\"https:\/\/virginiebecourt.com\/wp-content\/gallery\/tresor-prendre-soin\/thumbs\/thumbs_0767.jpg\"\n                    width=\"240\"\n                    height=\"160\"\n                    style=\"max-width:100%;\"\n                \/>\n            <\/a>\n        <\/div>\n\t\t\t\t\t\t\t<\/div> \n\t\t\t\n\t\n\t<br style=\"clear: both\" \/>\n\n\t\n\t\t<!-- Pagination -->\n\t<div class='ngg-clear'><\/div>\t<\/div>\n\n\n\n\n<p class=\"has-text-align-center\">Refuge<\/p>\n\n\n\n<!-- default-view.php -->\n<div\n\tclass=\"ngg-galleryoverview default-view \"\n\tid=\"ngg-gallery-266b7aa64a2fa5fb39b91a1475193c9f-1\">\n\n\t\t<!-- Thumbnails -->\n\t\t\t\t<div id=\"ngg-image-0\" class=\"ngg-gallery-thumbnail-box \" >\n\t\t\t\t        <div class=\"ngg-gallery-thumbnail\">\n            <a href=\"https:\/\/virginiebecourt.com\/wp-content\/gallery\/refuge\/20221011_112242.jpg\"\n               title=\"Se blottir, se recroqueviller, s\u2019envelopper\u2026 \n\nTravail de plis de serg\u00e9, cousu. \nPropret\u00e9 en soie.\nSocle en m\u00e9tal avec pi\u00e8ce cousu dessus.\nH. 27 cm \/ L. 36 cm\n\u00a9virginieb\u00e9court\"\n               data-src=\"https:\/\/virginiebecourt.com\/wp-content\/gallery\/refuge\/20221011_112242.jpg\"\n               data-thumbnail=\"https:\/\/virginiebecourt.com\/wp-content\/gallery\/refuge\/thumbs\/thumbs_20221011_112242.jpg\"\n               data-image-id=\"309\"\n               data-title=\"Refuge\"\n               data-description=\"Se blottir, se recroqueviller, s\u2019envelopper\u2026 \n\nTravail de plis de serg\u00e9, cousu. \nPropret\u00e9 en soie.\nSocle en m\u00e9tal avec pi\u00e8ce cousu dessus.\nH. 27 cm \/ L. 36 cm\n\u00a9virginieb\u00e9court\"\n               data-image-slug=\"20221011_112242\"\n               class=\"ngg-fancybox\" rel=\"266b7aa64a2fa5fb39b91a1475193c9f\">\n                <img\n                    title=\"Refuge\"\n                    alt=\"Refuge\"\n                    src=\"https:\/\/virginiebecourt.com\/wp-content\/gallery\/refuge\/thumbs\/thumbs_20221011_112242.jpg\"\n                    width=\"240\"\n                    height=\"160\"\n                    style=\"max-width:100%;\"\n                \/>\n            <\/a>\n        <\/div>\n\t\t\t\t\t\t\t<\/div> \n\t\t\t\n\t\t\t\t<div id=\"ngg-image-1\" class=\"ngg-gallery-thumbnail-box \" >\n\t\t\t\t        <div class=\"ngg-gallery-thumbnail\">\n            <a href=\"https:\/\/virginiebecourt.com\/wp-content\/gallery\/refuge\/20221011_111238.jpg\"\n               title=\"Se blottir, se recroqueviller, s\u2019envelopper\u2026 \n\nTravail de plis de serg\u00e9, cousu. \nPropret\u00e9 en soie.\nSocle en m\u00e9tal avec pi\u00e8ce cousu dessus.\nH. 27 cm \/ L. 36 cm\n\u00a9virginieb\u00e9court\"\n               data-src=\"https:\/\/virginiebecourt.com\/wp-content\/gallery\/refuge\/20221011_111238.jpg\"\n               data-thumbnail=\"https:\/\/virginiebecourt.com\/wp-content\/gallery\/refuge\/thumbs\/thumbs_20221011_111238.jpg\"\n               data-image-id=\"305\"\n               data-title=\"Refuge\"\n               data-description=\"Se blottir, se recroqueviller, s\u2019envelopper\u2026 \n\nTravail de plis de serg\u00e9, cousu. \nPropret\u00e9 en soie.\nSocle en m\u00e9tal avec pi\u00e8ce cousu dessus.\nH. 27 cm \/ L. 36 cm\n\u00a9virginieb\u00e9court\"\n               data-image-slug=\"20221011_111238\"\n               class=\"ngg-fancybox\" rel=\"266b7aa64a2fa5fb39b91a1475193c9f\">\n                <img\n                    title=\"Refuge\"\n                    alt=\"Refuge\"\n                    src=\"https:\/\/virginiebecourt.com\/wp-content\/gallery\/refuge\/thumbs\/thumbs_20221011_111238.jpg\"\n                    width=\"240\"\n                    height=\"160\"\n                    style=\"max-width:100%;\"\n                \/>\n            <\/a>\n        <\/div>\n\t\t\t\t\t\t\t<\/div> \n\t\t\t\n\t\t\t\t<div id=\"ngg-image-2\" class=\"ngg-gallery-thumbnail-box \" >\n\t\t\t\t        <div class=\"ngg-gallery-thumbnail\">\n            <a href=\"https:\/\/virginiebecourt.com\/wp-content\/gallery\/refuge\/20221011_112217.jpg\"\n               title=\"Se blottir, se recroqueviller, s\u2019envelopper\u2026 \n\nTravail de plis de serg\u00e9, cousu. \nPropret\u00e9 en soie.\nSocle en m\u00e9tal avec pi\u00e8ce cousu dessus.\nH. 27 cm \/ L. 36 cm\n\u00a9virginieb\u00e9court\"\n               data-src=\"https:\/\/virginiebecourt.com\/wp-content\/gallery\/refuge\/20221011_112217.jpg\"\n               data-thumbnail=\"https:\/\/virginiebecourt.com\/wp-content\/gallery\/refuge\/thumbs\/thumbs_20221011_112217.jpg\"\n               data-image-id=\"307\"\n               data-title=\"Refuge\"\n               data-description=\"Se blottir, se recroqueviller, s\u2019envelopper\u2026 \n\nTravail de plis de serg\u00e9, cousu. \nPropret\u00e9 en soie.\nSocle en m\u00e9tal avec pi\u00e8ce cousu dessus.\nH. 27 cm \/ L. 36 cm\n\u00a9virginieb\u00e9court\"\n               data-image-slug=\"20221011_112217\"\n               class=\"ngg-fancybox\" rel=\"266b7aa64a2fa5fb39b91a1475193c9f\">\n                <img\n                    title=\"Refuge\"\n                    alt=\"Refuge\"\n                    src=\"https:\/\/virginiebecourt.com\/wp-content\/gallery\/refuge\/thumbs\/thumbs_20221011_112217.jpg\"\n                    width=\"240\"\n                    height=\"160\"\n                    style=\"max-width:100%;\"\n                \/>\n            <\/a>\n        <\/div>\n\t\t\t\t\t\t\t<\/div> \n\t\t\t\n\t\t\t\t<div id=\"ngg-image-3\" class=\"ngg-gallery-thumbnail-box \" >\n\t\t\t\t        <div class=\"ngg-gallery-thumbnail\">\n            <a href=\"https:\/\/virginiebecourt.com\/wp-content\/gallery\/refuge\/20221011_110907.jpg\"\n               title=\"Se blottir, se recroqueviller, s\u2019envelopper\u2026 \n\nTravail de plis de serg\u00e9, cousu. \nPropret\u00e9 en soie.\nSocle en m\u00e9tal avec pi\u00e8ce cousu dessus.\nH. 27 cm \/ L. 36 cm\n\u00a9virginieb\u00e9court\"\n               data-src=\"https:\/\/virginiebecourt.com\/wp-content\/gallery\/refuge\/20221011_110907.jpg\"\n               data-thumbnail=\"https:\/\/virginiebecourt.com\/wp-content\/gallery\/refuge\/thumbs\/thumbs_20221011_110907.jpg\"\n               data-image-id=\"308\"\n               data-title=\"Refuge\"\n               data-description=\"Se blottir, se recroqueviller, s\u2019envelopper\u2026 \n\nTravail de plis de serg\u00e9, cousu. \nPropret\u00e9 en soie.\nSocle en m\u00e9tal avec pi\u00e8ce cousu dessus.\nH. 27 cm \/ L. 36 cm\n\u00a9virginieb\u00e9court\"\n               data-image-slug=\"20221011_110907\"\n               class=\"ngg-fancybox\" rel=\"266b7aa64a2fa5fb39b91a1475193c9f\">\n                <img\n                    title=\"Refuge\"\n                    alt=\"Refuge\"\n                    src=\"https:\/\/virginiebecourt.com\/wp-content\/gallery\/refuge\/thumbs\/thumbs_20221011_110907.jpg\"\n                    width=\"240\"\n                    height=\"160\"\n                    style=\"max-width:100%;\"\n                \/>\n            <\/a>\n        <\/div>\n\t\t\t\t\t\t\t<\/div> \n\t\t\t\n\t\t\t\t<div id=\"ngg-image-4\" class=\"ngg-gallery-thumbnail-box \" >\n\t\t\t\t        <div class=\"ngg-gallery-thumbnail\">\n            <a href=\"https:\/\/virginiebecourt.com\/wp-content\/gallery\/refuge\/20221012_140958.jpg\"\n               title=\"Se blottir, se recroqueviller, s\u2019envelopper\u2026 \n\nTravail de plis de serg\u00e9, cousu. \nPropret\u00e9 en soie.\nSocle en m\u00e9tal avec pi\u00e8ce cousu dessus.\nH. 27 cm \/ L. 36 cm\n\u00a9virginieb\u00e9court\"\n               data-src=\"https:\/\/virginiebecourt.com\/wp-content\/gallery\/refuge\/20221012_140958.jpg\"\n               data-thumbnail=\"https:\/\/virginiebecourt.com\/wp-content\/gallery\/refuge\/thumbs\/thumbs_20221012_140958.jpg\"\n               data-image-id=\"310\"\n               data-title=\"Refuge\"\n               data-description=\"Se blottir, se recroqueviller, s\u2019envelopper\u2026 \n\nTravail de plis de serg\u00e9, cousu. \nPropret\u00e9 en soie.\nSocle en m\u00e9tal avec pi\u00e8ce cousu dessus.\nH. 27 cm \/ L. 36 cm\n\u00a9virginieb\u00e9court\"\n               data-image-slug=\"20221012_140958\"\n               class=\"ngg-fancybox\" rel=\"266b7aa64a2fa5fb39b91a1475193c9f\">\n                <img\n                    title=\"Refuge\"\n                    alt=\"Refuge\"\n                    src=\"https:\/\/virginiebecourt.com\/wp-content\/gallery\/refuge\/thumbs\/thumbs_20221012_140958.jpg\"\n                    width=\"240\"\n                    height=\"160\"\n                    style=\"max-width:100%;\"\n                \/>\n            <\/a>\n        <\/div>\n\t\t\t\t\t\t\t<\/div> \n\t\t\t\n\t\n\t<br style=\"clear: both\" \/>\n\n\t\n\t\t<!-- Pagination -->\n\t<div class='ngg-clear'><\/div>\t<\/div>\n\n\n\n\n<h3 class=\"has-text-align-center wp-block-heading\">Comme un avion sans aile &#8230;<\/h3>\n\n\n\n<!-- default-view.php -->\n<div\n\tclass=\"ngg-galleryoverview default-view \"\n\tid=\"ngg-gallery-7092d4ab4a3e6fffc6be4acd2895ead4-1\">\n\n\t\t<!-- Thumbnails -->\n\t\t\t\t<div id=\"ngg-image-0\" class=\"ngg-gallery-thumbnail-box \" >\n\t\t\t\t        <div class=\"ngg-gallery-thumbnail\">\n            <a href=\"https:\/\/virginiebecourt.com\/wp-content\/gallery\/comme-un-avion-sans-aile\/0879.jpg\"\n               title=\"Apr\u00e8s un temps de sid\u00e9ration pendant le confinement, 3 sculptures sont n\u00e9es. Voici la troisi\u00e8me COMME UN AVION SANS AILE : vivre au jour le jour... \n\t\tJe suis all\u00e9e chercher l&#039;inspiration dans les profondeurs des volcans et dans les plis de la lave. Un bouillonnement int\u00e9rieur exprim\u00e9 aussi par le choix  de la couleur, le noir une couleur forte pour moi qui suis plut\u00f4t timide... Travail de plis textile \tcousu puis laitonn\u00e9 pour lui donner sa forme. Pi\u00e8ce cousue et mont\u00e9e sur 2 tiges. Socle en m\u00e9tal \t\t\t\t\t\t\t\tpoli. Num\u00e9rot\u00e9e. \nH\u00a016 cm \/  longueur 50 cm  \/\u00a0 Profondeur 18 cm\n\u00a9stephanedurieu\"\n               data-src=\"https:\/\/virginiebecourt.com\/wp-content\/gallery\/comme-un-avion-sans-aile\/0879.jpg\"\n               data-thumbnail=\"https:\/\/virginiebecourt.com\/wp-content\/gallery\/comme-un-avion-sans-aile\/thumbs\/thumbs_0879.jpg\"\n               data-image-id=\"169\"\n               data-title=\"Comme un avion sans aile ...\"\n               data-description=\"Apr\u00e8s un temps de sid\u00e9ration pendant le confinement, 3 sculptures sont n\u00e9es. Voici la troisi\u00e8me COMME UN AVION SANS AILE : vivre au jour le jour... \n\t\tJe suis all\u00e9e chercher l&#039;inspiration dans les profondeurs des volcans et dans les plis de la lave. Un bouillonnement int\u00e9rieur exprim\u00e9 aussi par le choix  de la couleur, le noir une couleur forte pour moi qui suis plut\u00f4t timide... Travail de plis textile \tcousu puis laitonn\u00e9 pour lui donner sa forme. Pi\u00e8ce cousue et mont\u00e9e sur 2 tiges. Socle en m\u00e9tal \t\t\t\t\t\t\t\tpoli. Num\u00e9rot\u00e9e. \nH\u00a016 cm \/  longueur 50 cm  \/\u00a0 Profondeur 18 cm\n\u00a9stephanedurieu\"\n               data-image-slug=\"0879\"\n               class=\"ngg-fancybox\" rel=\"7092d4ab4a3e6fffc6be4acd2895ead4\">\n                <img\n                    title=\"Comme un avion sans aile ...\"\n                    alt=\"Comme un avion sans aile ...\"\n                    src=\"https:\/\/virginiebecourt.com\/wp-content\/gallery\/comme-un-avion-sans-aile\/thumbs\/thumbs_0879.jpg\"\n                    width=\"240\"\n                    height=\"160\"\n                    style=\"max-width:100%;\"\n                \/>\n            <\/a>\n        <\/div>\n\t\t\t\t\t\t\t<\/div> \n\t\t\t\n\t\t\t\t<div id=\"ngg-image-1\" class=\"ngg-gallery-thumbnail-box \" >\n\t\t\t\t        <div class=\"ngg-gallery-thumbnail\">\n            <a href=\"https:\/\/virginiebecourt.com\/wp-content\/gallery\/comme-un-avion-sans-aile\/0887.jpg\"\n               title=\"Apr\u00e8s un temps de sid\u00e9ration pendant le confinement, 3 sculptures sont n\u00e9es. Voici la troisi\u00e8me COMME UN AVION SANS AILE : vivre au jour le jour... \n\t\tJe suis all\u00e9e chercher l&#039;inspiration dans les profondeurs des volcans et dans les plis de la lave. Un bouillonnement int\u00e9rieur exprim\u00e9 aussi par le choix  de la couleur, le noir une couleur forte pour moi qui suis plut\u00f4t timide... Travail de plis textile \tcousu puis laitonn\u00e9 pour lui donner sa forme. Pi\u00e8ce cousue et mont\u00e9e sur 2 tiges. Socle en m\u00e9tal \t\t\t\t\t\t\t\tpoli. Num\u00e9rot\u00e9e. \nH\u00a016 cm \/  longueur 50 cm  \/\u00a0 Profondeur 18 cm\n\u00a9stephanedurieu\"\n               data-src=\"https:\/\/virginiebecourt.com\/wp-content\/gallery\/comme-un-avion-sans-aile\/0887.jpg\"\n               data-thumbnail=\"https:\/\/virginiebecourt.com\/wp-content\/gallery\/comme-un-avion-sans-aile\/thumbs\/thumbs_0887.jpg\"\n               data-image-id=\"171\"\n               data-title=\"Comme un avion sans aile \u2026\"\n               data-description=\"Apr\u00e8s un temps de sid\u00e9ration pendant le confinement, 3 sculptures sont n\u00e9es. Voici la troisi\u00e8me COMME UN AVION SANS AILE : vivre au jour le jour... \n\t\tJe suis all\u00e9e chercher l&#039;inspiration dans les profondeurs des volcans et dans les plis de la lave. Un bouillonnement int\u00e9rieur exprim\u00e9 aussi par le choix  de la couleur, le noir une couleur forte pour moi qui suis plut\u00f4t timide... Travail de plis textile \tcousu puis laitonn\u00e9 pour lui donner sa forme. Pi\u00e8ce cousue et mont\u00e9e sur 2 tiges. Socle en m\u00e9tal \t\t\t\t\t\t\t\tpoli. Num\u00e9rot\u00e9e. \nH\u00a016 cm \/  longueur 50 cm  \/\u00a0 Profondeur 18 cm\n\u00a9stephanedurieu\"\n               data-image-slug=\"0887\"\n               class=\"ngg-fancybox\" rel=\"7092d4ab4a3e6fffc6be4acd2895ead4\">\n                <img\n                    title=\"Comme un avion sans aile \u2026\"\n                    alt=\"Comme un avion sans aile \u2026\"\n                    src=\"https:\/\/virginiebecourt.com\/wp-content\/gallery\/comme-un-avion-sans-aile\/thumbs\/thumbs_0887.jpg\"\n                    width=\"240\"\n                    height=\"160\"\n                    style=\"max-width:100%;\"\n                \/>\n            <\/a>\n        <\/div>\n\t\t\t\t\t\t\t<\/div> \n\t\t\t\n\t\t\t\t<div id=\"ngg-image-2\" class=\"ngg-gallery-thumbnail-box \" >\n\t\t\t\t        <div class=\"ngg-gallery-thumbnail\">\n            <a href=\"https:\/\/virginiebecourt.com\/wp-content\/gallery\/comme-un-avion-sans-aile\/0890.jpg\"\n               title=\"Apr\u00e8s un temps de sid\u00e9ration pendant le confinement, 3 sculptures sont n\u00e9es. Voici la troisi\u00e8me COMME UN AVION SANS AILE : vivre au jour le jour... \n\t\tJe suis all\u00e9e chercher l&#039;inspiration dans les profondeurs des volcans et dans les plis de la lave. Un bouillonnement int\u00e9rieur exprim\u00e9 aussi par le choix  de la couleur, le noir une couleur forte pour moi qui suis plut\u00f4t timide... Travail de plis textile \tcousu puis laitonn\u00e9 pour lui donner sa forme. Pi\u00e8ce cousue et mont\u00e9e sur 2 tiges. Socle en m\u00e9tal \t\t\t\t\t\t\t\tpoli. Num\u00e9rot\u00e9e. \nH\u00a016 cm \/  longueur 50 cm  \/\u00a0 Profondeur 18 cm\n\u00a9stephanedurieu\"\n               data-src=\"https:\/\/virginiebecourt.com\/wp-content\/gallery\/comme-un-avion-sans-aile\/0890.jpg\"\n               data-thumbnail=\"https:\/\/virginiebecourt.com\/wp-content\/gallery\/comme-un-avion-sans-aile\/thumbs\/thumbs_0890.jpg\"\n               data-image-id=\"170\"\n               data-title=\"Comme un avion sans aile ...\"\n               data-description=\"Apr\u00e8s un temps de sid\u00e9ration pendant le confinement, 3 sculptures sont n\u00e9es. Voici la troisi\u00e8me COMME UN AVION SANS AILE : vivre au jour le jour... \n\t\tJe suis all\u00e9e chercher l&#039;inspiration dans les profondeurs des volcans et dans les plis de la lave. Un bouillonnement int\u00e9rieur exprim\u00e9 aussi par le choix  de la couleur, le noir une couleur forte pour moi qui suis plut\u00f4t timide... Travail de plis textile \tcousu puis laitonn\u00e9 pour lui donner sa forme. Pi\u00e8ce cousue et mont\u00e9e sur 2 tiges. Socle en m\u00e9tal \t\t\t\t\t\t\t\tpoli. Num\u00e9rot\u00e9e. \nH\u00a016 cm \/  longueur 50 cm  \/\u00a0 Profondeur 18 cm\n\u00a9stephanedurieu\"\n               data-image-slug=\"0890\"\n               class=\"ngg-fancybox\" rel=\"7092d4ab4a3e6fffc6be4acd2895ead4\">\n                <img\n                    title=\"Comme un avion sans aile ...\"\n                    alt=\"Comme un avion sans aile ...\"\n                    src=\"https:\/\/virginiebecourt.com\/wp-content\/gallery\/comme-un-avion-sans-aile\/thumbs\/thumbs_0890.jpg\"\n                    width=\"240\"\n                    height=\"160\"\n                    style=\"max-width:100%;\"\n                \/>\n            <\/a>\n        <\/div>\n\t\t\t\t\t\t\t<\/div> \n\t\t\t\n\t\t\t\t<div id=\"ngg-image-3\" class=\"ngg-gallery-thumbnail-box \" >\n\t\t\t\t        <div class=\"ngg-gallery-thumbnail\">\n            <a href=\"https:\/\/virginiebecourt.com\/wp-content\/gallery\/comme-un-avion-sans-aile\/20211209_155214.jpg\"\n               title=\"Apr\u00e8s un temps de sid\u00e9ration pendant le confinement, 3 sculptures sont n\u00e9es. Voici la troisi\u00e8me COMME UN AVION SANS AILE : vivre au jour le jour\u2026 \n\t\tJe suis all\u00e9e chercher l&#039;inspiration dans les profondeurs des volcans et dans les plis de la lave. Un bouillonnement int\u00e9rieur exprim\u00e9 aussi par le choix  de la couleur, le noir une couleur forte pour moi qui suis plut\u00f4t timide... Travail de plis textile \tcousu puis laitonn\u00e9 pour lui donner sa forme. Pi\u00e8ce cousue et mont\u00e9e sur 2 tiges. Socle en m\u00e9tal \t\t\t\t\t\t\t\tpoli. Num\u00e9rot\u00e9e. \nH\u00a016 cm \/  longueur 50 cm  \/\u00a0 Profondeur 18 cm\n\u00a9stephanedurieu\"\n               data-src=\"https:\/\/virginiebecourt.com\/wp-content\/gallery\/comme-un-avion-sans-aile\/20211209_155214.jpg\"\n               data-thumbnail=\"https:\/\/virginiebecourt.com\/wp-content\/gallery\/comme-un-avion-sans-aile\/thumbs\/thumbs_20211209_155214.jpg\"\n               data-image-id=\"212\"\n               data-title=\"Comme un avion sans aile \u2026\"\n               data-description=\"Apr\u00e8s un temps de sid\u00e9ration pendant le confinement, 3 sculptures sont n\u00e9es. Voici la troisi\u00e8me COMME UN AVION SANS AILE : vivre au jour le jour\u2026 \n\t\tJe suis all\u00e9e chercher l&#039;inspiration dans les profondeurs des volcans et dans les plis de la lave. Un bouillonnement int\u00e9rieur exprim\u00e9 aussi par le choix  de la couleur, le noir une couleur forte pour moi qui suis plut\u00f4t timide... Travail de plis textile \tcousu puis laitonn\u00e9 pour lui donner sa forme. Pi\u00e8ce cousue et mont\u00e9e sur 2 tiges. Socle en m\u00e9tal \t\t\t\t\t\t\t\tpoli. Num\u00e9rot\u00e9e. \nH\u00a016 cm \/  longueur 50 cm  \/\u00a0 Profondeur 18 cm\n\u00a9stephanedurieu\"\n               data-image-slug=\"20211209_155214\"\n               class=\"ngg-fancybox\" rel=\"7092d4ab4a3e6fffc6be4acd2895ead4\">\n                <img\n                    title=\"Comme un avion sans aile \u2026\"\n                    alt=\"Comme un avion sans aile \u2026\"\n                    src=\"https:\/\/virginiebecourt.com\/wp-content\/gallery\/comme-un-avion-sans-aile\/thumbs\/thumbs_20211209_155214.jpg\"\n                    width=\"240\"\n                    height=\"160\"\n                    style=\"max-width:100%;\"\n                \/>\n            <\/a>\n        <\/div>\n\t\t\t\t\t\t\t<\/div> \n\t\t\t\n\t\t\t\t<div id=\"ngg-image-4\" class=\"ngg-gallery-thumbnail-box \" >\n\t\t\t\t        <div class=\"ngg-gallery-thumbnail\">\n            <a href=\"https:\/\/virginiebecourt.com\/wp-content\/gallery\/comme-un-avion-sans-aile\/20211209_112517.jpg\"\n               title=\"Apr\u00e8s un temps de sid\u00e9ration pendant le confinement, 3 sculptures sont n\u00e9es. Voici la troisi\u00e8me COMME UN AVION SANS AILE : vivre au jour le jour... \n\t\tJe suis all\u00e9e chercher l&#039;inspiration dans les profondeurs des volcans et dans les plis de la lave. Un bouillonnement int\u00e9rieur exprim\u00e9 aussi par le choix  de la couleur, le noir une couleur forte pour moi qui suis plut\u00f4t timide\u2026 Travail de plis textile \tcousu puis laitonn\u00e9 pour lui donner sa forme. Pi\u00e8ce cousue et mont\u00e9e sur 2 tiges. Socle en m\u00e9tal \t\t\t\t\t\t\t\tpoli. Num\u00e9rot\u00e9e. \nH\u00a016 cm \/  longueur 50 cm  \/\u00a0 Profondeur 18 cm\n\u00a9virginieb\u00e9court\"\n               data-src=\"https:\/\/virginiebecourt.com\/wp-content\/gallery\/comme-un-avion-sans-aile\/20211209_112517.jpg\"\n               data-thumbnail=\"https:\/\/virginiebecourt.com\/wp-content\/gallery\/comme-un-avion-sans-aile\/thumbs\/thumbs_20211209_112517.jpg\"\n               data-image-id=\"214\"\n               data-title=\"Comme un avion sans aile ...\"\n               data-description=\"Apr\u00e8s un temps de sid\u00e9ration pendant le confinement, 3 sculptures sont n\u00e9es. Voici la troisi\u00e8me COMME UN AVION SANS AILE : vivre au jour le jour... \n\t\tJe suis all\u00e9e chercher l&#039;inspiration dans les profondeurs des volcans et dans les plis de la lave. Un bouillonnement int\u00e9rieur exprim\u00e9 aussi par le choix  de la couleur, le noir une couleur forte pour moi qui suis plut\u00f4t timide\u2026 Travail de plis textile \tcousu puis laitonn\u00e9 pour lui donner sa forme. Pi\u00e8ce cousue et mont\u00e9e sur 2 tiges. Socle en m\u00e9tal \t\t\t\t\t\t\t\tpoli. Num\u00e9rot\u00e9e. \nH\u00a016 cm \/  longueur 50 cm  \/\u00a0 Profondeur 18 cm\n\u00a9virginieb\u00e9court\"\n               data-image-slug=\"20211209_112517\"\n               class=\"ngg-fancybox\" rel=\"7092d4ab4a3e6fffc6be4acd2895ead4\">\n                <img\n                    title=\"Comme un avion sans aile ...\"\n                    alt=\"Comme un avion sans aile ...\"\n                    src=\"https:\/\/virginiebecourt.com\/wp-content\/gallery\/comme-un-avion-sans-aile\/thumbs\/thumbs_20211209_112517.jpg\"\n                    width=\"240\"\n                    height=\"160\"\n                    style=\"max-width:100%;\"\n                \/>\n            <\/a>\n        <\/div>\n\t\t\t\t\t\t\t<\/div> \n\t\t\t\n\t\t\t\t<div id=\"ngg-image-5\" class=\"ngg-gallery-thumbnail-box \" >\n\t\t\t\t        <div class=\"ngg-gallery-thumbnail\">\n            <a href=\"https:\/\/virginiebecourt.com\/wp-content\/gallery\/comme-un-avion-sans-aile\/20211209_155141.jpg\"\n               title=\"Apr\u00e8s un temps de sid\u00e9ration pendant le confinement, 3 sculptures sont n\u00e9es. Voici la troisi\u00e8me COMME UN AVION SANS AILE : vivre au jour le jour... \n\t\tJe suis all\u00e9e chercher l&#039;inspiration dans les profondeurs des volcans et dans les plis de la lave. Un bouillonnement int\u00e9rieur exprim\u00e9 aussi par le choix  de la couleur, le noir une couleur forte pour moi qui suis plut\u00f4t timide\u2026 Travail de plis textile \tcousu puis laitonn\u00e9 pour lui donner sa forme. Pi\u00e8ce cousue et mont\u00e9e sur 2 tiges. Socle en m\u00e9tal \t\t\t\t\t\t\t\tpoli. Num\u00e9rot\u00e9e. \nH\u00a016 cm \/  longueur 50 cm  \/\u00a0 Profondeur 18 cm\n\u00a9virginieb\u00e9court\"\n               data-src=\"https:\/\/virginiebecourt.com\/wp-content\/gallery\/comme-un-avion-sans-aile\/20211209_155141.jpg\"\n               data-thumbnail=\"https:\/\/virginiebecourt.com\/wp-content\/gallery\/comme-un-avion-sans-aile\/thumbs\/thumbs_20211209_155141.jpg\"\n               data-image-id=\"213\"\n               data-title=\"Comme un avion sans aile ...\"\n               data-description=\"Apr\u00e8s un temps de sid\u00e9ration pendant le confinement, 3 sculptures sont n\u00e9es. Voici la troisi\u00e8me COMME UN AVION SANS AILE : vivre au jour le jour... \n\t\tJe suis all\u00e9e chercher l&#039;inspiration dans les profondeurs des volcans et dans les plis de la lave. Un bouillonnement int\u00e9rieur exprim\u00e9 aussi par le choix  de la couleur, le noir une couleur forte pour moi qui suis plut\u00f4t timide\u2026 Travail de plis textile \tcousu puis laitonn\u00e9 pour lui donner sa forme. Pi\u00e8ce cousue et mont\u00e9e sur 2 tiges. Socle en m\u00e9tal \t\t\t\t\t\t\t\tpoli. Num\u00e9rot\u00e9e. \nH\u00a016 cm \/  longueur 50 cm  \/\u00a0 Profondeur 18 cm\n\u00a9virginieb\u00e9court\"\n               data-image-slug=\"20211209_155141\"\n               class=\"ngg-fancybox\" rel=\"7092d4ab4a3e6fffc6be4acd2895ead4\">\n                <img\n                    title=\"Comme un avion sans aile ...\"\n                    alt=\"Comme un avion sans aile ...\"\n                    src=\"https:\/\/virginiebecourt.com\/wp-content\/gallery\/comme-un-avion-sans-aile\/thumbs\/thumbs_20211209_155141.jpg\"\n                    width=\"240\"\n                    height=\"160\"\n                    style=\"max-width:100%;\"\n                \/>\n            <\/a>\n        <\/div>\n\t\t\t\t\t\t\t<\/div> \n\t\t\t\n\t\n\t<br style=\"clear: both\" \/>\n\n\t\n\t\t<!-- Pagination -->\n\t<div class='ngg-clear'><\/div>\t<\/div>\n\n\n\n\n<h3 class=\"has-text-align-center wp-block-heading\">Respiration &#8230;<\/h3>\n\n\n\n<!-- default-view.php -->\n<div\n\tclass=\"ngg-galleryoverview default-view \"\n\tid=\"ngg-gallery-9a4e9210a0e439cdf790ab48e384662f-1\">\n\n\t\t<!-- Thumbnails -->\n\t\t\t\t<div id=\"ngg-image-0\" class=\"ngg-gallery-thumbnail-box \" >\n\t\t\t\t        <div class=\"ngg-gallery-thumbnail\">\n            <a href=\"https:\/\/virginiebecourt.com\/wp-content\/gallery\/respiration\/20211209_153345.jpg\"\n               title=\"Apr\u00e8s un temps de sid\u00e9ration pendant le confinement, 3 sculptures sont n\u00e9es. Voici la \tdeuxi\u00e8me RESPIRATION : sortir de la sid\u00e9ration, &quot;commencer&quot; \u00e0 se projeter...\n\t&quot;Je suis all\u00e9e chercher l&#039;inspiration dans les profondeurs des volcans et dans les plis de la lave. \tUn bouillonnement int\u00e9rieur exprim\u00e9 aussi par le choix de la couleur, le noir une couleur forte \tpour moi qui suis plut\u00f4t timide...&quot;\n\tTravail de plis textile cousu puis laitonn\u00e9 pour lui donner sa forme. Pi\u00e8ce cousue et mont\u00e9e \tsur une tige martel\u00e9. Socle en m\u00e9tal poli. Num\u00e9rot\u00e9e.\nH 38 cm \/ L 23 cm \/ Profondeur : 14 cm\n\u00a9virginieb\u00e9court\"\n               data-src=\"https:\/\/virginiebecourt.com\/wp-content\/gallery\/respiration\/20211209_153345.jpg\"\n               data-thumbnail=\"https:\/\/virginiebecourt.com\/wp-content\/gallery\/respiration\/thumbs\/thumbs_20211209_153345.jpg\"\n               data-image-id=\"211\"\n               data-title=\"Respiration\"\n               data-description=\"Apr\u00e8s un temps de sid\u00e9ration pendant le confinement, 3 sculptures sont n\u00e9es. Voici la \tdeuxi\u00e8me RESPIRATION : sortir de la sid\u00e9ration, &quot;commencer&quot; \u00e0 se projeter...\n\t&quot;Je suis all\u00e9e chercher l&#039;inspiration dans les profondeurs des volcans et dans les plis de la lave. \tUn bouillonnement int\u00e9rieur exprim\u00e9 aussi par le choix de la couleur, le noir une couleur forte \tpour moi qui suis plut\u00f4t timide...&quot;\n\tTravail de plis textile cousu puis laitonn\u00e9 pour lui donner sa forme. Pi\u00e8ce cousue et mont\u00e9e \tsur une tige martel\u00e9. Socle en m\u00e9tal poli. Num\u00e9rot\u00e9e.\nH 38 cm \/ L 23 cm \/ Profondeur : 14 cm\n\u00a9virginieb\u00e9court\"\n               data-image-slug=\"20211209_153345\"\n               class=\"ngg-fancybox\" rel=\"9a4e9210a0e439cdf790ab48e384662f\">\n                <img\n                    title=\"Respiration\"\n                    alt=\"Respiration\"\n                    src=\"https:\/\/virginiebecourt.com\/wp-content\/gallery\/respiration\/thumbs\/thumbs_20211209_153345.jpg\"\n                    width=\"240\"\n                    height=\"160\"\n                    style=\"max-width:100%;\"\n                \/>\n            <\/a>\n        <\/div>\n\t\t\t\t\t\t\t<\/div> \n\t\t\t\n\t\t\t\t<div id=\"ngg-image-1\" class=\"ngg-gallery-thumbnail-box \" >\n\t\t\t\t        <div class=\"ngg-gallery-thumbnail\">\n            <a href=\"https:\/\/virginiebecourt.com\/wp-content\/gallery\/respiration\/20211209_153259.jpg\"\n               title=\"Apr\u00e8s un temps de sid\u00e9ration pendant le confinement, 3 sculptures sont n\u00e9es. Voici la \tdeuxi\u00e8me RESPIRATION : sortir de la sid\u00e9ration, &quot;commencer&quot; \u00e0 se projeter...\n\t&quot;Je suis all\u00e9e chercher l&#039;inspiration dans les profondeurs des volcans et dans les plis de la lave. \tUn bouillonnement int\u00e9rieur exprim\u00e9 aussi par le choix de la couleur, le noir une couleur forte \tpour moi qui suis plut\u00f4t timide...&quot;\n\tTravail de plis textile cousu puis laitonn\u00e9 pour lui donner sa forme. Pi\u00e8ce cousue et mont\u00e9e \tsur une tige martel\u00e9. Socle en m\u00e9tal poli. Num\u00e9rot\u00e9e.\nH 38 cm \/ L 23 cm \/ Profondeur : 14 cm\n\u00a9virginieb\u00e9court\"\n               data-src=\"https:\/\/virginiebecourt.com\/wp-content\/gallery\/respiration\/20211209_153259.jpg\"\n               data-thumbnail=\"https:\/\/virginiebecourt.com\/wp-content\/gallery\/respiration\/thumbs\/thumbs_20211209_153259.jpg\"\n               data-image-id=\"209\"\n               data-title=\"Respiration\"\n               data-description=\"Apr\u00e8s un temps de sid\u00e9ration pendant le confinement, 3 sculptures sont n\u00e9es. Voici la \tdeuxi\u00e8me RESPIRATION : sortir de la sid\u00e9ration, &quot;commencer&quot; \u00e0 se projeter...\n\t&quot;Je suis all\u00e9e chercher l&#039;inspiration dans les profondeurs des volcans et dans les plis de la lave. \tUn bouillonnement int\u00e9rieur exprim\u00e9 aussi par le choix de la couleur, le noir une couleur forte \tpour moi qui suis plut\u00f4t timide...&quot;\n\tTravail de plis textile cousu puis laitonn\u00e9 pour lui donner sa forme. Pi\u00e8ce cousue et mont\u00e9e \tsur une tige martel\u00e9. Socle en m\u00e9tal poli. Num\u00e9rot\u00e9e.\nH 38 cm \/ L 23 cm \/ Profondeur : 14 cm\n\u00a9virginieb\u00e9court\"\n               data-image-slug=\"20211209_153259\"\n               class=\"ngg-fancybox\" rel=\"9a4e9210a0e439cdf790ab48e384662f\">\n                <img\n                    title=\"Respiration\"\n                    alt=\"Respiration\"\n                    src=\"https:\/\/virginiebecourt.com\/wp-content\/gallery\/respiration\/thumbs\/thumbs_20211209_153259.jpg\"\n                    width=\"240\"\n                    height=\"160\"\n                    style=\"max-width:100%;\"\n                \/>\n            <\/a>\n        <\/div>\n\t\t\t\t\t\t\t<\/div> \n\t\t\t\n\t\t\t\t<div id=\"ngg-image-2\" class=\"ngg-gallery-thumbnail-box \" >\n\t\t\t\t        <div class=\"ngg-gallery-thumbnail\">\n            <a href=\"https:\/\/virginiebecourt.com\/wp-content\/gallery\/respiration\/20211209_153005.jpg\"\n               title=\"Apr\u00e8s un temps de sid\u00e9ration pendant le confinement, 3 sculptures sont n\u00e9es. Voici la \tdeuxi\u00e8me RESPIRATION : sortir de la sid\u00e9ration, &quot;commencer&quot; \u00e0 se projeter...\n\t&quot;Je suis all\u00e9e chercher l&#039;inspiration dans les profondeurs des volcans et dans les plis de la lave. \tUn bouillonnement int\u00e9rieur exprim\u00e9 aussi par le choix de la couleur, le noir une couleur forte \tpour moi qui suis plut\u00f4t timide...&quot;\n\tTravail de plis textile cousu puis laitonn\u00e9 pour lui donner sa forme. Pi\u00e8ce cousue et mont\u00e9e \tsur une tige martel\u00e9. Socle en m\u00e9tal poli. Num\u00e9rot\u00e9e.\nH 38 cm \/ L 23 cm \/ Profondeur : 14 cm\n\u00a9virginieb\u00e9court\"\n               data-src=\"https:\/\/virginiebecourt.com\/wp-content\/gallery\/respiration\/20211209_153005.jpg\"\n               data-thumbnail=\"https:\/\/virginiebecourt.com\/wp-content\/gallery\/respiration\/thumbs\/thumbs_20211209_153005.jpg\"\n               data-image-id=\"210\"\n               data-title=\"Respiration\"\n               data-description=\"Apr\u00e8s un temps de sid\u00e9ration pendant le confinement, 3 sculptures sont n\u00e9es. Voici la \tdeuxi\u00e8me RESPIRATION : sortir de la sid\u00e9ration, &quot;commencer&quot; \u00e0 se projeter...\n\t&quot;Je suis all\u00e9e chercher l&#039;inspiration dans les profondeurs des volcans et dans les plis de la lave. \tUn bouillonnement int\u00e9rieur exprim\u00e9 aussi par le choix de la couleur, le noir une couleur forte \tpour moi qui suis plut\u00f4t timide...&quot;\n\tTravail de plis textile cousu puis laitonn\u00e9 pour lui donner sa forme. Pi\u00e8ce cousue et mont\u00e9e \tsur une tige martel\u00e9. Socle en m\u00e9tal poli. Num\u00e9rot\u00e9e.\nH 38 cm \/ L 23 cm \/ Profondeur : 14 cm\n\u00a9virginieb\u00e9court\"\n               data-image-slug=\"20211209_153005\"\n               class=\"ngg-fancybox\" rel=\"9a4e9210a0e439cdf790ab48e384662f\">\n                <img\n                    title=\"Respiration\"\n                    alt=\"Respiration\"\n                    src=\"https:\/\/virginiebecourt.com\/wp-content\/gallery\/respiration\/thumbs\/thumbs_20211209_153005.jpg\"\n                    width=\"240\"\n                    height=\"160\"\n                    style=\"max-width:100%;\"\n                \/>\n            <\/a>\n        <\/div>\n\t\t\t\t\t\t\t<\/div> \n\t\t\t\n\t\t\t\t<div id=\"ngg-image-3\" class=\"ngg-gallery-thumbnail-box \" >\n\t\t\t\t        <div class=\"ngg-gallery-thumbnail\">\n            <a href=\"https:\/\/virginiebecourt.com\/wp-content\/gallery\/respiration\/20211209_152949.jpg\"\n               title=\"Apr\u00e8s un temps de sid\u00e9ration pendant le confinement, 3 sculptures sont n\u00e9es. Voici la \tdeuxi\u00e8me RESPIRATION : sortir de la sid\u00e9ration, &quot;commencer&quot; \u00e0 se projeter...\n\t&quot;Je suis all\u00e9e chercher l&#039;inspiration dans les profondeurs des volcans et dans les plis de la lave. \tUn bouillonnement int\u00e9rieur exprim\u00e9 aussi par le choix de la couleur, le noir une couleur forte \tpour moi qui suis plut\u00f4t timide...&quot;\n\tTravail de plis textile cousu puis laitonn\u00e9 pour lui donner sa forme. Pi\u00e8ce cousue et mont\u00e9e \tsur une tige martel\u00e9. Socle en m\u00e9tal poli. Num\u00e9rot\u00e9e.\nH 38 cm \/ L 23 cm \/ Profondeur : 14 cm\n\u00a9virginieb\u00e9court\"\n               data-src=\"https:\/\/virginiebecourt.com\/wp-content\/gallery\/respiration\/20211209_152949.jpg\"\n               data-thumbnail=\"https:\/\/virginiebecourt.com\/wp-content\/gallery\/respiration\/thumbs\/thumbs_20211209_152949.jpg\"\n               data-image-id=\"208\"\n               data-title=\"Respiration\"\n               data-description=\"Apr\u00e8s un temps de sid\u00e9ration pendant le confinement, 3 sculptures sont n\u00e9es. Voici la \tdeuxi\u00e8me RESPIRATION : sortir de la sid\u00e9ration, &quot;commencer&quot; \u00e0 se projeter...\n\t&quot;Je suis all\u00e9e chercher l&#039;inspiration dans les profondeurs des volcans et dans les plis de la lave. \tUn bouillonnement int\u00e9rieur exprim\u00e9 aussi par le choix de la couleur, le noir une couleur forte \tpour moi qui suis plut\u00f4t timide...&quot;\n\tTravail de plis textile cousu puis laitonn\u00e9 pour lui donner sa forme. Pi\u00e8ce cousue et mont\u00e9e \tsur une tige martel\u00e9. Socle en m\u00e9tal poli. Num\u00e9rot\u00e9e.\nH 38 cm \/ L 23 cm \/ Profondeur : 14 cm\n\u00a9virginieb\u00e9court\"\n               data-image-slug=\"20211209_152949\"\n               class=\"ngg-fancybox\" rel=\"9a4e9210a0e439cdf790ab48e384662f\">\n                <img\n                    title=\"Respiration\"\n                    alt=\"Respiration\"\n                    src=\"https:\/\/virginiebecourt.com\/wp-content\/gallery\/respiration\/thumbs\/thumbs_20211209_152949.jpg\"\n                    width=\"240\"\n                    height=\"160\"\n                    style=\"max-width:100%;\"\n                \/>\n            <\/a>\n        <\/div>\n\t\t\t\t\t\t\t<\/div> \n\t\t\t\n\t\n\t<br style=\"clear: both\" \/>\n\n\t\n\t\t<!-- Pagination -->\n\t<div class='ngg-clear'><\/div>\t<\/div>\n\n\n\n\n<h3 class=\"has-text-align-center wp-block-heading\">Replis&#8230;<\/h3>\n\n\n\n<!-- default-view.php -->\n<div\n\tclass=\"ngg-galleryoverview default-view \"\n\tid=\"ngg-gallery-6ad27df650f8c2052bf6cab3be87a780-1\">\n\n\t\t<!-- Thumbnails -->\n\t\t\t\t<div id=\"ngg-image-0\" class=\"ngg-gallery-thumbnail-box \" >\n\t\t\t\t        <div class=\"ngg-gallery-thumbnail\">\n            <a href=\"https:\/\/virginiebecourt.com\/wp-content\/gallery\/replis\/20211209_151826.jpg\"\n               title=\"Apr\u00e8s un temps de sid\u00e9ration pendant le confinement, 3 sculptures sont n\u00e9es. Voici la premi\u00e8re REPLIS, : se confiner, se prot\u00e9ger et prot\u00e9ger les autres.\n\t&quot;Je suis all\u00e9e chercher l&#039;inspiration dans les profondeurs des volcans et dans les plis de la lave. \tUn bouillonnement int\u00e9rieur exprim\u00e9 aussi par le choix de la couleur, le noir une couleur forte \tpour moi qui suis plut\u00f4t timide...&quot;\n\tTravail de plis textile cousu puis laitonn\u00e9 pour lui donner sa forme. Pi\u00e8ce cousue et mont\u00e9e \tsur un socle en m\u00e9tal poli. Num\u00e9rot\u00e9e.\nH 28 cm \/ longueur 21 cm \/ L 13 cm\n\u00a9virginieb\u00e9court\"\n               data-src=\"https:\/\/virginiebecourt.com\/wp-content\/gallery\/replis\/20211209_151826.jpg\"\n               data-thumbnail=\"https:\/\/virginiebecourt.com\/wp-content\/gallery\/replis\/thumbs\/thumbs_20211209_151826.jpg\"\n               data-image-id=\"205\"\n               data-title=\"Replis\"\n               data-description=\"Apr\u00e8s un temps de sid\u00e9ration pendant le confinement, 3 sculptures sont n\u00e9es. Voici la premi\u00e8re REPLIS, : se confiner, se prot\u00e9ger et prot\u00e9ger les autres.\n\t&quot;Je suis all\u00e9e chercher l&#039;inspiration dans les profondeurs des volcans et dans les plis de la lave. \tUn bouillonnement int\u00e9rieur exprim\u00e9 aussi par le choix de la couleur, le noir une couleur forte \tpour moi qui suis plut\u00f4t timide...&quot;\n\tTravail de plis textile cousu puis laitonn\u00e9 pour lui donner sa forme. Pi\u00e8ce cousue et mont\u00e9e \tsur un socle en m\u00e9tal poli. Num\u00e9rot\u00e9e.\nH 28 cm \/ longueur 21 cm \/ L 13 cm\n\u00a9virginieb\u00e9court\"\n               data-image-slug=\"20211209_151826\"\n               class=\"ngg-fancybox\" rel=\"6ad27df650f8c2052bf6cab3be87a780\">\n                <img\n                    title=\"Replis\"\n                    alt=\"Replis\"\n                    src=\"https:\/\/virginiebecourt.com\/wp-content\/gallery\/replis\/thumbs\/thumbs_20211209_151826.jpg\"\n                    width=\"240\"\n                    height=\"160\"\n                    style=\"max-width:100%;\"\n                \/>\n            <\/a>\n        <\/div>\n\t\t\t\t\t\t\t<\/div> \n\t\t\t\n\t\t\t\t<div id=\"ngg-image-1\" class=\"ngg-gallery-thumbnail-box \" >\n\t\t\t\t        <div class=\"ngg-gallery-thumbnail\">\n            <a href=\"https:\/\/virginiebecourt.com\/wp-content\/gallery\/replis\/20211209_151841.jpg\"\n               title=\"Apr\u00e8s un temps de sid\u00e9ration pendant le confinement, 3 sculptures sont n\u00e9es. Voici la premi\u00e8re REPLIS, : se confiner, se prot\u00e9ger et prot\u00e9ger les autres.\n\t&quot;Je suis all\u00e9e chercher l&#039;inspiration dans les profondeurs des volcans et dans les plis de la lave. \tUn bouillonnement int\u00e9rieur exprim\u00e9 aussi par le choix de la couleur, le noir une couleur forte \tpour moi qui suis plut\u00f4t timide...&quot;\n\tTravail de plis textile cousu puis laitonn\u00e9 pour lui donner sa forme. Pi\u00e8ce cousue et mont\u00e9e \tsur un socle en m\u00e9tal poli. Num\u00e9rot\u00e9e.\nH 28 cm \/ longueur 21 cm \/ L 13 cm\n\u00a9virginieb\u00e9court\"\n               data-src=\"https:\/\/virginiebecourt.com\/wp-content\/gallery\/replis\/20211209_151841.jpg\"\n               data-thumbnail=\"https:\/\/virginiebecourt.com\/wp-content\/gallery\/replis\/thumbs\/thumbs_20211209_151841.jpg\"\n               data-image-id=\"204\"\n               data-title=\"Replis\"\n               data-description=\"Apr\u00e8s un temps de sid\u00e9ration pendant le confinement, 3 sculptures sont n\u00e9es. Voici la premi\u00e8re REPLIS, : se confiner, se prot\u00e9ger et prot\u00e9ger les autres.\n\t&quot;Je suis all\u00e9e chercher l&#039;inspiration dans les profondeurs des volcans et dans les plis de la lave. \tUn bouillonnement int\u00e9rieur exprim\u00e9 aussi par le choix de la couleur, le noir une couleur forte \tpour moi qui suis plut\u00f4t timide...&quot;\n\tTravail de plis textile cousu puis laitonn\u00e9 pour lui donner sa forme. Pi\u00e8ce cousue et mont\u00e9e \tsur un socle en m\u00e9tal poli. Num\u00e9rot\u00e9e.\nH 28 cm \/ longueur 21 cm \/ L 13 cm\n\u00a9virginieb\u00e9court\"\n               data-image-slug=\"20211209_151841\"\n               class=\"ngg-fancybox\" rel=\"6ad27df650f8c2052bf6cab3be87a780\">\n                <img\n                    title=\"Replis\"\n                    alt=\"Replis\"\n                    src=\"https:\/\/virginiebecourt.com\/wp-content\/gallery\/replis\/thumbs\/thumbs_20211209_151841.jpg\"\n                    width=\"240\"\n                    height=\"160\"\n                    style=\"max-width:100%;\"\n                \/>\n            <\/a>\n        <\/div>\n\t\t\t\t\t\t\t<\/div> \n\t\t\t\n\t\t\t\t<div id=\"ngg-image-2\" class=\"ngg-gallery-thumbnail-box \" >\n\t\t\t\t        <div class=\"ngg-gallery-thumbnail\">\n            <a href=\"https:\/\/virginiebecourt.com\/wp-content\/gallery\/replis\/20211209_151900.jpg\"\n               title=\"Apr\u00e8s un temps de sid\u00e9ration pendant le confinement, 3 sculptures sont n\u00e9es. Voici la premi\u00e8re REPLIS, : se confiner, se prot\u00e9ger et prot\u00e9ger les autres.\n\t&quot;Je suis all\u00e9e chercher l&#039;inspiration dans les profondeurs des volcans et dans les plis de la lave. \tUn bouillonnement int\u00e9rieur exprim\u00e9 aussi par le choix de la couleur, le noir une couleur forte \tpour moi qui suis plut\u00f4t timide...&quot;\n\tTravail de plis textile cousu puis laitonn\u00e9 pour lui donner sa forme. Pi\u00e8ce cousue et mont\u00e9e \tsur un socle en m\u00e9tal poli. Num\u00e9rot\u00e9e.\nH 28 cm \/ longueur 21 cm \/ L 13 cm\n\u00a9virginieb\u00e9court\"\n               data-src=\"https:\/\/virginiebecourt.com\/wp-content\/gallery\/replis\/20211209_151900.jpg\"\n               data-thumbnail=\"https:\/\/virginiebecourt.com\/wp-content\/gallery\/replis\/thumbs\/thumbs_20211209_151900.jpg\"\n               data-image-id=\"202\"\n               data-title=\"Replis\"\n               data-description=\"Apr\u00e8s un temps de sid\u00e9ration pendant le confinement, 3 sculptures sont n\u00e9es. Voici la premi\u00e8re REPLIS, : se confiner, se prot\u00e9ger et prot\u00e9ger les autres.\n\t&quot;Je suis all\u00e9e chercher l&#039;inspiration dans les profondeurs des volcans et dans les plis de la lave. \tUn bouillonnement int\u00e9rieur exprim\u00e9 aussi par le choix de la couleur, le noir une couleur forte \tpour moi qui suis plut\u00f4t timide...&quot;\n\tTravail de plis textile cousu puis laitonn\u00e9 pour lui donner sa forme. Pi\u00e8ce cousue et mont\u00e9e \tsur un socle en m\u00e9tal poli. Num\u00e9rot\u00e9e.\nH 28 cm \/ longueur 21 cm \/ L 13 cm\n\u00a9virginieb\u00e9court\"\n               data-image-slug=\"20211209_151900\"\n               class=\"ngg-fancybox\" rel=\"6ad27df650f8c2052bf6cab3be87a780\">\n                <img\n                    title=\"Replis\"\n                    alt=\"Replis\"\n                    src=\"https:\/\/virginiebecourt.com\/wp-content\/gallery\/replis\/thumbs\/thumbs_20211209_151900.jpg\"\n                    width=\"240\"\n                    height=\"160\"\n                    style=\"max-width:100%;\"\n                \/>\n            <\/a>\n        <\/div>\n\t\t\t\t\t\t\t<\/div> \n\t\t\t\n\t\t\t\t<div id=\"ngg-image-3\" class=\"ngg-gallery-thumbnail-box \" >\n\t\t\t\t        <div class=\"ngg-gallery-thumbnail\">\n            <a href=\"https:\/\/virginiebecourt.com\/wp-content\/gallery\/replis\/20211209_151954.jpg\"\n               title=\"Apr\u00e8s un temps de sid\u00e9ration pendant le confinement, 3 sculptures sont n\u00e9es. Voici la premi\u00e8re REPLIS, : se confiner, se prot\u00e9ger et prot\u00e9ger les autres.\n\t&quot;Je suis all\u00e9e chercher l&#039;inspiration dans les profondeurs des volcans et dans les plis de la lave. \tUn bouillonnement int\u00e9rieur exprim\u00e9 aussi par le choix de la couleur, le noir une couleur forte \tpour moi qui suis plut\u00f4t timide...&quot;\n\tTravail de plis textile cousu puis laitonn\u00e9 pour lui donner sa forme. Pi\u00e8ce cousue et mont\u00e9e \tsur un socle en m\u00e9tal poli. Num\u00e9rot\u00e9e.\nH 28 cm \/ longueur 21 cm \/ L 13 cm\n\u00a9virginieb\u00e9court\"\n               data-src=\"https:\/\/virginiebecourt.com\/wp-content\/gallery\/replis\/20211209_151954.jpg\"\n               data-thumbnail=\"https:\/\/virginiebecourt.com\/wp-content\/gallery\/replis\/thumbs\/thumbs_20211209_151954.jpg\"\n               data-image-id=\"206\"\n               data-title=\"Replis\"\n               data-description=\"Apr\u00e8s un temps de sid\u00e9ration pendant le confinement, 3 sculptures sont n\u00e9es. Voici la premi\u00e8re REPLIS, : se confiner, se prot\u00e9ger et prot\u00e9ger les autres.\n\t&quot;Je suis all\u00e9e chercher l&#039;inspiration dans les profondeurs des volcans et dans les plis de la lave. \tUn bouillonnement int\u00e9rieur exprim\u00e9 aussi par le choix de la couleur, le noir une couleur forte \tpour moi qui suis plut\u00f4t timide...&quot;\n\tTravail de plis textile cousu puis laitonn\u00e9 pour lui donner sa forme. Pi\u00e8ce cousue et mont\u00e9e \tsur un socle en m\u00e9tal poli. Num\u00e9rot\u00e9e.\nH 28 cm \/ longueur 21 cm \/ L 13 cm\n\u00a9virginieb\u00e9court\"\n               data-image-slug=\"20211209_151954\"\n               class=\"ngg-fancybox\" rel=\"6ad27df650f8c2052bf6cab3be87a780\">\n                <img\n                    title=\"Replis\"\n                    alt=\"Replis\"\n                    src=\"https:\/\/virginiebecourt.com\/wp-content\/gallery\/replis\/thumbs\/thumbs_20211209_151954.jpg\"\n                    width=\"240\"\n                    height=\"160\"\n                    style=\"max-width:100%;\"\n                \/>\n            <\/a>\n        <\/div>\n\t\t\t\t\t\t\t<\/div> \n\t\t\t\n\t\t\t\t<div id=\"ngg-image-4\" class=\"ngg-gallery-thumbnail-box \" >\n\t\t\t\t        <div class=\"ngg-gallery-thumbnail\">\n            <a href=\"https:\/\/virginiebecourt.com\/wp-content\/gallery\/replis\/20211209_152119.jpg\"\n               title=\"Apr\u00e8s un temps de sid\u00e9ration pendant le confinement, 3 sculptures sont n\u00e9es. Voici la premi\u00e8re REPLIS, : se confiner, se prot\u00e9ger et prot\u00e9ger les autres.\n\t&quot;Je suis all\u00e9e chercher l&#039;inspiration dans les profondeurs des volcans et dans les plis de la lave. \tUn bouillonnement int\u00e9rieur exprim\u00e9 aussi par le choix de la couleur, le noir une couleur forte \tpour moi qui suis plut\u00f4t timide...&quot;\n\tTravail de plis textile cousu puis laitonn\u00e9 pour lui donner sa forme. Pi\u00e8ce cousue et mont\u00e9e \tsur un socle en m\u00e9tal poli. Num\u00e9rot\u00e9e.\nH 28 cm \/ longueur 21 cm \/ L 13 cm\n\u00a9virginieb\u00e9court\"\n               data-src=\"https:\/\/virginiebecourt.com\/wp-content\/gallery\/replis\/20211209_152119.jpg\"\n               data-thumbnail=\"https:\/\/virginiebecourt.com\/wp-content\/gallery\/replis\/thumbs\/thumbs_20211209_152119.jpg\"\n               data-image-id=\"203\"\n               data-title=\"Replis\"\n               data-description=\"Apr\u00e8s un temps de sid\u00e9ration pendant le confinement, 3 sculptures sont n\u00e9es. Voici la premi\u00e8re REPLIS, : se confiner, se prot\u00e9ger et prot\u00e9ger les autres.\n\t&quot;Je suis all\u00e9e chercher l&#039;inspiration dans les profondeurs des volcans et dans les plis de la lave. \tUn bouillonnement int\u00e9rieur exprim\u00e9 aussi par le choix de la couleur, le noir une couleur forte \tpour moi qui suis plut\u00f4t timide...&quot;\n\tTravail de plis textile cousu puis laitonn\u00e9 pour lui donner sa forme. Pi\u00e8ce cousue et mont\u00e9e \tsur un socle en m\u00e9tal poli. Num\u00e9rot\u00e9e.\nH 28 cm \/ longueur 21 cm \/ L 13 cm\n\u00a9virginieb\u00e9court\"\n               data-image-slug=\"20211209_152119\"\n               class=\"ngg-fancybox\" rel=\"6ad27df650f8c2052bf6cab3be87a780\">\n                <img\n                    title=\"Replis\"\n                    alt=\"Replis\"\n                    src=\"https:\/\/virginiebecourt.com\/wp-content\/gallery\/replis\/thumbs\/thumbs_20211209_152119.jpg\"\n                    width=\"240\"\n                    height=\"160\"\n                    style=\"max-width:100%;\"\n                \/>\n            <\/a>\n        <\/div>\n\t\t\t\t\t\t\t<\/div> \n\t\t\t\n\t\t\t\t<div id=\"ngg-image-5\" class=\"ngg-gallery-thumbnail-box \" >\n\t\t\t\t        <div class=\"ngg-gallery-thumbnail\">\n            <a href=\"https:\/\/virginiebecourt.com\/wp-content\/gallery\/replis\/20211209_152644.jpg\"\n               title=\"Apr\u00e8s un temps de sid\u00e9ration pendant le confinement, 3 sculptures sont n\u00e9es. Voici la premi\u00e8re REPLIS, : se confiner, se prot\u00e9ger et prot\u00e9ger les autres.\n\t&quot;Je suis all\u00e9e chercher l&#039;inspiration dans les profondeurs des volcans et dans les plis de la lave. \tUn bouillonnement int\u00e9rieur exprim\u00e9 aussi par le choix de la couleur, le noir une couleur forte \tpour moi qui suis plut\u00f4t timide...&quot;\n\tTravail de plis textile cousu puis laitonn\u00e9 pour lui donner sa forme. Pi\u00e8ce cousue et mont\u00e9e \tsur un socle en m\u00e9tal poli. Num\u00e9rot\u00e9e.\nH 28 cm \/ longueur 21 cm \/ L 13 cm\n\u00a9virginieb\u00e9court\"\n               data-src=\"https:\/\/virginiebecourt.com\/wp-content\/gallery\/replis\/20211209_152644.jpg\"\n               data-thumbnail=\"https:\/\/virginiebecourt.com\/wp-content\/gallery\/replis\/thumbs\/thumbs_20211209_152644.jpg\"\n               data-image-id=\"207\"\n               data-title=\"Replis\"\n               data-description=\"Apr\u00e8s un temps de sid\u00e9ration pendant le confinement, 3 sculptures sont n\u00e9es. Voici la premi\u00e8re REPLIS, : se confiner, se prot\u00e9ger et prot\u00e9ger les autres.\n\t&quot;Je suis all\u00e9e chercher l&#039;inspiration dans les profondeurs des volcans et dans les plis de la lave. \tUn bouillonnement int\u00e9rieur exprim\u00e9 aussi par le choix de la couleur, le noir une couleur forte \tpour moi qui suis plut\u00f4t timide...&quot;\n\tTravail de plis textile cousu puis laitonn\u00e9 pour lui donner sa forme. Pi\u00e8ce cousue et mont\u00e9e \tsur un socle en m\u00e9tal poli. Num\u00e9rot\u00e9e.\nH 28 cm \/ longueur 21 cm \/ L 13 cm\n\u00a9virginieb\u00e9court\"\n               data-image-slug=\"20211209_152644\"\n               class=\"ngg-fancybox\" rel=\"6ad27df650f8c2052bf6cab3be87a780\">\n                <img\n                    title=\"Replis\"\n                    alt=\"Replis\"\n                    src=\"https:\/\/virginiebecourt.com\/wp-content\/gallery\/replis\/thumbs\/thumbs_20211209_152644.jpg\"\n                    width=\"240\"\n                    height=\"160\"\n                    style=\"max-width:100%;\"\n                \/>\n            <\/a>\n        <\/div>\n\t\t\t\t\t\t\t<\/div> \n\t\t\t\n\t\n\t<br style=\"clear: both\" \/>\n\n\t\n\t\t<!-- Pagination -->\n\t<div class='ngg-clear'><\/div>\t<\/div>\n\n\n\n\n<h3 class=\"has-text-align-center wp-block-heading\">Vague Corallium<\/h3>\n\n\n\n<!-- default-view.php -->\n<div\n\tclass=\"ngg-galleryoverview default-view \"\n\tid=\"ngg-gallery-819840e84697fad99fb4ad89d8342059-1\">\n\n\t\t<!-- Thumbnails -->\n\t\t\t\t<div id=\"ngg-image-0\" class=\"ngg-gallery-thumbnail-box \" >\n\t\t\t\t        <div class=\"ngg-gallery-thumbnail\">\n            <a href=\"https:\/\/virginiebecourt.com\/wp-content\/gallery\/vague-corallium\/Vague-Corallium-255.jpg-site-1.jpg\"\n               title=\"&quot;J\u2019aime l\u2019id\u00e9e de cr\u00e9er un microcosme dans lequel on peut se  balader et se perdre\u2026 &quot;\nLe textile m\u2019emm\u00e8ne toujours vers   l&#039;organique\u2026.\nJe prends conscience que le m\u00e9tal me sert de colonne vert\u00e9brale.\n\n Cette sculpture est \u00e0 poser.  Travail de plis textile cousu point par point. Pi\u00e8ce mont\u00e9e et cousue ensuite sur une colonne vert\u00e9brale et des tiges de m\u00e9tal. La base est en m\u00e9tal, soulign\u00e9e de ch\u00eane en retrait. Num\u00e9rot\u00e9e et sign\u00e9e au dos.\nL  74.5 cm   x l.  14 cm \nH 14  cm\n\u00a9stephanedurieu\"\n               data-src=\"https:\/\/virginiebecourt.com\/wp-content\/gallery\/vague-corallium\/Vague-Corallium-255.jpg-site-1.jpg\"\n               data-thumbnail=\"https:\/\/virginiebecourt.com\/wp-content\/gallery\/vague-corallium\/thumbs\/thumbs_Vague-Corallium-255.jpg-site-1.jpg\"\n               data-image-id=\"69\"\n               data-title=\"Vague Corallium\"\n               data-description=\"&quot;J\u2019aime l\u2019id\u00e9e de cr\u00e9er un microcosme dans lequel on peut se  balader et se perdre\u2026 &quot;\nLe textile m\u2019emm\u00e8ne toujours vers   l&#039;organique\u2026.\nJe prends conscience que le m\u00e9tal me sert de colonne vert\u00e9brale.\n\n Cette sculpture est \u00e0 poser.  Travail de plis textile cousu point par point. Pi\u00e8ce mont\u00e9e et cousue ensuite sur une colonne vert\u00e9brale et des tiges de m\u00e9tal. La base est en m\u00e9tal, soulign\u00e9e de ch\u00eane en retrait. Num\u00e9rot\u00e9e et sign\u00e9e au dos.\nL  74.5 cm   x l.  14 cm \nH 14  cm\n\u00a9stephanedurieu\"\n               data-image-slug=\"vague-corallium-255-jpg-site-1\"\n               class=\"ngg-fancybox\" rel=\"819840e84697fad99fb4ad89d8342059\">\n                <img\n                    title=\"Vague Corallium\"\n                    alt=\"Vague Corallium\"\n                    src=\"https:\/\/virginiebecourt.com\/wp-content\/gallery\/vague-corallium\/thumbs\/thumbs_Vague-Corallium-255.jpg-site-1.jpg\"\n                    width=\"240\"\n                    height=\"160\"\n                    style=\"max-width:100%;\"\n                \/>\n            <\/a>\n        <\/div>\n\t\t\t\t\t\t\t<\/div> \n\t\t\t\n\t\t\t\t<div id=\"ngg-image-1\" class=\"ngg-gallery-thumbnail-box \" >\n\t\t\t\t        <div class=\"ngg-gallery-thumbnail\">\n            <a href=\"https:\/\/virginiebecourt.com\/wp-content\/gallery\/vague-corallium\/Vague-Corallium-314.jpg-site-3.jpg\"\n               title=\"&quot;J\u2019aime l\u2019id\u00e9e de cr\u00e9er un microcosme dans lequel on peut se  balader et se perdre\u2026 &quot;\nLe textile m\u2019emm\u00e8ne toujours vers   l&#039;organique\u2026.\nJe prends conscience que le m\u00e9tal me sert de colonne vert\u00e9brale.\n\n Cette sculpture est \u00e0 poser.  Travail de plis textile cousu point par point. Pi\u00e8ce mont\u00e9e et cousue ensuite sur une colonne vert\u00e9brale et des tiges de m\u00e9tal. La base est en m\u00e9tal, soulign\u00e9e de ch\u00eane en retrait. Num\u00e9rot\u00e9e et sign\u00e9e au dos.\nL  74.5 cm   x l.  14 cm \nH 14  cm\n\u00a9stephanedurieu\"\n               data-src=\"https:\/\/virginiebecourt.com\/wp-content\/gallery\/vague-corallium\/Vague-Corallium-314.jpg-site-3.jpg\"\n               data-thumbnail=\"https:\/\/virginiebecourt.com\/wp-content\/gallery\/vague-corallium\/thumbs\/thumbs_Vague-Corallium-314.jpg-site-3.jpg\"\n               data-image-id=\"70\"\n               data-title=\"Vague Corallium\"\n               data-description=\"&quot;J\u2019aime l\u2019id\u00e9e de cr\u00e9er un microcosme dans lequel on peut se  balader et se perdre\u2026 &quot;\nLe textile m\u2019emm\u00e8ne toujours vers   l&#039;organique\u2026.\nJe prends conscience que le m\u00e9tal me sert de colonne vert\u00e9brale.\n\n Cette sculpture est \u00e0 poser.  Travail de plis textile cousu point par point. Pi\u00e8ce mont\u00e9e et cousue ensuite sur une colonne vert\u00e9brale et des tiges de m\u00e9tal. La base est en m\u00e9tal, soulign\u00e9e de ch\u00eane en retrait. Num\u00e9rot\u00e9e et sign\u00e9e au dos.\nL  74.5 cm   x l.  14 cm \nH 14  cm\n\u00a9stephanedurieu\"\n               data-image-slug=\"vague-corallium-314-jpg-site-3\"\n               class=\"ngg-fancybox\" rel=\"819840e84697fad99fb4ad89d8342059\">\n                <img\n                    title=\"Vague Corallium\"\n                    alt=\"Vague Corallium\"\n                    src=\"https:\/\/virginiebecourt.com\/wp-content\/gallery\/vague-corallium\/thumbs\/thumbs_Vague-Corallium-314.jpg-site-3.jpg\"\n                    width=\"240\"\n                    height=\"160\"\n                    style=\"max-width:100%;\"\n                \/>\n            <\/a>\n        <\/div>\n\t\t\t\t\t\t\t<\/div> \n\t\t\t\n\t\t\t\t<div id=\"ngg-image-2\" class=\"ngg-gallery-thumbnail-box \" >\n\t\t\t\t        <div class=\"ngg-gallery-thumbnail\">\n            <a href=\"https:\/\/virginiebecourt.com\/wp-content\/gallery\/vague-corallium\/Vague-Corallium-318.jpg-site-4.jpg\"\n               title=\"&quot;J\u2019aime l\u2019id\u00e9e de cr\u00e9er un microcosme dans lequel on peut se  balader et se perdre\u2026 &quot;\nLe textile m\u2019emm\u00e8ne toujours vers   l&#039;organique\u2026.\nJe prends conscience que le m\u00e9tal me sert de colonne vert\u00e9brale.\n\n Cette sculpture est \u00e0 poser.  Travail de plis textile cousu point par point. Pi\u00e8ce mont\u00e9e et cousue ensuite sur une colonne vert\u00e9brale et des tiges de m\u00e9tal. La base est en m\u00e9tal, soulign\u00e9e de ch\u00eane en retrait. Num\u00e9rot\u00e9e et sign\u00e9e au dos.\nL  74.5 cm   x l.  14 cm \nH 14  cm\n\u00a9stephanedurieu\"\n               data-src=\"https:\/\/virginiebecourt.com\/wp-content\/gallery\/vague-corallium\/Vague-Corallium-318.jpg-site-4.jpg\"\n               data-thumbnail=\"https:\/\/virginiebecourt.com\/wp-content\/gallery\/vague-corallium\/thumbs\/thumbs_Vague-Corallium-318.jpg-site-4.jpg\"\n               data-image-id=\"71\"\n               data-title=\"Vague Corallium\"\n               data-description=\"&quot;J\u2019aime l\u2019id\u00e9e de cr\u00e9er un microcosme dans lequel on peut se  balader et se perdre\u2026 &quot;\nLe textile m\u2019emm\u00e8ne toujours vers   l&#039;organique\u2026.\nJe prends conscience que le m\u00e9tal me sert de colonne vert\u00e9brale.\n\n Cette sculpture est \u00e0 poser.  Travail de plis textile cousu point par point. Pi\u00e8ce mont\u00e9e et cousue ensuite sur une colonne vert\u00e9brale et des tiges de m\u00e9tal. La base est en m\u00e9tal, soulign\u00e9e de ch\u00eane en retrait. Num\u00e9rot\u00e9e et sign\u00e9e au dos.\nL  74.5 cm   x l.  14 cm \nH 14  cm\n\u00a9stephanedurieu\"\n               data-image-slug=\"vague-corallium-318-jpg-site-4\"\n               class=\"ngg-fancybox\" rel=\"819840e84697fad99fb4ad89d8342059\">\n                <img\n                    title=\"Vague Corallium\"\n                    alt=\"Vague Corallium\"\n                    src=\"https:\/\/virginiebecourt.com\/wp-content\/gallery\/vague-corallium\/thumbs\/thumbs_Vague-Corallium-318.jpg-site-4.jpg\"\n                    width=\"240\"\n                    height=\"160\"\n                    style=\"max-width:100%;\"\n                \/>\n            <\/a>\n        <\/div>\n\t\t\t\t\t\t\t<\/div> \n\t\t\t\n\t\t\t\t<div id=\"ngg-image-3\" class=\"ngg-gallery-thumbnail-box \" >\n\t\t\t\t        <div class=\"ngg-gallery-thumbnail\">\n            <a href=\"https:\/\/virginiebecourt.com\/wp-content\/gallery\/vague-corallium\/Vague-Corallium-303.jpg-site-2.jpg\"\n               title=\"&quot;J\u2019aime l\u2019id\u00e9e de cr\u00e9er un microcosme dans lequel on peut se  balader et se perdre\u2026 &quot;\nLe textile m\u2019emm\u00e8ne toujours vers   l&#039;organique\u2026.\nJe prends conscience que le m\u00e9tal me sert de colonne vert\u00e9brale.\n\n Cette sculpture est \u00e0 poser.  Travail de plis textile cousu point par point. Pi\u00e8ce mont\u00e9e et cousue ensuite sur une colonne vert\u00e9brale et des tiges de m\u00e9tal. La base est en m\u00e9tal, soulign\u00e9e de ch\u00eane en retrait. Num\u00e9rot\u00e9e et sign\u00e9e au dos.\nL  74.5 cm   x l.  14 cm \nH 14  cm\n\u00a9stephanedurieu\"\n               data-src=\"https:\/\/virginiebecourt.com\/wp-content\/gallery\/vague-corallium\/Vague-Corallium-303.jpg-site-2.jpg\"\n               data-thumbnail=\"https:\/\/virginiebecourt.com\/wp-content\/gallery\/vague-corallium\/thumbs\/thumbs_Vague-Corallium-303.jpg-site-2.jpg\"\n               data-image-id=\"72\"\n               data-title=\"Vague Corallium\"\n               data-description=\"&quot;J\u2019aime l\u2019id\u00e9e de cr\u00e9er un microcosme dans lequel on peut se  balader et se perdre\u2026 &quot;\nLe textile m\u2019emm\u00e8ne toujours vers   l&#039;organique\u2026.\nJe prends conscience que le m\u00e9tal me sert de colonne vert\u00e9brale.\n\n Cette sculpture est \u00e0 poser.  Travail de plis textile cousu point par point. Pi\u00e8ce mont\u00e9e et cousue ensuite sur une colonne vert\u00e9brale et des tiges de m\u00e9tal. La base est en m\u00e9tal, soulign\u00e9e de ch\u00eane en retrait. Num\u00e9rot\u00e9e et sign\u00e9e au dos.\nL  74.5 cm   x l.  14 cm \nH 14  cm\n\u00a9stephanedurieu\"\n               data-image-slug=\"vague-corallium-303-jpg-site-2\"\n               class=\"ngg-fancybox\" rel=\"819840e84697fad99fb4ad89d8342059\">\n                <img\n                    title=\"Vague Corallium\"\n                    alt=\"Vague Corallium\"\n                    src=\"https:\/\/virginiebecourt.com\/wp-content\/gallery\/vague-corallium\/thumbs\/thumbs_Vague-Corallium-303.jpg-site-2.jpg\"\n                    width=\"240\"\n                    height=\"160\"\n                    style=\"max-width:100%;\"\n                \/>\n            <\/a>\n        <\/div>\n\t\t\t\t\t\t\t<\/div> \n\t\t\t\n\t\n\t<br style=\"clear: both\" \/>\n\n\t\n\t\t<!-- Pagination -->\n\t<div class='ngg-clear'><\/div>\t<\/div>\n\n\n\n\n<p class=\"has-text-align-center\">F\u00e9minin I<\/p>\n\n\n\n<!-- default-view.php -->\n<div\n\tclass=\"ngg-galleryoverview default-view \"\n\tid=\"ngg-gallery-f1bd142f3de187867e087ba73173696e-1\">\n\n\t\t<!-- Thumbnails -->\n\t\t\t\t<div id=\"ngg-image-0\" class=\"ngg-gallery-thumbnail-box \" >\n\t\t\t\t        <div class=\"ngg-gallery-thumbnail\">\n            <a href=\"https:\/\/virginiebecourt.com\/wp-content\/gallery\/feminin-i-1\/20221011_104502.jpg\"\n               title=\"Partir d&#039;une pi\u00e8ce de deuxi\u00e8me main pour lui donner une autre vie.\nElle \u00e9tait abim\u00e9e, effiloch\u00e9e, d\u00e9coup\u00e9e, tach\u00e9e et utiliser son histoire et  ses contraintes pour mettre en valeur le f\u00e9minin.\nMorceaux de dentelles en fils de coton.\nLa pi\u00e8ce est cousue sur un support en m\u00e9tal vernis.\nH. 43 cm \/ L. 33 cm\n\u00a9virginieb\u00e9court\"\n               data-src=\"https:\/\/virginiebecourt.com\/wp-content\/gallery\/feminin-i-1\/20221011_104502.jpg\"\n               data-thumbnail=\"https:\/\/virginiebecourt.com\/wp-content\/gallery\/feminin-i-1\/thumbs\/thumbs_20221011_104502.jpg\"\n               data-image-id=\"298\"\n               data-title=\"F\u00e9minin I\"\n               data-description=\"Partir d&#039;une pi\u00e8ce de deuxi\u00e8me main pour lui donner une autre vie.\nElle \u00e9tait abim\u00e9e, effiloch\u00e9e, d\u00e9coup\u00e9e, tach\u00e9e et utiliser son histoire et  ses contraintes pour mettre en valeur le f\u00e9minin.\nMorceaux de dentelles en fils de coton.\nLa pi\u00e8ce est cousue sur un support en m\u00e9tal vernis.\nH. 43 cm \/ L. 33 cm\n\u00a9virginieb\u00e9court\"\n               data-image-slug=\"20221011_104502\"\n               class=\"ngg-fancybox\" rel=\"f1bd142f3de187867e087ba73173696e\">\n                <img\n                    title=\"F\u00e9minin I\"\n                    alt=\"F\u00e9minin I\"\n                    src=\"https:\/\/virginiebecourt.com\/wp-content\/gallery\/feminin-i-1\/thumbs\/thumbs_20221011_104502.jpg\"\n                    width=\"240\"\n                    height=\"160\"\n                    style=\"max-width:100%;\"\n                \/>\n            <\/a>\n        <\/div>\n\t\t\t\t\t\t\t<\/div> \n\t\t\t\n\t\t\t\t<div id=\"ngg-image-1\" class=\"ngg-gallery-thumbnail-box \" >\n\t\t\t\t        <div class=\"ngg-gallery-thumbnail\">\n            <a href=\"https:\/\/virginiebecourt.com\/wp-content\/gallery\/feminin-i-1\/20221011_104348.jpg\"\n               title=\"Partir d&#039;une pi\u00e8ce de deuxi\u00e8me main pour lui donner une autre vie.\nElle \u00e9tait abim\u00e9e, effiloch\u00e9e, d\u00e9coup\u00e9e, tach\u00e9e et utiliser son histoire et  ses contraintes pour mettre en valeur le f\u00e9minin.\nMorceaux de dentelles en fils de coton.\nLa pi\u00e8ce est cousue sur un support en m\u00e9tal vernis.\nH. 43 cm \/ L. 33 cm\n\u00a9virginieb\u00e9court\"\n               data-src=\"https:\/\/virginiebecourt.com\/wp-content\/gallery\/feminin-i-1\/20221011_104348.jpg\"\n               data-thumbnail=\"https:\/\/virginiebecourt.com\/wp-content\/gallery\/feminin-i-1\/thumbs\/thumbs_20221011_104348.jpg\"\n               data-image-id=\"299\"\n               data-title=\"F\u00e9minin I\"\n               data-description=\"Partir d&#039;une pi\u00e8ce de deuxi\u00e8me main pour lui donner une autre vie.\nElle \u00e9tait abim\u00e9e, effiloch\u00e9e, d\u00e9coup\u00e9e, tach\u00e9e et utiliser son histoire et  ses contraintes pour mettre en valeur le f\u00e9minin.\nMorceaux de dentelles en fils de coton.\nLa pi\u00e8ce est cousue sur un support en m\u00e9tal vernis.\nH. 43 cm \/ L. 33 cm\n\u00a9virginieb\u00e9court\"\n               data-image-slug=\"20221011_104348\"\n               class=\"ngg-fancybox\" rel=\"f1bd142f3de187867e087ba73173696e\">\n                <img\n                    title=\"F\u00e9minin I\"\n                    alt=\"F\u00e9minin I\"\n                    src=\"https:\/\/virginiebecourt.com\/wp-content\/gallery\/feminin-i-1\/thumbs\/thumbs_20221011_104348.jpg\"\n                    width=\"240\"\n                    height=\"160\"\n                    style=\"max-width:100%;\"\n                \/>\n            <\/a>\n        <\/div>\n\t\t\t\t\t\t\t<\/div> \n\t\t\t\n\t\t\t\t<div id=\"ngg-image-2\" class=\"ngg-gallery-thumbnail-box \" >\n\t\t\t\t        <div class=\"ngg-gallery-thumbnail\">\n            <a href=\"https:\/\/virginiebecourt.com\/wp-content\/gallery\/feminin-i-1\/20221011_103209.jpg\"\n               title=\"Partir d&#039;une pi\u00e8ce de deuxi\u00e8me main pour lui donner une autre vie.\nElle \u00e9tait abim\u00e9e, effiloch\u00e9e, d\u00e9coup\u00e9e, tach\u00e9e et utiliser son histoire et  ses contraintes pour mettre en valeur le f\u00e9minin.\nMorceaux de dentelles en fils de coton.\nLa pi\u00e8ce est cousue sur un support en m\u00e9tal vernis.\nH. 43 cm \/ L. 33 cm\n\u00a9virginieb\u00e9court\"\n               data-src=\"https:\/\/virginiebecourt.com\/wp-content\/gallery\/feminin-i-1\/20221011_103209.jpg\"\n               data-thumbnail=\"https:\/\/virginiebecourt.com\/wp-content\/gallery\/feminin-i-1\/thumbs\/thumbs_20221011_103209.jpg\"\n               data-image-id=\"300\"\n               data-title=\"F\u00e9minin I\"\n               data-description=\"Partir d&#039;une pi\u00e8ce de deuxi\u00e8me main pour lui donner une autre vie.\nElle \u00e9tait abim\u00e9e, effiloch\u00e9e, d\u00e9coup\u00e9e, tach\u00e9e et utiliser son histoire et  ses contraintes pour mettre en valeur le f\u00e9minin.\nMorceaux de dentelles en fils de coton.\nLa pi\u00e8ce est cousue sur un support en m\u00e9tal vernis.\nH. 43 cm \/ L. 33 cm\n\u00a9virginieb\u00e9court\"\n               data-image-slug=\"20221011_103209\"\n               class=\"ngg-fancybox\" rel=\"f1bd142f3de187867e087ba73173696e\">\n                <img\n                    title=\"F\u00e9minin I\"\n                    alt=\"F\u00e9minin I\"\n                    src=\"https:\/\/virginiebecourt.com\/wp-content\/gallery\/feminin-i-1\/thumbs\/thumbs_20221011_103209.jpg\"\n                    width=\"240\"\n                    height=\"160\"\n                    style=\"max-width:100%;\"\n                \/>\n            <\/a>\n        <\/div>\n\t\t\t\t\t\t\t<\/div> \n\t\t\t\n\t\n\t<br style=\"clear: both\" \/>\n\n\t\n\t\t<!-- Pagination -->\n\t<div class='ngg-clear'><\/div>\t<\/div>\n\n\n\n\n<p class=\"has-text-align-center\">F\u00e9minin II<\/p>\n\n\n\n<!-- default-view.php -->\n<div\n\tclass=\"ngg-galleryoverview default-view \"\n\tid=\"ngg-gallery-b4564b7260136466d00f07246c0ed916-1\">\n\n\t\t<!-- Thumbnails -->\n\t\t\t\t<div id=\"ngg-image-0\" class=\"ngg-gallery-thumbnail-box \" >\n\t\t\t\t        <div class=\"ngg-gallery-thumbnail\">\n            <a href=\"https:\/\/virginiebecourt.com\/wp-content\/gallery\/feminin-ii\/20221011_101112.jpg\"\n               title=\"Partir d&#039;une pi\u00e8ce de deuxi\u00e8me main pour lui donner une autre vie.\nElle \u00e9tait abim\u00e9e, effiloch\u00e9e, d\u00e9coup\u00e9e, tach\u00e9e et utiliser ses contraintes pour  mettre en valeur le f\u00e9minin.\nMorceaux de dentelles en fils de coton.\nLa pi\u00e8ce est cousue sur un support en m\u00e9tal vernis.\nH. 33 cm \/ L. 23 cm\n\u00a9virginieb\u00e9court\"\n               data-src=\"https:\/\/virginiebecourt.com\/wp-content\/gallery\/feminin-ii\/20221011_101112.jpg\"\n               data-thumbnail=\"https:\/\/virginiebecourt.com\/wp-content\/gallery\/feminin-ii\/thumbs\/thumbs_20221011_101112.jpg\"\n               data-image-id=\"301\"\n               data-title=\"F\u00e9minin II\"\n               data-description=\"Partir d&#039;une pi\u00e8ce de deuxi\u00e8me main pour lui donner une autre vie.\nElle \u00e9tait abim\u00e9e, effiloch\u00e9e, d\u00e9coup\u00e9e, tach\u00e9e et utiliser ses contraintes pour  mettre en valeur le f\u00e9minin.\nMorceaux de dentelles en fils de coton.\nLa pi\u00e8ce est cousue sur un support en m\u00e9tal vernis.\nH. 33 cm \/ L. 23 cm\n\u00a9virginieb\u00e9court\"\n               data-image-slug=\"20221011_101112\"\n               class=\"ngg-fancybox\" rel=\"b4564b7260136466d00f07246c0ed916\">\n                <img\n                    title=\"F\u00e9minin II\"\n                    alt=\"F\u00e9minin II\"\n                    src=\"https:\/\/virginiebecourt.com\/wp-content\/gallery\/feminin-ii\/thumbs\/thumbs_20221011_101112.jpg\"\n                    width=\"240\"\n                    height=\"160\"\n                    style=\"max-width:100%;\"\n                \/>\n            <\/a>\n        <\/div>\n\t\t\t\t\t\t\t<\/div> \n\t\t\t\n\t\t\t\t<div id=\"ngg-image-1\" class=\"ngg-gallery-thumbnail-box \" >\n\t\t\t\t        <div class=\"ngg-gallery-thumbnail\">\n            <a href=\"https:\/\/virginiebecourt.com\/wp-content\/gallery\/feminin-ii\/20221011_095113.jpg\"\n               title=\"Partir d&#039;une pi\u00e8ce de deuxi\u00e8me main pour lui donner une autre vie.\nElle \u00e9tait abim\u00e9e, effiloch\u00e9e, d\u00e9coup\u00e9e, tach\u00e9e et utiliser ses contraintes pour  mettre en valeur le f\u00e9minin.\nMorceaux de dentelles en fils de coton.\nLa pi\u00e8ce est cousue sur un support en m\u00e9tal vernis.\nH. 33 cm \/ L. 23 cm\n\u00a9virginieb\u00e9court\"\n               data-src=\"https:\/\/virginiebecourt.com\/wp-content\/gallery\/feminin-ii\/20221011_095113.jpg\"\n               data-thumbnail=\"https:\/\/virginiebecourt.com\/wp-content\/gallery\/feminin-ii\/thumbs\/thumbs_20221011_095113.jpg\"\n               data-image-id=\"302\"\n               data-title=\"F\u00e9minin II\"\n               data-description=\"Partir d&#039;une pi\u00e8ce de deuxi\u00e8me main pour lui donner une autre vie.\nElle \u00e9tait abim\u00e9e, effiloch\u00e9e, d\u00e9coup\u00e9e, tach\u00e9e et utiliser ses contraintes pour  mettre en valeur le f\u00e9minin.\nMorceaux de dentelles en fils de coton.\nLa pi\u00e8ce est cousue sur un support en m\u00e9tal vernis.\nH. 33 cm \/ L. 23 cm\n\u00a9virginieb\u00e9court\"\n               data-image-slug=\"20221011_095113\"\n               class=\"ngg-fancybox\" rel=\"b4564b7260136466d00f07246c0ed916\">\n                <img\n                    title=\"F\u00e9minin II\"\n                    alt=\"F\u00e9minin II\"\n                    src=\"https:\/\/virginiebecourt.com\/wp-content\/gallery\/feminin-ii\/thumbs\/thumbs_20221011_095113.jpg\"\n                    width=\"240\"\n                    height=\"160\"\n                    style=\"max-width:100%;\"\n                \/>\n            <\/a>\n        <\/div>\n\t\t\t\t\t\t\t<\/div> \n\t\t\t\n\t\t\t\t<div id=\"ngg-image-2\" class=\"ngg-gallery-thumbnail-box \" >\n\t\t\t\t        <div class=\"ngg-gallery-thumbnail\">\n            <a href=\"https:\/\/virginiebecourt.com\/wp-content\/gallery\/feminin-ii\/20221011_095015.jpg\"\n               title=\"Partir d&#039;une pi\u00e8ce de deuxi\u00e8me main pour lui donner une autre vie.\nElle \u00e9tait abim\u00e9e, effiloch\u00e9e, d\u00e9coup\u00e9e, tach\u00e9e et utiliser ses contraintes pour  mettre en valeur le f\u00e9minin.\nMorceaux de dentelles en fils de coton.\nLa pi\u00e8ce est cousue sur un support en m\u00e9tal vernis.\nH. 33 cm \/ L. 23 cm\n\u00a9virginieb\u00e9court\"\n               data-src=\"https:\/\/virginiebecourt.com\/wp-content\/gallery\/feminin-ii\/20221011_095015.jpg\"\n               data-thumbnail=\"https:\/\/virginiebecourt.com\/wp-content\/gallery\/feminin-ii\/thumbs\/thumbs_20221011_095015.jpg\"\n               data-image-id=\"303\"\n               data-title=\"F\u00e9minin II\"\n               data-description=\"Partir d&#039;une pi\u00e8ce de deuxi\u00e8me main pour lui donner une autre vie.\nElle \u00e9tait abim\u00e9e, effiloch\u00e9e, d\u00e9coup\u00e9e, tach\u00e9e et utiliser ses contraintes pour  mettre en valeur le f\u00e9minin.\nMorceaux de dentelles en fils de coton.\nLa pi\u00e8ce est cousue sur un support en m\u00e9tal vernis.\nH. 33 cm \/ L. 23 cm\n\u00a9virginieb\u00e9court\"\n               data-image-slug=\"20221011_095015\"\n               class=\"ngg-fancybox\" rel=\"b4564b7260136466d00f07246c0ed916\">\n                <img\n                    title=\"F\u00e9minin II\"\n                    alt=\"F\u00e9minin II\"\n                    src=\"https:\/\/virginiebecourt.com\/wp-content\/gallery\/feminin-ii\/thumbs\/thumbs_20221011_095015.jpg\"\n                    width=\"240\"\n                    height=\"160\"\n                    style=\"max-width:100%;\"\n                \/>\n            <\/a>\n        <\/div>\n\t\t\t\t\t\t\t<\/div> \n\t\t\t\n\t\n\t<br style=\"clear: both\" \/>\n\n\t\n\t\t<!-- Pagination -->\n\t<div class='ngg-clear'><\/div>\t<\/div>\n\n\n\n\n<h3 class=\"has-text-align-center wp-block-heading\">Gorgonia (Adopt\u00e9)<\/h3>\n\n\n\n<!-- default-view.php -->\n<div\n\tclass=\"ngg-galleryoverview default-view \"\n\tid=\"ngg-gallery-8ed858ee5c21b7aa59ee0ce51684b926-1\">\n\n\t\t<!-- Thumbnails -->\n\t\t\t\t<div id=\"ngg-image-0\" class=\"ngg-gallery-thumbnail-box \" >\n\t\t\t\t        <div class=\"ngg-gallery-thumbnail\">\n            <a href=\"https:\/\/virginiebecourt.com\/wp-content\/gallery\/gorgonia\/Gorgonia-276.jpg-site-2.jpg\"\n               title=\"Travail de plis de sisal cousu et moul\u00e9.\nPi\u00e8ce mont\u00e9e et cousue sur tiges de m\u00e9tal travaill\u00e9es \u00e0 la forge. \nSculpture \u00e0 poser. \nL 43 cm x l.  43 cm. H 19 cm\n\u00a9stephanedurieu\"\n               data-src=\"https:\/\/virginiebecourt.com\/wp-content\/gallery\/gorgonia\/Gorgonia-276.jpg-site-2.jpg\"\n               data-thumbnail=\"https:\/\/virginiebecourt.com\/wp-content\/gallery\/gorgonia\/thumbs\/thumbs_Gorgonia-276.jpg-site-2.jpg\"\n               data-image-id=\"73\"\n               data-title=\"Gorgonia\"\n               data-description=\"Travail de plis de sisal cousu et moul\u00e9.\nPi\u00e8ce mont\u00e9e et cousue sur tiges de m\u00e9tal travaill\u00e9es \u00e0 la forge. \nSculpture \u00e0 poser. \nL 43 cm x l.  43 cm. H 19 cm\n\u00a9stephanedurieu\"\n               data-image-slug=\"gorgonia-276-jpg-site-2\"\n               class=\"ngg-fancybox\" rel=\"8ed858ee5c21b7aa59ee0ce51684b926\">\n                <img\n                    title=\"Gorgonia\"\n                    alt=\"Gorgonia\"\n                    src=\"https:\/\/virginiebecourt.com\/wp-content\/gallery\/gorgonia\/thumbs\/thumbs_Gorgonia-276.jpg-site-2.jpg\"\n                    width=\"240\"\n                    height=\"160\"\n                    style=\"max-width:100%;\"\n                \/>\n            <\/a>\n        <\/div>\n\t\t\t\t\t\t\t<\/div> \n\t\t\t\n\t\t\t\t<div id=\"ngg-image-1\" class=\"ngg-gallery-thumbnail-box \" >\n\t\t\t\t        <div class=\"ngg-gallery-thumbnail\">\n            <a href=\"https:\/\/virginiebecourt.com\/wp-content\/gallery\/gorgonia\/Gorgonia-283.jpg-site-3.jpg\"\n               title=\"Travail de plis de sisal cousu et moul\u00e9.\nPi\u00e8ce mont\u00e9e et cousue sur tiges de m\u00e9tal travaill\u00e9es \u00e0 la forge. \nSculpture \u00e0 poser. \nL 43 cm x l.  43 cm. H 19 cm\n\u00a9stephanedurieu\"\n               data-src=\"https:\/\/virginiebecourt.com\/wp-content\/gallery\/gorgonia\/Gorgonia-283.jpg-site-3.jpg\"\n               data-thumbnail=\"https:\/\/virginiebecourt.com\/wp-content\/gallery\/gorgonia\/thumbs\/thumbs_Gorgonia-283.jpg-site-3.jpg\"\n               data-image-id=\"74\"\n               data-title=\"Gorgonia\"\n               data-description=\"Travail de plis de sisal cousu et moul\u00e9.\nPi\u00e8ce mont\u00e9e et cousue sur tiges de m\u00e9tal travaill\u00e9es \u00e0 la forge. \nSculpture \u00e0 poser. \nL 43 cm x l.  43 cm. H 19 cm\n\u00a9stephanedurieu\"\n               data-image-slug=\"gorgonia-283-jpg-site-3\"\n               class=\"ngg-fancybox\" rel=\"8ed858ee5c21b7aa59ee0ce51684b926\">\n                <img\n                    title=\"Gorgonia\"\n                    alt=\"Gorgonia\"\n                    src=\"https:\/\/virginiebecourt.com\/wp-content\/gallery\/gorgonia\/thumbs\/thumbs_Gorgonia-283.jpg-site-3.jpg\"\n                    width=\"240\"\n                    height=\"160\"\n                    style=\"max-width:100%;\"\n                \/>\n            <\/a>\n        <\/div>\n\t\t\t\t\t\t\t<\/div> \n\t\t\t\n\t\t\t\t<div id=\"ngg-image-2\" class=\"ngg-gallery-thumbnail-box \" >\n\t\t\t\t        <div class=\"ngg-gallery-thumbnail\">\n            <a href=\"https:\/\/virginiebecourt.com\/wp-content\/gallery\/gorgonia\/Gorgonia-273.jpg-site-1.jpg\"\n               title=\"Travail de plis de sisal cousu et moul\u00e9.\nPi\u00e8ce mont\u00e9e et cousue sur tiges de m\u00e9tal travaill\u00e9es \u00e0 la forge. \nSculpture \u00e0 poser. \nL 43 cm x l.  43 cm. H 19 cm\n\u00a9stephanedurieu\"\n               data-src=\"https:\/\/virginiebecourt.com\/wp-content\/gallery\/gorgonia\/Gorgonia-273.jpg-site-1.jpg\"\n               data-thumbnail=\"https:\/\/virginiebecourt.com\/wp-content\/gallery\/gorgonia\/thumbs\/thumbs_Gorgonia-273.jpg-site-1.jpg\"\n               data-image-id=\"75\"\n               data-title=\"Gorgonia\"\n               data-description=\"Travail de plis de sisal cousu et moul\u00e9.\nPi\u00e8ce mont\u00e9e et cousue sur tiges de m\u00e9tal travaill\u00e9es \u00e0 la forge. \nSculpture \u00e0 poser. \nL 43 cm x l.  43 cm. H 19 cm\n\u00a9stephanedurieu\"\n               data-image-slug=\"gorgonia-273-jpg-site-1\"\n               class=\"ngg-fancybox\" rel=\"8ed858ee5c21b7aa59ee0ce51684b926\">\n                <img\n                    title=\"Gorgonia\"\n                    alt=\"Gorgonia\"\n                    src=\"https:\/\/virginiebecourt.com\/wp-content\/gallery\/gorgonia\/thumbs\/thumbs_Gorgonia-273.jpg-site-1.jpg\"\n                    width=\"240\"\n                    height=\"160\"\n                    style=\"max-width:100%;\"\n                \/>\n            <\/a>\n        <\/div>\n\t\t\t\t\t\t\t<\/div> \n\t\t\t\n\t\t\t\t<div id=\"ngg-image-3\" class=\"ngg-gallery-thumbnail-box \" >\n\t\t\t\t        <div class=\"ngg-gallery-thumbnail\">\n            <a href=\"https:\/\/virginiebecourt.com\/wp-content\/gallery\/gorgonia\/Gorgonia-286.jpg-site-4.jpg\"\n               title=\"Travail de plis de sisal cousu et moul\u00e9.\nPi\u00e8ce mont\u00e9e et cousue sur tiges de m\u00e9tal travaill\u00e9es \u00e0 la forge. \nSculpture \u00e0 poser. \nL 43 cm x l.  43 cm. H 19 cm\n\u00a9stephanedurieu\"\n               data-src=\"https:\/\/virginiebecourt.com\/wp-content\/gallery\/gorgonia\/Gorgonia-286.jpg-site-4.jpg\"\n               data-thumbnail=\"https:\/\/virginiebecourt.com\/wp-content\/gallery\/gorgonia\/thumbs\/thumbs_Gorgonia-286.jpg-site-4.jpg\"\n               data-image-id=\"76\"\n               data-title=\"Gorgonia\"\n               data-description=\"Travail de plis de sisal cousu et moul\u00e9.\nPi\u00e8ce mont\u00e9e et cousue sur tiges de m\u00e9tal travaill\u00e9es \u00e0 la forge. \nSculpture \u00e0 poser. \nL 43 cm x l.  43 cm. H 19 cm\n\u00a9stephanedurieu\"\n               data-image-slug=\"gorgonia-286-jpg-site-4\"\n               class=\"ngg-fancybox\" rel=\"8ed858ee5c21b7aa59ee0ce51684b926\">\n                <img\n                    title=\"Gorgonia\"\n                    alt=\"Gorgonia\"\n                    src=\"https:\/\/virginiebecourt.com\/wp-content\/gallery\/gorgonia\/thumbs\/thumbs_Gorgonia-286.jpg-site-4.jpg\"\n                    width=\"240\"\n                    height=\"160\"\n                    style=\"max-width:100%;\"\n                \/>\n            <\/a>\n        <\/div>\n\t\t\t\t\t\t\t<\/div> \n\t\t\t\n\t\n\t<br style=\"clear: both\" \/>\n\n\t\n\t\t<!-- Pagination -->\n\t<div class='ngg-clear'><\/div>\t<\/div>\n\n\n\n\n<h3 class=\"has-text-align-center wp-block-heading\">\u00ab\u00a0Prise de t\u00eate\u00a0\u00bb<\/h3>\n\n\n\n<!-- default-view.php -->\n<div\n\tclass=\"ngg-galleryoverview default-view \"\n\tid=\"ngg-gallery-66fd272cb0312678d539d0e7bfb5da55-1\">\n\n\t\t<!-- Thumbnails -->\n\t\t\t\t<div id=\"ngg-image-0\" class=\"ngg-gallery-thumbnail-box \" >\n\t\t\t\t        <div class=\"ngg-gallery-thumbnail\">\n            <a href=\"https:\/\/virginiebecourt.com\/wp-content\/gallery\/prise-de-tete\/Prise-de-t%C3%AAte-2.jpg\"\n               title=\"Sculpture laur\u00e9ate du concours &quot;Cr\u00e9ation&quot; 2018 d&#039; Ateliers d&#039;art de France pour la r\u00e9gion Iles de France.\n\nCes mains m&#039;ont permise de me d\u00e9couvrir. Ces mains pleines d&#039;espoirs se rejoignent et font lien avec la t\u00eate ; C&#039;est un dialogue entre les mains, la mati\u00e8re et les \u00e9motions.\n\nTravail  de plis textile, rebrod\u00e9 au fil d&#039;or.\nBase en moulage de tendu de tissu laitonn\u00e9.\n\u00a9virginieb\u00e9court\"\n               data-src=\"https:\/\/virginiebecourt.com\/wp-content\/gallery\/prise-de-tete\/Prise-de-t%C3%AAte-2.jpg\"\n               data-thumbnail=\"https:\/\/virginiebecourt.com\/wp-content\/gallery\/prise-de-tete\/thumbs\/thumbs_Prise-de-t%C3%AAte-2.jpg\"\n               data-image-id=\"45\"\n               data-title=\"Prise-de-t\u00eate\"\n               data-description=\"Sculpture laur\u00e9ate du concours &quot;Cr\u00e9ation&quot; 2018 d&#039; Ateliers d&#039;art de France pour la r\u00e9gion Iles de France.\n\nCes mains m&#039;ont permise de me d\u00e9couvrir. Ces mains pleines d&#039;espoirs se rejoignent et font lien avec la t\u00eate ; C&#039;est un dialogue entre les mains, la mati\u00e8re et les \u00e9motions.\n\nTravail  de plis textile, rebrod\u00e9 au fil d&#039;or.\nBase en moulage de tendu de tissu laitonn\u00e9.\n\u00a9virginieb\u00e9court\"\n               data-image-slug=\"prise-de-t%c3%aate-2\"\n               class=\"ngg-fancybox\" rel=\"66fd272cb0312678d539d0e7bfb5da55\">\n                <img\n                    title=\"Prise-de-t\u00eate\"\n                    alt=\"Prise-de-t\u00eate\"\n                    src=\"https:\/\/virginiebecourt.com\/wp-content\/gallery\/prise-de-tete\/thumbs\/thumbs_Prise-de-t%C3%AAte-2.jpg\"\n                    width=\"240\"\n                    height=\"160\"\n                    style=\"max-width:100%;\"\n                \/>\n            <\/a>\n        <\/div>\n\t\t\t\t\t\t\t<\/div> \n\t\t\t\n\t\t\t\t<div id=\"ngg-image-1\" class=\"ngg-gallery-thumbnail-box \" >\n\t\t\t\t        <div class=\"ngg-gallery-thumbnail\">\n            <a href=\"https:\/\/virginiebecourt.com\/wp-content\/gallery\/prise-de-tete\/Prise-de-t%C3%AAte-1.jpg\"\n               title=\"Sculpture laur\u00e9ate du concours &quot;Cr\u00e9ation&quot; 2018 d&#039; Ateliers d&#039;art de France pour la r\u00e9gion Iles de France. \n   \nCes mains m&#039;ont permise de me d\u00e9couvrir. Ces mains pleines d&#039;espoirs se rejoignent et font lien avec la t\u00eate ; C&#039;est un dialogue entre les mains, la mati\u00e8re et les \u00e9motions.\n\nTravail  de plis textile, rebrod\u00e9 au fil d&#039;or.\nBase en moulage de tendu de tissu laitonn\u00e9.\n\u00a9virginieb\u00e9court\"\n               data-src=\"https:\/\/virginiebecourt.com\/wp-content\/gallery\/prise-de-tete\/Prise-de-t%C3%AAte-1.jpg\"\n               data-thumbnail=\"https:\/\/virginiebecourt.com\/wp-content\/gallery\/prise-de-tete\/thumbs\/thumbs_Prise-de-t%C3%AAte-1.jpg\"\n               data-image-id=\"47\"\n               data-title=\"Prise-de-t\u00eate\"\n               data-description=\"Sculpture laur\u00e9ate du concours &quot;Cr\u00e9ation&quot; 2018 d&#039; Ateliers d&#039;art de France pour la r\u00e9gion Iles de France. \n   \nCes mains m&#039;ont permise de me d\u00e9couvrir. Ces mains pleines d&#039;espoirs se rejoignent et font lien avec la t\u00eate ; C&#039;est un dialogue entre les mains, la mati\u00e8re et les \u00e9motions.\n\nTravail  de plis textile, rebrod\u00e9 au fil d&#039;or.\nBase en moulage de tendu de tissu laitonn\u00e9.\n\u00a9virginieb\u00e9court\"\n               data-image-slug=\"prise-de-t%c3%aate-1\"\n               class=\"ngg-fancybox\" rel=\"66fd272cb0312678d539d0e7bfb5da55\">\n                <img\n                    title=\"Prise-de-t\u00eate\"\n                    alt=\"Prise-de-t\u00eate\"\n                    src=\"https:\/\/virginiebecourt.com\/wp-content\/gallery\/prise-de-tete\/thumbs\/thumbs_Prise-de-t%C3%AAte-1.jpg\"\n                    width=\"240\"\n                    height=\"160\"\n                    style=\"max-width:100%;\"\n                \/>\n            <\/a>\n        <\/div>\n\t\t\t\t\t\t\t<\/div> \n\t\t\t\n\t\t\t\t<div id=\"ngg-image-2\" class=\"ngg-gallery-thumbnail-box \" >\n\t\t\t\t        <div class=\"ngg-gallery-thumbnail\">\n            <a href=\"https:\/\/virginiebecourt.com\/wp-content\/gallery\/prise-de-tete\/Prise-de-t%C3%AAte-3.jpg\"\n               title=\"Sculpture laur\u00e9ate du concours &quot;Cr\u00e9ation&quot; 2018 d&#039; Ateliers d&#039;art de France pour la r\u00e9gion Iles de France.\n\nCes mains m&#039;ont permise de me d\u00e9couvrir. Ces mains pleines d&#039;espoirs se rejoignent et font lien avec la t\u00eate ; C&#039;est un dialogue entre les mains, la mati\u00e8re et les \u00e9motions.\n\nTravail  de plis textile, rebrod\u00e9 au fil d&#039;or.\nBase en moulage de tendu de tissu laitonn\u00e9.\n\u00a9virginieb\u00e9court\"\n               data-src=\"https:\/\/virginiebecourt.com\/wp-content\/gallery\/prise-de-tete\/Prise-de-t%C3%AAte-3.jpg\"\n               data-thumbnail=\"https:\/\/virginiebecourt.com\/wp-content\/gallery\/prise-de-tete\/thumbs\/thumbs_Prise-de-t%C3%AAte-3.jpg\"\n               data-image-id=\"48\"\n               data-title=\"Prise-de-t\u00eate\"\n               data-description=\"Sculpture laur\u00e9ate du concours &quot;Cr\u00e9ation&quot; 2018 d&#039; Ateliers d&#039;art de France pour la r\u00e9gion Iles de France.\n\nCes mains m&#039;ont permise de me d\u00e9couvrir. Ces mains pleines d&#039;espoirs se rejoignent et font lien avec la t\u00eate ; C&#039;est un dialogue entre les mains, la mati\u00e8re et les \u00e9motions.\n\nTravail  de plis textile, rebrod\u00e9 au fil d&#039;or.\nBase en moulage de tendu de tissu laitonn\u00e9.\n\u00a9virginieb\u00e9court\"\n               data-image-slug=\"prise-de-t%c3%aate-3\"\n               class=\"ngg-fancybox\" rel=\"66fd272cb0312678d539d0e7bfb5da55\">\n                <img\n                    title=\"Prise-de-t\u00eate\"\n                    alt=\"Prise-de-t\u00eate\"\n                    src=\"https:\/\/virginiebecourt.com\/wp-content\/gallery\/prise-de-tete\/thumbs\/thumbs_Prise-de-t%C3%AAte-3.jpg\"\n                    width=\"240\"\n                    height=\"160\"\n                    style=\"max-width:100%;\"\n                \/>\n            <\/a>\n        <\/div>\n\t\t\t\t\t\t\t<\/div> \n\t\t\t\n\t\n\t<br style=\"clear: both\" \/>\n\n\t\n\t\t<!-- Pagination -->\n\t<div class='ngg-clear'><\/div>\t<\/div>\n\n\n\n\n\n\n<p><\/p>\n","protected":false},"excerpt":{"rendered":"<p>H\u00eatre &#8211; Arbre de vie \u00c9corce \u00c9ponge Porcelaine Pierre ou la douceur forte Tourbillon Archa\u00efque Temp\u00eate Ab\u00eeme Pachys\u00e9ris Tr\u00e9sor, prendre soin \u2026 Refuge Comme un avion sans aile &#8230; Respiration &#8230; Replis&#8230; Vague Corallium F\u00e9minin I F\u00e9minin II Gorgonia (Adopt\u00e9) \u00ab\u00a0Prise de t\u00eate\u00a0\u00bb<\/p>\n","protected":false},"author":1,"featured_media":0,"parent":100,"menu_order":3,"comment_status":"closed","ping_status":"closed","template":"","meta":{"ngg_post_thumbnail":0,"footnotes":""},"class_list":["post-93","page","type-page","status-publish","hentry"],"_links":{"self":[{"href":"https:\/\/virginiebecourt.com\/index.php\/wp-json\/wp\/v2\/pages\/93","targetHints":{"allow":["GET"]}}],"collection":[{"href":"https:\/\/virginiebecourt.com\/index.php\/wp-json\/wp\/v2\/pages"}],"about":[{"href":"https:\/\/virginiebecourt.com\/index.php\/wp-json\/wp\/v2\/types\/page"}],"author":[{"embeddable":true,"href":"https:\/\/virginiebecourt.com\/index.php\/wp-json\/wp\/v2\/users\/1"}],"replies":[{"embeddable":true,"href":"https:\/\/virginiebecourt.com\/index.php\/wp-json\/wp\/v2\/comments?post=93"}],"version-history":[{"count":45,"href":"https:\/\/virginiebecourt.com\/index.php\/wp-json\/wp\/v2\/pages\/93\/revisions"}],"predecessor-version":[{"id":1499,"href":"https:\/\/virginiebecourt.com\/index.php\/wp-json\/wp\/v2\/pages\/93\/revisions\/1499"}],"up":[{"embeddable":true,"href":"https:\/\/virginiebecourt.com\/index.php\/wp-json\/wp\/v2\/pages\/100"}],"wp:attachment":[{"href":"https:\/\/virginiebecourt.com\/index.php\/wp-json\/wp\/v2\/media?parent=93"}],"curies":[{"name":"wp","href":"https:\/\/api.w.org\/{rel}","templated":true}]}}